{"id":694,"date":"2020-08-13T22:25:57","date_gmt":"2020-08-13T20:25:57","guid":{"rendered":"http:\/\/tovte.de\/?page_id=694"},"modified":"2026-03-27T11:33:59","modified_gmt":"2026-03-27T10:33:59","slug":"news","status":"publish","type":"page","link":"http:\/\/tovte.de\/en\/news\/","title":{"rendered":"News"},"content":{"rendered":"<p><strong>+++ NEWS: Unser neues Album CUMULUS erscheint am 19.06.2026 +++<\/strong><\/p>\n\n\n\n<figure class=\"wp-block-embed is-type-rich is-provider-handler-einbetten wp-block-embed-handler-einbetten wp-embed-aspect-16-9 wp-has-aspect-ratio\"><div class=\"wp-block-embed__wrapper\">\n<span class=\"embed-youtube\" style=\"text-align:center; display: block;\"><iframe class='youtube-player' width='720' height='405' src='https:\/\/www.youtube.com\/embed\/cP93gkYcFHw?version=3&#038;rel=1&#038;showsearch=0&#038;showinfo=1&#038;iv_load_policy=1&#038;fs=1&#038;hl=en-US&#038;autohide=2&#038;wmode=transparent' allowfullscreen='true' style='border:0;' sandbox='allow-scripts allow-same-origin allow-popups allow-presentation'><\/iframe><\/span>\n<\/div><\/figure>\n\n\n\n<p>Mit dem Album \u201cCumulus\u201d erhebt sich Tovte in neue musikalische Sph\u00e4ren. Eine aufquellende Wolke ballt Elemente aus Minimal und Jazz, aber auch \u2013 wie \u00fcblich bei Tovte \u2013 aus Klezmer- und Balkan-Anleihen. Viele der St\u00fccke sind durch gemeinsame Sessions entstanden und zeugen von einer neuen Herangehensweise in der Entwicklung eines gemeinsamen Sounds, der mehr Freiheit wagt und frischen Wind zul\u00e4sst. Wie das Wetter bleibt Tovtes Musik dabei stetig im Wandel und im Wesen unberechenbar, aber insgesamt \u2013 heiter bis wolkig. Das Album erschein am 19.06.2026<\/p>\n\n\n\n<p><strong>Tovte at <a href=\"https:\/\/www.alteoper.de\/de\/programm\/fratopia\/18446\">FRATOPIA Festival<\/a> at the Alte Oper Frankfurt<\/strong> <\/p>\n\n\n\n<p>What an honor, we are invited to play at the Alte Oper Frankfurt, alongside other great musicians! <strong>We will play at 20th of september 2025 <\/strong>We will play three short sets at the Clara-Schumann-Foyer at 3pm, 4pm and 5pm. You can have a look into the program <a href=\"https:\/\/alteoper-fratopia.lineupr.com\/fratopia2025\/\">here<\/a> come on over, it's going to be fun and it's free!<\/p>\n\n\n\n<p><strong>Tovte beim GREEN PARROT FESTIVAL 2025<\/strong><\/p>\n\n\n\n<p>We are thrilled to be part of this year's Green Parrot Festival! Come along, it's going to be great! Where? CCCC \u2013 Creation Center Contemporary Circus, Dillenburgerstr. 63, 51105 Cologne, our performance is at 6:15 p.m. <a href=\"https:\/\/www.qultor.de\/festivals-und-events\/green-parrot-festival-2025\">Tickets available here<\/a>.<\/p>\n\n\n<div class=\"wp-block-image\">\n<figure class=\"aligncenter is-resized\"><img decoding=\"async\" loading=\"lazy\" src=\"http:\/\/tovte.de\/wp-content\/uploads\/2025\/07\/grafik-700x546.png\" alt=\"\" class=\"wp-image-1497\" width=\"313\" height=\"244\" srcset=\"http:\/\/tovte.de\/wp-content\/uploads\/2025\/07\/grafik-700x546.png 700w, http:\/\/tovte.de\/wp-content\/uploads\/2025\/07\/grafik-300x234.png 300w, http:\/\/tovte.de\/wp-content\/uploads\/2025\/07\/grafik-768x599.png 768w, http:\/\/tovte.de\/wp-content\/uploads\/2025\/07\/grafik-15x12.png 15w, http:\/\/tovte.de\/wp-content\/uploads\/2025\/07\/grafik.png 1500w\" sizes=\"(max-width: 313px) 100vw, 313px\" \/><\/figure><\/div>\n\n\n<h4 class=\"wp-block-heading\">BUKOVINA is shortlisted for the \"Preis der Deutschen Schalplattenkritik\"<\/h4>\n\n\n<div class=\"wp-block-image\">\n<figure class=\"aligncenter is-resized\"><img decoding=\"async\" loading=\"lazy\" src=\"http:\/\/tovte.de\/wp-content\/uploads\/2025\/01\/sm-sticker-nominiert-jpg-700x700.jpg\" alt=\"\" class=\"wp-image-1481\" width=\"338\" height=\"338\" srcset=\"http:\/\/tovte.de\/wp-content\/uploads\/2025\/01\/sm-sticker-nominiert-jpg-700x700.jpg 700w, http:\/\/tovte.de\/wp-content\/uploads\/2025\/01\/sm-sticker-nominiert-jpg-300x300.jpg 300w, http:\/\/tovte.de\/wp-content\/uploads\/2025\/01\/sm-sticker-nominiert-jpg-150x150.jpg 150w, http:\/\/tovte.de\/wp-content\/uploads\/2025\/01\/sm-sticker-nominiert-jpg-768x768.jpg 768w, http:\/\/tovte.de\/wp-content\/uploads\/2025\/01\/sm-sticker-nominiert-jpg-1536x1536.jpg 1536w, http:\/\/tovte.de\/wp-content\/uploads\/2025\/01\/sm-sticker-nominiert-jpg-2048x2048.jpg 2048w, http:\/\/tovte.de\/wp-content\/uploads\/2025\/01\/sm-sticker-nominiert-jpg-12x12.jpg 12w, http:\/\/tovte.de\/wp-content\/uploads\/2025\/01\/sm-sticker-nominiert-jpg-535x535.jpg 535w\" sizes=\"(max-width: 338px) 100vw, 338px\" \/><\/figure><\/div>\n\n\n<p>Our album has been nominated in two categories: \u201cWorld Music\u201d and \u201cTraditional Ethnic Music.\u201d We feel very honored!<\/p>\n\n\n\n<h4 class=\"wp-block-heading\">14.12.24 Albumreview on <em>SWR Kultur<\/em><\/h4>\n\n\n\n<p><em>Klangraum Neue Klassik<\/em> talks about our new album Bukovina and speaks to Tobi about the making of the CD<\/p>\n\n\n\n<h4 class=\"wp-block-heading\">12.12.24 Radiofeature on <em>Hessenradio HR2 H\u00f6rbar<\/em> \u2013 Musik Grenzenlos\u201c<\/h4>\n\n\n\n<p>A great radiofeature about our new album on HR2, listen to it here:<\/p>\n\n\n\n<figure class=\"wp-block-image\"><a href=\"https:\/\/www.ardaudiothek.de\/episode\/die-hr2-hoerbar\/tovte-die-klezmer-evolution-und-mehr-musik-grenzenlos\/hr2-kultur\/13988487\/\"><img decoding=\"async\" loading=\"lazy\" width=\"700\" height=\"327\" src=\"http:\/\/tovte.de\/wp-content\/uploads\/2024\/12\/Bildschirmfoto-2024-12-17-um-12.27.11-700x327.png\" alt=\"\" class=\"wp-image-1394\" srcset=\"http:\/\/tovte.de\/wp-content\/uploads\/2024\/12\/Bildschirmfoto-2024-12-17-um-12.27.11-700x327.png 700w, http:\/\/tovte.de\/wp-content\/uploads\/2024\/12\/Bildschirmfoto-2024-12-17-um-12.27.11-300x140.png 300w, http:\/\/tovte.de\/wp-content\/uploads\/2024\/12\/Bildschirmfoto-2024-12-17-um-12.27.11-768x359.png 768w, http:\/\/tovte.de\/wp-content\/uploads\/2024\/12\/Bildschirmfoto-2024-12-17-um-12.27.11-1536x719.png 1536w, http:\/\/tovte.de\/wp-content\/uploads\/2024\/12\/Bildschirmfoto-2024-12-17-um-12.27.11-18x8.png 18w, http:\/\/tovte.de\/wp-content\/uploads\/2024\/12\/Bildschirmfoto-2024-12-17-um-12.27.11.png 1834w\" sizes=\"(max-width: 700px) 100vw, 700px\" \/><\/a><\/figure>\n\n\n\n<h4 class=\"wp-block-heading\">07.12.24 Radio Feature auf BR Klassik \u2013 \u201eMusik der Welt\u201c<\/h4>\n\n\n\n<p>Wir sind im Radio: In der Sendung \u201eMusik der Welt\u201c auf BR Klassik wird unsere neue CD besprochen! hier zum nachh\u00f6ren:<\/p>\n\n\n\n<figure class=\"wp-block-image\"><a href=\"https:\/\/www.br-klassik.de\/programm\/radio\/ausstrahlung-3633886.html\"><img decoding=\"async\" loading=\"lazy\" width=\"700\" height=\"330\" src=\"http:\/\/tovte.de\/wp-content\/uploads\/2024\/12\/Bildschirmfoto-2024-12-17-um-12.32.45-1-700x330.png\" alt=\"\" class=\"wp-image-1413\" srcset=\"http:\/\/tovte.de\/wp-content\/uploads\/2024\/12\/Bildschirmfoto-2024-12-17-um-12.32.45-1-700x330.png 700w, http:\/\/tovte.de\/wp-content\/uploads\/2024\/12\/Bildschirmfoto-2024-12-17-um-12.32.45-1-300x141.png 300w, http:\/\/tovte.de\/wp-content\/uploads\/2024\/12\/Bildschirmfoto-2024-12-17-um-12.32.45-1-768x362.png 768w, http:\/\/tovte.de\/wp-content\/uploads\/2024\/12\/Bildschirmfoto-2024-12-17-um-12.32.45-1-1536x724.png 1536w, http:\/\/tovte.de\/wp-content\/uploads\/2024\/12\/Bildschirmfoto-2024-12-17-um-12.32.45-1-2048x966.png 2048w, http:\/\/tovte.de\/wp-content\/uploads\/2024\/12\/Bildschirmfoto-2024-12-17-um-12.32.45-1-18x8.png 18w\" sizes=\"(max-width: 700px) 100vw, 700px\" \/><\/a><\/figure>\n\n\n\n<p><\/p>\n\n\n\n<h3 class=\"wp-block-heading\">15.11.24 New Album Out Now!<\/h3>\n\n\n\n<figure class=\"wp-block-image\"><img decoding=\"async\" loading=\"lazy\" width=\"700\" height=\"700\" src=\"http:\/\/tovte.de\/wp-content\/uploads\/2024\/11\/Album-Tovte-Bukovina-Cover-Front-700x700.jpg\" alt=\"\" class=\"wp-image-1269\" srcset=\"http:\/\/tovte.de\/wp-content\/uploads\/2024\/11\/Album-Tovte-Bukovina-Cover-Front-700x700.jpg 700w, http:\/\/tovte.de\/wp-content\/uploads\/2024\/11\/Album-Tovte-Bukovina-Cover-Front-300x300.jpg 300w, http:\/\/tovte.de\/wp-content\/uploads\/2024\/11\/Album-Tovte-Bukovina-Cover-Front-150x150.jpg 150w, http:\/\/tovte.de\/wp-content\/uploads\/2024\/11\/Album-Tovte-Bukovina-Cover-Front-768x768.jpg 768w, http:\/\/tovte.de\/wp-content\/uploads\/2024\/11\/Album-Tovte-Bukovina-Cover-Front-1536x1536.jpg 1536w, http:\/\/tovte.de\/wp-content\/uploads\/2024\/11\/Album-Tovte-Bukovina-Cover-Front-2048x2048.jpg 2048w, http:\/\/tovte.de\/wp-content\/uploads\/2024\/11\/Album-Tovte-Bukovina-Cover-Front-12x12.jpg 12w, http:\/\/tovte.de\/wp-content\/uploads\/2024\/11\/Album-Tovte-Bukovina-Cover-Front-535x535.jpg 535w\" sizes=\"(max-width: 700px) 100vw, 700px\" \/><\/figure>\n\n\n\n<p>The new album BUKOVINA is available from today 15.11.24 on all streaming platforms and on CD from <a href=\"https:\/\/www.jpc.de\/jpcng\/poprock\/detail\/-\/art\/tovte-bukovina\/hnum\/12048789\">JPC<\/a>, <a href=\"https:\/\/www.amazon.de\/Von-Eifel-die-Mosel\/dp\/B0D9H54QSM\">Amazon<\/a>, <a href=\"https:\/\/originalproduct.de\/artikel\/?05651\">Original Product<\/a> and other retailers.<\/p>\n\n\n\n<figure class=\"wp-block-embed is-type-video is-provider-youtube wp-block-embed-youtube wp-embed-aspect-4-3 wp-has-aspect-ratio\"><div class=\"wp-block-embed__wrapper\">\n<span class=\"embed-youtube\" style=\"text-align:center; display: block;\"><iframe class='youtube-player' width='720' height='405' src='https:\/\/www.youtube.com\/embed\/-ZX6RLMAnuM?version=3&#038;rel=1&#038;showsearch=0&#038;showinfo=1&#038;iv_load_policy=1&#038;fs=1&#038;hl=en-US&#038;autohide=2&#038;wmode=transparent' allowfullscreen='true' style='border:0;' sandbox='allow-scripts allow-same-origin allow-popups allow-presentation'><\/iframe><\/span>\n<\/div><\/figure>\n\n\n\n<p>NEW SINGLE \u201cBUKOVINA\u201d COMING ON 11.10.2024 \/\/ ANNOUNCEMENT OF NEW ALBUM<\/p>\n\n\n<div class=\"wp-block-image\">\n<figure class=\"alignright size-large is-resized\"><img decoding=\"async\" loading=\"lazy\" src=\"http:\/\/tovte.de\/wp-content\/uploads\/2024\/10\/Single-Bukovina-700x700.jpg\" alt=\"\" class=\"wp-image-1225\" width=\"164\" height=\"164\"\/><\/figure><\/div>\n\n\n<p>Dear people, we have two brilliant pieces of news for you: the next <strong>Single Release am 11.10.24<\/strong> and finally <strong>ALBUM RELEASE <\/strong>\ud83d\udcbf at <strong>15.11.24!<\/strong>&nbsp; The single is the centerpiece of our new record and also gives it its name: \u201cBUKOVINA\u201d <\/p>\n\n\n\n<p><\/p>\n\n\n\n<p><strong>Single release \u201eVON DER EIFEL AN DIE MOSEL\" 13.09.24<\/strong><\/p>\n\n\n<div class=\"wp-block-image\">\n<figure class=\"alignleft size-large is-resized\"><img decoding=\"async\" loading=\"lazy\" src=\"http:\/\/tovte.de\/wp-content\/uploads\/2024\/08\/Single-Von-der-Eifel-an-die-Mosel-700x700.jpg\" alt=\"\" class=\"wp-image-1190\" width=\"206\" height=\"206\" srcset=\"http:\/\/tovte.de\/wp-content\/uploads\/2024\/08\/Single-Von-der-Eifel-an-die-Mosel-700x700.jpg 700w, http:\/\/tovte.de\/wp-content\/uploads\/2024\/08\/Single-Von-der-Eifel-an-die-Mosel-300x300.jpg 300w, http:\/\/tovte.de\/wp-content\/uploads\/2024\/08\/Single-Von-der-Eifel-an-die-Mosel-150x150.jpg 150w, http:\/\/tovte.de\/wp-content\/uploads\/2024\/08\/Single-Von-der-Eifel-an-die-Mosel-768x768.jpg 768w, http:\/\/tovte.de\/wp-content\/uploads\/2024\/08\/Single-Von-der-Eifel-an-die-Mosel-1536x1536.jpg 1536w, http:\/\/tovte.de\/wp-content\/uploads\/2024\/08\/Single-Von-der-Eifel-an-die-Mosel-2048x2048.jpg 2048w, http:\/\/tovte.de\/wp-content\/uploads\/2024\/08\/Single-Von-der-Eifel-an-die-Mosel-535x535.jpg 535w\" sizes=\"(max-width: 206px) 100vw, 206px\" \/><\/figure><\/div>\n\n\n<p>Our new single \u201cFrom the Eifel to the Moselle\u201d will be released on 13.09.24, so keep your ears peeled \ud83d\ude42  <\/p>\n\n\n\n<p>don't miss it and get the <a href=\"https:\/\/bfan.link\/von-der-eifel-an-die-mosel\">Presave Link<\/a> to get a reminder<\/p>\n\n\n\n<p><\/p>\n\n\n\n<p><\/p>\n\n\n\n<h4 class=\"wp-block-heading\">TOVTE BEIM CREOLE WETTBEWERB NRW F\u00dcR GLOBALE MUSIK am 28.09.24<\/h4>\n\n\n\n<p>Auch dieses Jahr durften wir beim Creole Wettbewerb NRW neben vielen tollen Musiker*innen teilnehmen &#8211; unseren Auftritt k\u00f6nnt ihr <a rel=\"noreferrer noopener\" href=\"https:\/\/www.youtube.com\/watch?v=3RW-LSDncOE&amp;t=55s\" target=\"_blank\">hier<\/a> anschauen! <\/p>\n\n\n\n<h5 class=\"wp-block-heading\">SINGle release \"Unterwegs\" 02.08.24<\/h5>\n\n\n\n<figure class=\"wp-block-embed is-type-rich is-provider-spotify wp-block-embed-spotify wp-embed-aspect-21-9 wp-has-aspect-ratio\"><div class=\"wp-block-embed__wrapper\">\n<iframe title=\"Spotify Embed: Unterwegs\" style=\"border-radius: 12px\" width=\"100%\" height=\"152\" frameborder=\"0\" allowfullscreen allow=\"autoplay; clipboard-write; encrypted-media; fullscreen; picture-in-picture\" loading=\"lazy\" src=\"https:\/\/open.spotify.com\/embed\/track\/1ClMD2QPBKx0IGphWpZU61?si=3d0c3f7380c348d1&amp;utm_source=oembed\"><\/iframe>\n<\/div><\/figure>\n\n\n\n<figure class=\"wp-block-embed is-type-video is-provider-youtube wp-block-embed-youtube wp-embed-aspect-16-9 wp-has-aspect-ratio\"><div class=\"wp-block-embed__wrapper\">\n<span class=\"embed-youtube\" style=\"text-align:center; display: block;\"><iframe class='youtube-player' width='720' height='405' src='https:\/\/www.youtube.com\/embed\/wqMHsojOPq8?version=3&#038;rel=1&#038;showsearch=0&#038;showinfo=1&#038;iv_load_policy=1&#038;fs=1&#038;hl=en-US&#038;autohide=2&#038;wmode=transparent' allowfullscreen='true' style='border:0;' sandbox='allow-scripts allow-same-origin allow-popups allow-presentation'><\/iframe><\/span>\n<\/div><\/figure>\n\n\n\n<p>Our new Song \"Unterwegs\" (\"on the road\") is online today on all streaming platforms and as a music video on Youtube! Have fun \ud83d\ude42<\/p>\n\n\n\n<h5 class=\"wp-block-heading\">Announcement Single Release<\/h5>\n\n\n\n<p>On 02.08.2024 our new single will be released! We are looking forward to presenting new music on Spotify and co soon \ud83d\ude42 so keep listening.<\/p>\n\n\n\n<h5 class=\"wp-block-heading\">subscribe to our Newsletter<\/h5>\n\n\n\n<p>subscribe to our <a href=\"https:\/\/tovte.us22.list-manage.com\/subscribe?u=c070821cb45d84d153ab1be6f&amp;id=71e9dfdb75\">E-Mail Newsletter<\/a> and always be up to date<\/p>\n\n\n\n<p><strong>Tovte featured at WDR 3 Tonart<\/strong><\/p>\n\n\n\n<p>On May 1st we were guests in the WDR 3 studio in the program \u201cTonart\u201d. We performed a few of our pieces during the special program on the subject of the first of May. Here the <a href=\"https:\/\/www1.wdr.de\/mediathek\/audio\/wdr3\/wdr3-tonart\/audio-livemusik-mit-tovte-100.html\" data-type=\"URL\" data-id=\"https:\/\/www1.wdr.de\/mediathek\/audio\/wdr3\/wdr3-tonart\/audio-livemusik-mit-tovte-100.html\">Stream<\/a> to listen to. Have fun \ud83d\ude42<\/p>\n\n\n\n<p><strong>Tovte at the Concert Series Masters of tomorrow\" by the D\u00f6rken-foundation<\/strong><\/p>\n\n\n\n<p>We had a wonderful concert in the sold-out Werner Richards Hall of the D\u00f6rken Foundation in Herdecke. What a great audience and what a fantastic atmosphere!<\/p>\n\n\n\n<h5 class=\"wp-block-heading\">Recording our second CD<\/h5>\n\n\n\n<p>Our second CD is in the making! For the recordings of our new and never before recorded (and partly never before performed live) songs, we went to the \u201cEast Land Studio\u201d in Cormons, in the beautiful Friuli di Venetia (Italy). There we had the opportunity to record 14 songs in a top studio with the fantastic Francesco Blasig and to meet old friends again.<\/p>\n\n\n\n<figure class=\"wp-block-image size-large\"><img decoding=\"async\" loading=\"lazy\" width=\"700\" height=\"518\" src=\"http:\/\/tovte.de\/wp-content\/uploads\/2023\/04\/IMG_4209-700x518.jpg\" alt=\"\" class=\"wp-image-1017\" srcset=\"http:\/\/tovte.de\/wp-content\/uploads\/2023\/04\/IMG_4209-700x518.jpg 700w, http:\/\/tovte.de\/wp-content\/uploads\/2023\/04\/IMG_4209-300x222.jpg 300w, http:\/\/tovte.de\/wp-content\/uploads\/2023\/04\/IMG_4209-768x568.jpg 768w, http:\/\/tovte.de\/wp-content\/uploads\/2023\/04\/IMG_4209-1536x1137.jpg 1536w, http:\/\/tovte.de\/wp-content\/uploads\/2023\/04\/IMG_4209-2048x1516.jpg 2048w\" sizes=\"(max-width: 700px) 100vw, 700px\" \/><\/figure>\n\n\n\n<h5 class=\"wp-block-heading\">Muziek Biennale Niederrhein <\/h5>\n\n\n\n<p><a href=\"https:\/\/rp-online.de\/nrw\/staedte\/kempen\/muziek-biennale-tovte-beeindruckt-mit-juedischer-klezmer-musik_aid-76527547\">A nice press review <\/a>about our concert on 09.09.22 as part of the festival \u201cMuziek Biennale Niederrhein\u201d with the speaker Thea Hummel Rheinische Post 11.09.22<\/p>\n\n\n\n<h5 class=\"wp-block-heading\">Tovte at Brotfabrik Bonn 14.04.22<\/h5>\n\n\n\n<p>What a wonderful concert with a wonderful audience in the sold-out Brotfabrik Bonn Beuel - we had an incredible amount of fun!<\/p>\n\n\n\n<div class=\"wp-block-jetpack-slideshow aligncenter\" data-effect=\"slide\"><div class=\"wp-block-jetpack-slideshow_container swiper-container\"><ul class=\"wp-block-jetpack-slideshow_swiper-wrapper swiper-wrapper\"><li class=\"wp-block-jetpack-slideshow_slide swiper-slide\"><figure><img decoding=\"async\" loading=\"lazy\" width=\"2560\" height=\"1703\" alt=\"\" class=\"wp-block-jetpack-slideshow_image wp-image-892\" data-id=\"892\" src=\"http:\/\/tovte.de\/wp-content\/uploads\/2022\/04\/18-scaled.jpg\" srcset=\"http:\/\/tovte.de\/wp-content\/uploads\/2022\/04\/18-scaled.jpg 2560w, http:\/\/tovte.de\/wp-content\/uploads\/2022\/04\/18-300x200.jpg 300w, http:\/\/tovte.de\/wp-content\/uploads\/2022\/04\/18-700x466.jpg 700w, http:\/\/tovte.de\/wp-content\/uploads\/2022\/04\/18-768x511.jpg 768w, http:\/\/tovte.de\/wp-content\/uploads\/2022\/04\/18-1536x1022.jpg 1536w, http:\/\/tovte.de\/wp-content\/uploads\/2022\/04\/18-2048x1363.jpg 2048w\" sizes=\"(max-width: 2560px) 100vw, 2560px\" \/><figcaption class=\"wp-block-jetpack-slideshow_caption gallery-caption\">Foto: Sabine B\u00fcttner<\/figcaption><\/figure><\/li><li class=\"wp-block-jetpack-slideshow_slide swiper-slide\"><figure><img decoding=\"async\" loading=\"lazy\" width=\"1704\" height=\"2560\" alt=\"\" class=\"wp-block-jetpack-slideshow_image wp-image-905\" data-id=\"905\" src=\"http:\/\/tovte.de\/wp-content\/uploads\/2022\/04\/15-1-scaled.jpg\" srcset=\"http:\/\/tovte.de\/wp-content\/uploads\/2022\/04\/15-1-scaled.jpg 1704w, http:\/\/tovte.de\/wp-content\/uploads\/2022\/04\/15-1-200x300.jpg 200w, http:\/\/tovte.de\/wp-content\/uploads\/2022\/04\/15-1-700x1052.jpg 700w, http:\/\/tovte.de\/wp-content\/uploads\/2022\/04\/15-1-768x1154.jpg 768w, http:\/\/tovte.de\/wp-content\/uploads\/2022\/04\/15-1-1022x1536.jpg 1022w, http:\/\/tovte.de\/wp-content\/uploads\/2022\/04\/15-1-1363x2048.jpg 1363w\" sizes=\"(max-width: 1704px) 100vw, 1704px\" \/><figcaption class=\"wp-block-jetpack-slideshow_caption gallery-caption\">Foto: Sabine B\u00fcttner<\/figcaption><\/figure><\/li><li class=\"wp-block-jetpack-slideshow_slide swiper-slide\"><figure><img decoding=\"async\" loading=\"lazy\" width=\"2560\" height=\"1703\" alt=\"\" class=\"wp-block-jetpack-slideshow_image wp-image-898\" data-id=\"898\" src=\"http:\/\/tovte.de\/wp-content\/uploads\/2022\/04\/11-scaled.jpg\" srcset=\"http:\/\/tovte.de\/wp-content\/uploads\/2022\/04\/11-scaled.jpg 2560w, http:\/\/tovte.de\/wp-content\/uploads\/2022\/04\/11-300x200.jpg 300w, http:\/\/tovte.de\/wp-content\/uploads\/2022\/04\/11-700x466.jpg 700w, http:\/\/tovte.de\/wp-content\/uploads\/2022\/04\/11-768x511.jpg 768w, http:\/\/tovte.de\/wp-content\/uploads\/2022\/04\/11-1536x1022.jpg 1536w, http:\/\/tovte.de\/wp-content\/uploads\/2022\/04\/11-2048x1363.jpg 2048w\" sizes=\"(max-width: 2560px) 100vw, 2560px\" \/><figcaption class=\"wp-block-jetpack-slideshow_caption gallery-caption\">Foto: Sabine B\u00fcttner<\/figcaption><\/figure><\/li><li class=\"wp-block-jetpack-slideshow_slide swiper-slide\"><figure><img decoding=\"async\" loading=\"lazy\" width=\"2560\" height=\"1703\" alt=\"\" class=\"wp-block-jetpack-slideshow_image wp-image-895\" data-id=\"895\" src=\"http:\/\/tovte.de\/wp-content\/uploads\/2022\/04\/16-scaled.jpg\" srcset=\"http:\/\/tovte.de\/wp-content\/uploads\/2022\/04\/16-scaled.jpg 2560w, http:\/\/tovte.de\/wp-content\/uploads\/2022\/04\/16-300x200.jpg 300w, http:\/\/tovte.de\/wp-content\/uploads\/2022\/04\/16-700x466.jpg 700w, http:\/\/tovte.de\/wp-content\/uploads\/2022\/04\/16-768x511.jpg 768w, http:\/\/tovte.de\/wp-content\/uploads\/2022\/04\/16-1536x1022.jpg 1536w, http:\/\/tovte.de\/wp-content\/uploads\/2022\/04\/16-2048x1363.jpg 2048w\" sizes=\"(max-width: 2560px) 100vw, 2560px\" \/><figcaption class=\"wp-block-jetpack-slideshow_caption gallery-caption\">Foto: Sabine B\u00fcttner<\/figcaption><\/figure><\/li><li class=\"wp-block-jetpack-slideshow_slide swiper-slide\"><figure><img decoding=\"async\" loading=\"lazy\" width=\"1703\" height=\"2560\" alt=\"\" class=\"wp-block-jetpack-slideshow_image wp-image-896\" data-id=\"896\" src=\"http:\/\/tovte.de\/wp-content\/uploads\/2022\/04\/4-scaled.jpg\" srcset=\"http:\/\/tovte.de\/wp-content\/uploads\/2022\/04\/4-scaled.jpg 1703w, http:\/\/tovte.de\/wp-content\/uploads\/2022\/04\/4-200x300.jpg 200w, http:\/\/tovte.de\/wp-content\/uploads\/2022\/04\/4-700x1052.jpg 700w, http:\/\/tovte.de\/wp-content\/uploads\/2022\/04\/4-768x1154.jpg 768w, http:\/\/tovte.de\/wp-content\/uploads\/2022\/04\/4-1022x1536.jpg 1022w, http:\/\/tovte.de\/wp-content\/uploads\/2022\/04\/4-1363x2048.jpg 1363w\" sizes=\"(max-width: 1703px) 100vw, 1703px\" \/><figcaption class=\"wp-block-jetpack-slideshow_caption gallery-caption\">Foto: Sabine B\u00fcttner<\/figcaption><\/figure><\/li><li class=\"wp-block-jetpack-slideshow_slide swiper-slide\"><figure><img decoding=\"async\" loading=\"lazy\" width=\"2560\" height=\"1703\" alt=\"\" class=\"wp-block-jetpack-slideshow_image wp-image-900\" data-id=\"900\" src=\"http:\/\/tovte.de\/wp-content\/uploads\/2022\/04\/17-scaled.jpg\" srcset=\"http:\/\/tovte.de\/wp-content\/uploads\/2022\/04\/17-scaled.jpg 2560w, http:\/\/tovte.de\/wp-content\/uploads\/2022\/04\/17-300x200.jpg 300w, http:\/\/tovte.de\/wp-content\/uploads\/2022\/04\/17-700x466.jpg 700w, http:\/\/tovte.de\/wp-content\/uploads\/2022\/04\/17-768x511.jpg 768w, http:\/\/tovte.de\/wp-content\/uploads\/2022\/04\/17-1536x1022.jpg 1536w, http:\/\/tovte.de\/wp-content\/uploads\/2022\/04\/17-2048x1363.jpg 2048w\" sizes=\"(max-width: 2560px) 100vw, 2560px\" \/><figcaption class=\"wp-block-jetpack-slideshow_caption gallery-caption\">Foto: Sabine B\u00fcttner<\/figcaption><\/figure><\/li><li class=\"wp-block-jetpack-slideshow_slide swiper-slide\"><figure><img decoding=\"async\" loading=\"lazy\" width=\"2560\" height=\"1703\" alt=\"\" class=\"wp-block-jetpack-slideshow_image wp-image-899\" data-id=\"899\" src=\"http:\/\/tovte.de\/wp-content\/uploads\/2022\/04\/14-scaled.jpg\" srcset=\"http:\/\/tovte.de\/wp-content\/uploads\/2022\/04\/14-scaled.jpg 2560w, http:\/\/tovte.de\/wp-content\/uploads\/2022\/04\/14-300x200.jpg 300w, http:\/\/tovte.de\/wp-content\/uploads\/2022\/04\/14-700x466.jpg 700w, http:\/\/tovte.de\/wp-content\/uploads\/2022\/04\/14-768x511.jpg 768w, http:\/\/tovte.de\/wp-content\/uploads\/2022\/04\/14-1536x1022.jpg 1536w, http:\/\/tovte.de\/wp-content\/uploads\/2022\/04\/14-2048x1362.jpg 2048w\" sizes=\"(max-width: 2560px) 100vw, 2560px\" \/><figcaption class=\"wp-block-jetpack-slideshow_caption gallery-caption\">Foto: Sabine B\u00fcttner<\/figcaption><\/figure><\/li><li class=\"wp-block-jetpack-slideshow_slide swiper-slide\"><figure><img decoding=\"async\" loading=\"lazy\" width=\"2560\" height=\"1703\" alt=\"\" class=\"wp-block-jetpack-slideshow_image wp-image-901\" data-id=\"901\" src=\"http:\/\/tovte.de\/wp-content\/uploads\/2022\/04\/19-scaled.jpg\" srcset=\"http:\/\/tovte.de\/wp-content\/uploads\/2022\/04\/19-scaled.jpg 2560w, http:\/\/tovte.de\/wp-content\/uploads\/2022\/04\/19-300x200.jpg 300w, http:\/\/tovte.de\/wp-content\/uploads\/2022\/04\/19-700x466.jpg 700w, http:\/\/tovte.de\/wp-content\/uploads\/2022\/04\/19-768x511.jpg 768w, http:\/\/tovte.de\/wp-content\/uploads\/2022\/04\/19-1536x1022.jpg 1536w, http:\/\/tovte.de\/wp-content\/uploads\/2022\/04\/19-2048x1363.jpg 2048w\" sizes=\"(max-width: 2560px) 100vw, 2560px\" \/><figcaption class=\"wp-block-jetpack-slideshow_caption gallery-caption\">Foto: Sabine B\u00fcttner<\/figcaption><\/figure><\/li><li class=\"wp-block-jetpack-slideshow_slide swiper-slide\"><figure><img decoding=\"async\" loading=\"lazy\" width=\"2560\" height=\"1706\" alt=\"\" class=\"wp-block-jetpack-slideshow_image wp-image-902\" data-id=\"902\" src=\"http:\/\/tovte.de\/wp-content\/uploads\/2022\/04\/20-scaled.jpg\" srcset=\"http:\/\/tovte.de\/wp-content\/uploads\/2022\/04\/20-scaled.jpg 2560w, http:\/\/tovte.de\/wp-content\/uploads\/2022\/04\/20-300x200.jpg 300w, http:\/\/tovte.de\/wp-content\/uploads\/2022\/04\/20-700x466.jpg 700w, http:\/\/tovte.de\/wp-content\/uploads\/2022\/04\/20-768x512.jpg 768w, http:\/\/tovte.de\/wp-content\/uploads\/2022\/04\/20-1536x1023.jpg 1536w, http:\/\/tovte.de\/wp-content\/uploads\/2022\/04\/20-2048x1365.jpg 2048w\" sizes=\"(max-width: 2560px) 100vw, 2560px\" \/><figcaption class=\"wp-block-jetpack-slideshow_caption gallery-caption\">Foto: Sabine B\u00fcttner<\/figcaption><\/figure><\/li><\/ul><a class=\"wp-block-jetpack-slideshow_button-prev swiper-button-prev swiper-button-white\" role=\"button\"><\/a><a class=\"wp-block-jetpack-slideshow_button-next swiper-button-next swiper-button-white\" role=\"button\"><\/a><a aria-label=\"Pause Slideshow\" class=\"wp-block-jetpack-slideshow_button-pause\" role=\"button\"><\/a><div class=\"wp-block-jetpack-slideshow_pagination swiper-pagination swiper-pagination-white\"><\/div><\/div><\/div>\n\n\n\n<p><strong>Artikel in der NDZ<\/strong> <strong>vom 25.08.2021<\/strong>  <strong><a rel=\"noreferrer noopener\" href=\"http:\/\/Klezmerband begeistert in der Konzertscheune des Bennigser Rittergutes\" target=\"_blank\">&#8222;Klezmerband begeistert in <\/a><a rel=\"noreferrer noopener\" href=\"https:\/\/www.ndz.de\/lokales\/springe_artikel,-klezmerband-begeistert-in-der-konzertscheune-des-bennigser-rittergutes-_arid,2700975.html\" target=\"_blank\">der<\/a><a rel=\"noreferrer noopener\" href=\"http:\/\/Klezmerband begeistert in der Konzertscheune des Bennigser Rittergutes\" target=\"_blank\"> Konzertscheune des Bennigser Rittergutes&#8220;<\/a><\/strong> <\/p>\n\n\n\n<p>Eine sch\u00f6ne Rezension \u00fcber unser Konzert in Bennigsen in der NDZ<\/p>\n\n\n\n<h5 class=\"wp-block-heading\">CDs wieder erh\u00e4ltlich<\/h5>\n\n\n\n<p>Nachdem uns beim letzten Konzert die CDs ausgegangen sind, haben wir jetzt nachgelegt und gerade sind unsere frisch nachgepressten CDs eingetroffen, Juhu! Danke an das Presswerk ZOUNDR in M\u00fcnchen f\u00fcr die tolle Arbeit.<\/p>\n\n\n<h5>Neuen Termine 2021<\/h5>\n<p>Wir blicken voller Spannung und Hoffnung auf den Sommer &#8211; es warten n\u00e4mlich einige fantastische Konzerte und Festivals in dieser Saison auf uns!<\/p>\n<p>Neben Konzerten in Bonn, Solingen, D\u00fcsseldorf und Hannover und im Sauerland Theater freuen wir uns auf besonders auf die Stra\u00dfenmusikfestivals Buskers Brauschweig und Ferarra Buskers Festival in bella Italia! Also schaut immer mal wieder in unseren <a href=\"http:\/\/tovte.de\/en\/termine\/\">Termin Kalender<\/a> rein!<\/p>\n<h5>F\u00f6rderkatalog Kultursekretariat G\u00fctersloh<\/h5>\n<p>Veranstalter:innen aufgepasst! In der Spielzeit 21\/22 sind wir im F\u00f6rderkatalog &#8222;Neues H\u00f6ren&#8220; des <a href=\"https:\/\/www.kultursekretariat.de\/aktuelle-foerderung\/musik\/neues-hoeren\">Kultursekretariats G\u00fctersloh<\/a>! Veranstlter:innen in den Mitgliedsst\u00e4tten k\u00f6nnen uns in dem Zeitraum zu verg\u00fcnstigten Konditionen buchen. Weitere <a href=\"https:\/\/www.kultursekretariat.de\/ueber-uns\">Informationen hier.<\/a><\/p>\n<h5>Wir spielen Wieder<\/h5>\n<hr \/>\n<p>Nach langer Konzert-Pause geht es endlich wieder los mit Live-Konzerten \ud83d\ude42 Wir freuen uns auf Auftritte in <a href=\"http:\/\/tovte.de\/en\/termine\/\">K\u00f6ln, W\u00fcrzburg, Chemnitz, im Sauerland und in Emsdetten<\/a>! Au\u00dferdem gibt es bald ein Online Konzert f\u00fcr die Caritas Solingen, also haltet die Ohren steif und gespitzt!<\/p>\n<hr \/>\n<h5>Video Release<\/h5>\n<p>Das Video unseres neuen St\u00fccks <a href=\"https:\/\/www.youtube.com\/watch?v=-vI9sU6Ksts\"><em>Regen<\/em> ist online<\/a>! Quarant\u00e4ne-bedingt von jedem unserer Bandmitglieder von zuhause aus gedreht, r\u00fccken wir uns (zumindest digital) ganz nah und stehen gemeinsam die aktuelle Schlechtwetterphase durch \ud83d\ude42<\/p>\n<hr \/>\n<h5>Lagerfeuer Deluxe<\/h5>\n<p>Wir freuen uns auf eine Akustik Session am <strong>Freitag<\/strong> <strong>22.11.2019,\u00a0<\/strong> zusammen mit zwei weiteren tollen Musiker:innen <strong><em>Jan R\u00f6ttger <\/em><\/strong>und<strong><em> Sophie Sebald<\/em> <\/strong>im <strong>Jaki (am Stadtgarten)<\/strong>, los geht&#8217;s um 19:30 Uhr, <a href=\"https:\/\/t.rausgegangen.de\/tickets\/lagerfeuer-deluxe-mit-jan-rottger-stereo-naked-melissa-audre?fbclid=IwAR3UxCShOWLmX3pk1JdSEyYivtRWupUD1-7yPrGgQq7X_iYXrMxVOPhYxmw\">Tickets 12\u20ac regul\u00e4r unter rausgegangen.de<\/a>,\u00a0weitere Infos unter <a href=\"https:\/\/www.facebook.com\/events\/505635250214179\/\">Lagerfeuer Deluxe<\/a><\/p>\n<hr \/>\n<h5>Musik in den H\u00e4usern der Stadt<\/h5>\n<p>Am <strong>14.11.2019<\/strong> spielen wir in der<strong> K\u00f6lner Syagogengemeinschaft<\/strong> im Rahmen des Festivals <strong>&#8222;Musik in den H\u00e4usern der Stadt&#8220;.<\/strong> Wir freuen uns schon sehr! Das Konzert startet um 19:00 Uhr, Tickets 22\/ 15\u20ac,\u00a0 unter <a href=\"https:\/\/www.kunstsalon.de\/veranstaltung\/musik-in-den-haeusern-der-stadt-2019-koeln-konzert-10\/\">www.Kunstsalon.de<\/a><\/p>\n<hr \/>\n<h5>Online Release Krawalle &amp; Lieder<\/h5>\n<p>Ab dem <strong>04.11.2019<\/strong> ist unser Album auch bei <strong><a href=\"https:\/\/open.spotify.com\/artist\/3AdmLqn1PAW7617ZLG5hWY?si=Pi1XpxkITx6lXxseACWNZQ\">Spotify<\/a>, <a href=\"https:\/\/www.amazon.de\/Krawalle-Lieder-Tovte\/dp\/B07Z4RQ8G2\/ref=sr_1_1?__mk_de_DE=%C3%85M%C3%85%C5%BD%C3%95%C3%91&amp;keywords=krawalle+und+lieder&amp;qid=1573460720&amp;s=music&amp;sr=8-1\">Amazon music<\/a>, <a href=\"https:\/\/music.apple.com\/de\/artist\/tovte\/1483607705?l=en\">Apple music<\/a><\/strong> und weiteren Musikportalen erh\u00e4ltlich!<\/p>\n<hr \/>\n<h5>Deutschlandfunk<\/h5>\n<p>Wir wurden vom <strong>Deutschlandfunk<\/strong> eingeladen, einige unserer St\u00fccke live im <strong>Funkhaus<\/strong> des DLF f\u00fcr die Radiosendung <em>Sonntagsspaziergang<\/em>\u00a0zum besten zu geben &#8211; Ihr k\u00f6nnt am <strong>22.09.2019<\/strong> entweder live bei diesem kleinen Konzert dabei sein oder im DLF um <strong>11:30<\/strong> Uhr das Radio anschalten \ud83d\ude42<\/p>\n<p class=\"jetpack-slideshow-noscript robots-nocontent\">This slideshow requires JavaScript.<\/p><div id=\"gallery-694-2-slideshow\" class=\"slideshow-window jetpack-slideshow slideshow-black\" data-trans=\"fade\" data-autostart=\"1\" data-gallery=\"[{&quot;src&quot;:&quot;http:\\\/\\\/tovte.de\\\/wp-content\\\/uploads\\\/2019\\\/10\\\/c6781948-17db-4413-9244-d4499e5bcd5f-700x525.jpg&quot;,&quot;id&quot;:&quot;608&quot;,&quot;title&quot;:&quot;c6781948-17db-4413-9244-d4499e5bcd5f&quot;,&quot;alt&quot;:&quot;&quot;,&quot;caption&quot;:&quot;&quot;,&quot;itemprop&quot;:&quot;image&quot;},{&quot;src&quot;:&quot;http:\\\/\\\/tovte.de\\\/wp-content\\\/uploads\\\/2019\\\/10\\\/d537404f-d6e3-4e23-bd44-821a766d27fe-700x525.jpg&quot;,&quot;id&quot;:&quot;610&quot;,&quot;title&quot;:&quot;d537404f-d6e3-4e23-bd44-821a766d27fe&quot;,&quot;alt&quot;:&quot;&quot;,&quot;caption&quot;:&quot;&quot;,&quot;itemprop&quot;:&quot;image&quot;},{&quot;src&quot;:&quot;http:\\\/\\\/tovte.de\\\/wp-content\\\/uploads\\\/2019\\\/10\\\/092a1d8a-810f-4fa7-96fe-07869aadefe0-700x525.jpg&quot;,&quot;id&quot;:&quot;609&quot;,&quot;title&quot;:&quot;092a1d8a-810f-4fa7-96fe-07869aadefe0&quot;,&quot;alt&quot;:&quot;&quot;,&quot;caption&quot;:&quot;&quot;,&quot;itemprop&quot;:&quot;image&quot;},{&quot;src&quot;:&quot;http:\\\/\\\/tovte.de\\\/wp-content\\\/uploads\\\/2019\\\/10\\\/71ebb485-742e-45d7-8a83-67fec224b500-700x525.jpg&quot;,&quot;id&quot;:&quot;615&quot;,&quot;title&quot;:&quot;71ebb485-742e-45d7-8a83-67fec224b500&quot;,&quot;alt&quot;:&quot;&quot;,&quot;caption&quot;:&quot;&quot;,&quot;itemprop&quot;:&quot;image&quot;}]\" itemscope itemtype=\"https:\/\/schema.org\/ImageGallery\"><\/div>\n<hr \/>\n<p><strong>CREOLE NRW SONDERPREIS AN TOVTE<\/strong><\/p>\n<p>Wowi! Wir sind Preistr\u00e4ger im\u00a0<strong>Creole NRW\u00a0 Wettbewerb<\/strong> 2019!<\/p>\n<p><strong><img decoding=\"async\" loading=\"lazy\" class=\"wp-image-626 aligncenter\" src=\"http:\/\/tovte.de\/wp-content\/uploads\/2019\/10\/Creole-2019-1.jpg\" alt=\"\" width=\"457\" height=\"457\" srcset=\"http:\/\/tovte.de\/wp-content\/uploads\/2019\/10\/Creole-2019-1.jpg 826w, http:\/\/tovte.de\/wp-content\/uploads\/2019\/10\/Creole-2019-1-150x150.jpg 150w, http:\/\/tovte.de\/wp-content\/uploads\/2019\/10\/Creole-2019-1-300x300.jpg 300w, http:\/\/tovte.de\/wp-content\/uploads\/2019\/10\/Creole-2019-1-768x768.jpg 768w, http:\/\/tovte.de\/wp-content\/uploads\/2019\/10\/Creole-2019-1-700x700.jpg 700w, http:\/\/tovte.de\/wp-content\/uploads\/2019\/10\/Creole-2019-1-535x535.jpg 535w\" sizes=\"(max-width: 457px) 100vw, 457px\" \/><\/strong><\/p>\n<p>Am 14.09.19 durften wir beim Finale im <em>domicil\u00a0<\/em>Dortmund\u00a0gegen zehn top Bands aus der Weltmusikszene in NRW antreten und wurden am Ende mit dem <strong>DEW21 Sonderpreis<\/strong> ausgezeichnet!<\/p>\n<hr \/>\n<h5>Video Release &#8211; Youtube Chanel<\/h5>\n<p>Wir sind ab sofort auch auf <a href=\"https:\/\/www.youtube.com\/channel\/UCkb-9RsTd9THVoQsr9anWvw\">YouTube<\/a>! Hier unser neues Video <a href=\"https:\/\/www.youtube.com\/watch?v=bUJUpO2KRE4\">&#8222;Caf\u00e9 Franck (Cappuccino Blues)&#8220;\u00a0<\/a><\/p>\n<hr \/>\n<h5>Neue Fotos<\/h5>\n<p>Was macht man, wenn man Zuwachs bekommt? Fotos nat\u00fcrlich! Wir freuen uns sehr \u00fcber exquisite neue <a href=\"http:\/\/tovte.de\/en\/media\/galerie\/\">Band Fotos<\/a> von der wunderbaren Fotografin <a href=\"https:\/\/fotografievivienschulte.blogspot.com\/\">Vivien Schulte<\/a><\/p>\n<hr \/>\n<h5>Musikvideo Dreh<\/h5>\n<p>&#8222;Und Action!&#8220; &#8211; Am Sonntag 10.02.2019 hatten wir die Ehre mit Christian Mono von <a href=\"https:\/\/www.vorzeigekind.de\/\">Vorzeigekind Videoproduktionen<\/a>\u00a0ein Musikvideo von unserem Song &#8222;Caf\u00e9 Frank (Cappuccino Blues)&#8220; zu drehen. \u00a0Wir durften die erste Version bereits sehen und sind absolut begeistert von Christians Arbeit! Aufgenommen wurde in einer alten Fabrik in Arnsberg hier ein paar Eindr\u00fccke:<\/p>\n<p class=\"jetpack-slideshow-noscript robots-nocontent\">This slideshow requires JavaScript.<\/p><div id=\"gallery-694-4-slideshow\" class=\"slideshow-window jetpack-slideshow slideshow-black\" data-trans=\"fade\" data-autostart=\"1\" data-gallery=\"[{&quot;src&quot;:&quot;http:\\\/\\\/tovte.de\\\/wp-content\\\/uploads\\\/2019\\\/02\\\/IMG_0140-700x525.jpg&quot;,&quot;id&quot;:&quot;479&quot;,&quot;title&quot;:&quot;&quot;,&quot;alt&quot;:&quot;&quot;,&quot;caption&quot;:&quot;&quot;,&quot;itemprop&quot;:&quot;image&quot;},{&quot;src&quot;:&quot;http:\\\/\\\/tovte.de\\\/wp-content\\\/uploads\\\/2019\\\/02\\\/IMG_0138-700x525.jpg&quot;,&quot;id&quot;:&quot;478&quot;,&quot;title&quot;:&quot;&quot;,&quot;alt&quot;:&quot;&quot;,&quot;caption&quot;:&quot;&quot;,&quot;itemprop&quot;:&quot;image&quot;},{&quot;src&quot;:&quot;http:\\\/\\\/tovte.de\\\/wp-content\\\/uploads\\\/2019\\\/02\\\/8db9c79b-1c9e-4ada-8ad2-519b4915e7cb-700x700.jpg&quot;,&quot;id&quot;:&quot;477&quot;,&quot;title&quot;:&quot;&quot;,&quot;alt&quot;:&quot;&quot;,&quot;caption&quot;:&quot;&quot;,&quot;itemprop&quot;:&quot;image&quot;}]\" itemscope itemtype=\"https:\/\/schema.org\/ImageGallery\"><\/div>\n<hr \/>\n<h5>Unsere CD ist da!<\/h5>\n<p><img decoding=\"async\" loading=\"lazy\" class=\"size-large wp-image-446 alignright\" src=\"http:\/\/tovte.de\/wp-content\/uploads\/2018\/12\/F35D208F-C5ED-466D-B460-1EF96A392C2F-700x700.jpeg\" alt=\"\" width=\"700\" height=\"700\" \/>Liebe Klezmer-Freunde!<\/p>\n<p>Nachdem wir die erste Auflage unserer Debut &#8211; CD \u201eKrawalle und Lieder\u201c fast g\u00e4nzlich auf dem Pflasterzauber-Festival in Hildesheim ausverkauft haben, ist jetzt die zweite Auflage frisch gepresst bei uns eingetroffen und wartet auf alle, die eine Tovte-CD haben wollen &#8211; oder noch auf der Suche nach einem Weihnachtsgeschenk sind! \ud83d\ude42 F\u00fcr 15\u20ac ist sie euer eigen!\u00a0Alle Bestellungen, die bis zum 20.12., 10 Uhr bei uns eingehen, werden vor dem 24.12. per Post bei euch sein!<\/p>\n<hr \/>\n<h5>Konzert am 15.12., ab 19h bei der \u201e\u00dcbernacht\u201c im KunstWerk Arnsberg<\/h5>\n<h5><img decoding=\"async\" loading=\"lazy\" class=\"size-full wp-image-476 alignleft\" src=\"http:\/\/tovte.de\/wp-content\/uploads\/2019\/02\/IMG_0152.jpg\" alt=\"\" width=\"640\" height=\"640\" srcset=\"http:\/\/tovte.de\/wp-content\/uploads\/2019\/02\/IMG_0152.jpg 640w, http:\/\/tovte.de\/wp-content\/uploads\/2019\/02\/IMG_0152-150x150.jpg 150w, http:\/\/tovte.de\/wp-content\/uploads\/2019\/02\/IMG_0152-300x300.jpg 300w, http:\/\/tovte.de\/wp-content\/uploads\/2019\/02\/IMG_0152-535x535.jpg 535w\" sizes=\"(max-width: 640px) 100vw, 640px\" \/><\/h5>\n<hr \/>\n<h5>KOnzert im Caf\u00e8 Fridolin<\/h5>\n<p>Wir spielen am 07.12.2018 im wundersch\u00f6nen Caf\u00e9 Fridolin an der Venloer-Stra\u00dfe in K\u00f6ln Ehrenfeld! Kommt vorbei!<\/p>\n<p><img decoding=\"async\" loading=\"lazy\" class=\"wp-image-423 alignleft\" src=\"http:\/\/tovte.de\/wp-content\/uploads\/2018\/11\/20181125_180244-700x1014.jpg\" alt=\"\" width=\"266\" height=\"386\" srcset=\"http:\/\/tovte.de\/wp-content\/uploads\/2018\/11\/20181125_180244-700x1014.jpg 700w, http:\/\/tovte.de\/wp-content\/uploads\/2018\/11\/20181125_180244-207x300.jpg 207w, http:\/\/tovte.de\/wp-content\/uploads\/2018\/11\/20181125_180244-768x1113.jpg 768w, http:\/\/tovte.de\/wp-content\/uploads\/2018\/11\/20181125_180244.jpg 1104w\" sizes=\"(max-width: 266px) 100vw, 266px\" \/><\/p>\n<hr \/>\n<h5>Tovte\u00a0IN D\u00dcSSELDORF AM 12.09.2018<\/h5>\n<p>Am Mittwoch\u00a0um 18:00 Uhr er\u00f6ffnen wir musikalisch eine spannende Ausstellung des Konfuzius-Institut zum Thema <a href=\"https:\/\/www.konfuzius-duesseldorf.de\/veranstaltungen\">&#8222;J\u00fcdische Fl\u00fcchtlinge in Shanghai&#8220;<\/a>\u00a0in der <a href=\"https:\/\/www.duesseldorf.de\/vhs.html\">Volkshochschule D\u00fcsseldorf<\/a><\/p>\n<hr \/>\n<h5>Festival Pflasterzauber Hildesheim 07.-09.09.2018<\/h5>\n<p>vom 07. bis zum 08.09.2018 sind wir beim <a href=\"http:\/\/www.pflasterzauber.de\">Hildesheimer Pflasterzauber<\/a> zu Gast. An zwei Tagen werden wir auf den Stra\u00dfen f\u00fcr gute Stimmung sorgen.\u00a0Wir freuen uns schon riesig!<\/p>\n<hr \/>\n<h5>Konzert in D\u00fcsseldorf am 06.07.2018<\/h5>\n<p>Am Freitag spielen wir im wunderbaren Caf\u00e9 &#8222;Wie im Himmel&#8220; in\u00a0 D\u00fcsseldorf!<\/p>\n<hr \/>\n<h5>Epk video<\/h5>\n<p>Unser <a href=\"http:\/\/tovte.de\/en\/media\/videos\/\">Video EPK <\/a>ist fertig!<\/p>\n<hr \/>\n<h5>Neue Musik<\/h5>\n<p>Hier k\u00f6nnt <a href=\"http:\/\/tovte.de\/en\/media\/musik\/\">ihr einen ersten Eindruck\u00a0<\/a>unserer CD\u00a0bekommen<\/p>\n<hr \/>\n<h5>Neue FOTOS<\/h5>\n<p>Unser Fotoshootings mit\u00a0<a href=\"http:\/\/rebeccaterbraak.de\">Rebecca ter Braak<\/a>\u00a0hat total viel Spa\u00df gemacht und vor allem: Die <a href=\"http:\/\/tovte.de\/en\/media\/galerie\/\">Ergebnisse <\/a>sehen umwerfend aus &#8211; \u00fcberzeugt euch selbst!<\/p>\n<hr \/>\n<h5>Video-Dreh und EPK<\/h5>\n<p>Anfang Februar haben wir das Gl\u00fcck mit der fantastischen <a href=\"http:\/\/rebeccaterbraak.de\">Rebecca ter Braak<\/a> Videos, Aufnahmen und Fotos machen zu d\u00fcrfen! Wir freuen uns darauf! Vielleicht sehen wir uns ja spontan beim Videodreh \ud83d\ude42<\/p>\n<hr \/>\n<h5><strong>Hauskonzert<\/strong><\/h5>\n<p>Am 20.01.18 spielen wir ein Hauskonzert in D\u00fcsseldorf!<\/p>\n<hr \/>\n<h5>CD Produktion<\/h5>\n<p>Nach einer tollen Aufnahmesession in Aachen, arbeiten wir gerade flei\u00dfig an unserer ersten CD Produktion! Das fertige Album erscheint im Fr\u00fchjahr 2018 mit Eigenkompositionen und Klezmer Klassikern in typischen Tovte Arrangements \ud83d\ude09<\/p>\n<hr \/>\n<h5>Konzert Haus Graven<\/h5>\n<p>Liebe Leute &#8211; wir spielen am Freitag 16.09. in Langenfeld &#8211; Vorbeikommen lohnt sich &#8211;\u00a0das wird dufte!<\/p>\n<p><img decoding=\"async\" loading=\"lazy\" class=\"alignleft size-full wp-image-140\" src=\"http:\/\/tovte.de\/wp-content\/uploads\/2016\/09\/FlyerTovte.png\" alt=\"flyertovte\" width=\"3800\" height=\"4029\" srcset=\"http:\/\/tovte.de\/wp-content\/uploads\/2016\/09\/FlyerTovte.png 3800w, http:\/\/tovte.de\/wp-content\/uploads\/2016\/09\/FlyerTovte-283x300.png 283w, http:\/\/tovte.de\/wp-content\/uploads\/2016\/09\/FlyerTovte-768x814.png 768w, http:\/\/tovte.de\/wp-content\/uploads\/2016\/09\/FlyerTovte-966x1024.png 966w, http:\/\/tovte.de\/wp-content\/uploads\/2016\/09\/FlyerTovte-1024x1086.png 1024w, http:\/\/tovte.de\/wp-content\/uploads\/2016\/09\/FlyerTovte-1216x1289.png 1216w, http:\/\/tovte.de\/wp-content\/uploads\/2016\/09\/FlyerTovte-236x250.png 236w\" sizes=\"(max-width: 3800px) 100vw, 3800px\" \/><\/p>\n<hr \/>\n<h5>Wir spielen Wieder<\/h5>\n<p>Nach langer Konzert-Pause geht es endlich wieder los mit Live-Konzerten \ud83d\ude42 Wir freuen uns auf Auftritte in <a href=\"http:\/\/tovte.de\/en\/termine\/\">K\u00f6ln, W\u00fcrzburg, Chemnitz, im Sauerland und in Emsdetten<\/a>! Au\u00dferdem gibt es bald ein Online Konzert f\u00fcr die Caritas Solingen, also haltet die Ohren steif und gespitzt!<\/p>\n<h5>Wir spielen Wieder<\/h5>\n<hr \/>\n<p>Nach langer Konzert-Pause geht es endlich wieder los mit Live-Konzerten \ud83d\ude42 Wir freuen uns auf Auftritte in <a href=\"http:\/\/tovte.de\/en\/termine\/\">K\u00f6ln, W\u00fcrzburg, Chemnitz, im Sauerland und in Emsdetten<\/a>! Au\u00dferdem gibt es bald ein Online Konzert f\u00fcr die Caritas Solingen, also haltet die Ohren steif und gespitzt!<\/p>\n<hr \/>\n<h5>Video Release<\/h5>\n<p>Das Video unseres neuen St\u00fccks <a href=\"https:\/\/www.youtube.com\/watch?v=-vI9sU6Ksts\"><em>Regen<\/em> ist online<\/a>! Quarant\u00e4ne-bedingt von jedem unserer Bandmitglieder von zuhause aus gedreht, r\u00fccken wir uns (zumindest digital) ganz nah und stehen gemeinsam die aktuelle Schlechtwetterphase durch \ud83d\ude42<\/p>\n<hr \/>\n<h5>Lagerfeuer Deluxe<\/h5>\n<p>Wir freuen uns auf eine Akustik Session am <strong>Freitag<\/strong> <strong>22.11.2019,\u00a0<\/strong> zusammen mit zwei weiteren tollen Musikern <strong><em>Jan R\u00f6ttger <\/em><\/strong>und<strong><em> Sophie Sebald<\/em> <\/strong>im <strong>Jaki (am Stadtgarten)<\/strong>, los geht&#8217;s um 19:30 Uhr, <a href=\"https:\/\/t.rausgegangen.de\/tickets\/lagerfeuer-deluxe-mit-jan-rottger-stereo-naked-melissa-audre?fbclid=IwAR3UxCShOWLmX3pk1JdSEyYivtRWupUD1-7yPrGgQq7X_iYXrMxVOPhYxmw\">Tickets 12\u20ac regul\u00e4r unter rausgegangen.de<\/a>,\u00a0weitere Infos unter <a href=\"https:\/\/www.facebook.com\/events\/505635250214179\/\">Lagerfeuer Deluxe<\/a><\/p>\n<hr \/>\n<h5>Musik in den H\u00e4usern der Stadt<\/h5>\n<p>Am <strong>14.11.2019<\/strong> spielen wir in der<strong> K\u00f6lner Syagogengemeinschaft<\/strong> im Rahmen des Festivals <strong>&#8222;Musik in den H\u00e4usern der Stadt&#8220;.<\/strong> Wir freuen uns schon sehr! Das Konzert startet um 19:00 Uhr, Tickets 22\/ 15\u20ac,\u00a0 unter <a href=\"https:\/\/www.kunstsalon.de\/veranstaltung\/musik-in-den-haeusern-der-stadt-2019-koeln-konzert-10\/\">www.Kunstsalon.de<\/a><\/p>\n<hr \/>\n<h5>Online Release Krawalle &amp; Lieder<\/h5>\n<p>Ab dem <strong>04.11.2019<\/strong> ist unser Album auch bei <strong><a href=\"https:\/\/open.spotify.com\/artist\/3AdmLqn1PAW7617ZLG5hWY?si=Pi1XpxkITx6lXxseACWNZQ\">Spotify<\/a>, <a href=\"https:\/\/www.amazon.de\/Krawalle-Lieder-Tovte\/dp\/B07Z4RQ8G2\/ref=sr_1_1?__mk_de_DE=%C3%85M%C3%85%C5%BD%C3%95%C3%91&amp;keywords=krawalle+und+lieder&amp;qid=1573460720&amp;s=music&amp;sr=8-1\">Amazon music<\/a>, <a href=\"https:\/\/music.apple.com\/de\/artist\/tovte\/1483607705?l=en\">Apple music<\/a><\/strong> und weiteren Musikportalen erh\u00e4ltlich!<\/p>\n<hr \/>\n<h5>Deutschlandfunk<\/h5>\n<p>Wir wurden vom <strong>Deutschlandfunk<\/strong> eingeladen, einige unserer St\u00fccke live im <strong>Funkhaus<\/strong> des DLF f\u00fcr die Radiosendung <em>Sonntagsspaziergang<\/em>\u00a0zum besten zu geben &#8211; Ihr k\u00f6nnt am <strong>22.09.2019<\/strong> entweder live bei diesem kleinen Konzert dabei sein oder im DLF um <strong>11:30<\/strong> Uhr das Radio anschalten \ud83d\ude42<\/p>\n<p class=\"jetpack-slideshow-noscript robots-nocontent\">This slideshow requires JavaScript.<\/p><div id=\"gallery-694-6-slideshow\" class=\"slideshow-window jetpack-slideshow slideshow-black\" data-trans=\"fade\" data-autostart=\"1\" data-gallery=\"[{&quot;src&quot;:&quot;http:\\\/\\\/tovte.de\\\/wp-content\\\/uploads\\\/2019\\\/10\\\/c6781948-17db-4413-9244-d4499e5bcd5f-700x525.jpg&quot;,&quot;id&quot;:&quot;608&quot;,&quot;title&quot;:&quot;c6781948-17db-4413-9244-d4499e5bcd5f&quot;,&quot;alt&quot;:&quot;&quot;,&quot;caption&quot;:&quot;&quot;,&quot;itemprop&quot;:&quot;image&quot;},{&quot;src&quot;:&quot;http:\\\/\\\/tovte.de\\\/wp-content\\\/uploads\\\/2019\\\/10\\\/d537404f-d6e3-4e23-bd44-821a766d27fe-700x525.jpg&quot;,&quot;id&quot;:&quot;610&quot;,&quot;title&quot;:&quot;d537404f-d6e3-4e23-bd44-821a766d27fe&quot;,&quot;alt&quot;:&quot;&quot;,&quot;caption&quot;:&quot;&quot;,&quot;itemprop&quot;:&quot;image&quot;},{&quot;src&quot;:&quot;http:\\\/\\\/tovte.de\\\/wp-content\\\/uploads\\\/2019\\\/10\\\/092a1d8a-810f-4fa7-96fe-07869aadefe0-700x525.jpg&quot;,&quot;id&quot;:&quot;609&quot;,&quot;title&quot;:&quot;092a1d8a-810f-4fa7-96fe-07869aadefe0&quot;,&quot;alt&quot;:&quot;&quot;,&quot;caption&quot;:&quot;&quot;,&quot;itemprop&quot;:&quot;image&quot;},{&quot;src&quot;:&quot;http:\\\/\\\/tovte.de\\\/wp-content\\\/uploads\\\/2019\\\/10\\\/71ebb485-742e-45d7-8a83-67fec224b500-700x525.jpg&quot;,&quot;id&quot;:&quot;615&quot;,&quot;title&quot;:&quot;71ebb485-742e-45d7-8a83-67fec224b500&quot;,&quot;alt&quot;:&quot;&quot;,&quot;caption&quot;:&quot;&quot;,&quot;itemprop&quot;:&quot;image&quot;}]\" itemscope itemtype=\"https:\/\/schema.org\/ImageGallery\"><\/div>\n<hr \/>\n<p><strong>CREOLE NRW SONDERPREIS AN TOVTE<\/strong><\/p>\n<p>Wowi! Wir sind Preistr\u00e4ger im\u00a0<strong>Creole NRW\u00a0 Wettbewerb<\/strong> 2019!<\/p>\n<p><strong><img decoding=\"async\" loading=\"lazy\" class=\"wp-image-626 aligncenter\" src=\"http:\/\/tovte.de\/wp-content\/uploads\/2019\/10\/Creole-2019-1.jpg\" alt=\"\" width=\"457\" height=\"457\" srcset=\"http:\/\/tovte.de\/wp-content\/uploads\/2019\/10\/Creole-2019-1.jpg 826w, http:\/\/tovte.de\/wp-content\/uploads\/2019\/10\/Creole-2019-1-150x150.jpg 150w, http:\/\/tovte.de\/wp-content\/uploads\/2019\/10\/Creole-2019-1-300x300.jpg 300w, http:\/\/tovte.de\/wp-content\/uploads\/2019\/10\/Creole-2019-1-768x768.jpg 768w, http:\/\/tovte.de\/wp-content\/uploads\/2019\/10\/Creole-2019-1-700x700.jpg 700w, http:\/\/tovte.de\/wp-content\/uploads\/2019\/10\/Creole-2019-1-535x535.jpg 535w\" sizes=\"(max-width: 457px) 100vw, 457px\" \/><\/strong><\/p>\n<p>Am 14.09.19 durften wir beim Finale im <em>domicil\u00a0<\/em>Dortmund\u00a0gegen zehn top Bands aus der Weltmusikszene in NRW antreten und wurden am Ende mit dem <strong>DEW21 Sonderpreis<\/strong> ausgezeichnet!<\/p>\n<hr \/>\n<h5>Video Release &#8211; Youtube Chanel<\/h5>\n<p>Wir sind ab sofort auch auf <a href=\"https:\/\/www.youtube.com\/channel\/UCkb-9RsTd9THVoQsr9anWvw\">YouTube<\/a>! Hier unser neues Video <a href=\"https:\/\/www.youtube.com\/watch?v=bUJUpO2KRE4\">&#8222;Caf\u00e9 Franck (Cappuccino Blues)&#8220;\u00a0<\/a><\/p>\n<hr \/>\n<h5>Neue Fotos<\/h5>\n<p>Was macht man, wenn man Zuwachs bekommt? Fotos nat\u00fcrlich! Wir freuen uns sehr \u00fcber exquisite neue <a href=\"http:\/\/tovte.de\/en\/media\/galerie\/\">Band Fotos<\/a> von der wunderbaren Fotografin <a href=\"https:\/\/fotografievivienschulte.blogspot.com\/\">Vivien Schulte<\/a><\/p>\n<hr \/>\n<h5>Musikvideo Dreh<\/h5>\n<p>&#8222;Und Action!&#8220; &#8211; Am Sonntag 10.02.2019 hatten wir die Ehre mit Christian Mono von <a href=\"https:\/\/www.vorzeigekind.de\/\">Vorzeigekind Videoproduktionen<\/a>\u00a0ein Musikvideo von unserem Song &#8222;Caf\u00e9 Frank (Cappuccino Blues)&#8220; zu drehen. \u00a0Wir durften die erste Version bereits sehen und sind absolut begeistert von Christians Arbeit! Aufgenommen wurde in einer alten Fabrik in Arnsberg hier ein paar Eindr\u00fccke:<\/p>\n<p class=\"jetpack-slideshow-noscript robots-nocontent\">This slideshow requires JavaScript.<\/p><div id=\"gallery-694-8-slideshow\" class=\"slideshow-window jetpack-slideshow slideshow-black\" data-trans=\"fade\" data-autostart=\"1\" data-gallery=\"[{&quot;src&quot;:&quot;http:\\\/\\\/tovte.de\\\/wp-content\\\/uploads\\\/2019\\\/02\\\/IMG_0140-700x525.jpg&quot;,&quot;id&quot;:&quot;479&quot;,&quot;title&quot;:&quot;&quot;,&quot;alt&quot;:&quot;&quot;,&quot;caption&quot;:&quot;&quot;,&quot;itemprop&quot;:&quot;image&quot;},{&quot;src&quot;:&quot;http:\\\/\\\/tovte.de\\\/wp-content\\\/uploads\\\/2019\\\/02\\\/IMG_0138-700x525.jpg&quot;,&quot;id&quot;:&quot;478&quot;,&quot;title&quot;:&quot;&quot;,&quot;alt&quot;:&quot;&quot;,&quot;caption&quot;:&quot;&quot;,&quot;itemprop&quot;:&quot;image&quot;},{&quot;src&quot;:&quot;http:\\\/\\\/tovte.de\\\/wp-content\\\/uploads\\\/2019\\\/02\\\/8db9c79b-1c9e-4ada-8ad2-519b4915e7cb-700x700.jpg&quot;,&quot;id&quot;:&quot;477&quot;,&quot;title&quot;:&quot;&quot;,&quot;alt&quot;:&quot;&quot;,&quot;caption&quot;:&quot;&quot;,&quot;itemprop&quot;:&quot;image&quot;}]\" itemscope itemtype=\"https:\/\/schema.org\/ImageGallery\"><\/div>\n<hr \/>\n<h5>Unsere CD ist da!<\/h5>\n<p><img decoding=\"async\" loading=\"lazy\" class=\"size-large wp-image-446 alignright\" src=\"http:\/\/tovte.de\/wp-content\/uploads\/2018\/12\/F35D208F-C5ED-466D-B460-1EF96A392C2F-700x700.jpeg\" alt=\"\" width=\"700\" height=\"700\" \/>Liebe Klezmer-Freunde!<\/p>\n<p>Nachdem wir die erste Auflage unserer Debut &#8211; CD \u201eKrawalle und Lieder\u201c fast g\u00e4nzlich auf dem Pflasterzauber-Festival in Hildesheim ausverkauft haben, ist jetzt die zweite Auflage frisch gepresst bei uns eingetroffen und wartet auf alle, die eine Tovte-CD haben wollen &#8211; oder noch auf der Suche nach einem Weihnachtsgeschenk sind! \ud83d\ude42 F\u00fcr 15\u20ac ist sie euer eigen!\u00a0Alle Bestellungen, die bis zum 20.12., 10 Uhr bei uns eingehen, werden vor dem 24.12. per Post bei euch sein!<\/p>\n<hr \/>\n<h5>Konzert am 15.12., ab 19h bei der \u201e\u00dcbernacht\u201c im KunstWerk Arnsberg<\/h5>\n<h5><img decoding=\"async\" loading=\"lazy\" class=\"size-full wp-image-476 alignleft\" src=\"http:\/\/tovte.de\/wp-content\/uploads\/2019\/02\/IMG_0152.jpg\" alt=\"\" width=\"640\" height=\"640\" srcset=\"http:\/\/tovte.de\/wp-content\/uploads\/2019\/02\/IMG_0152.jpg 640w, http:\/\/tovte.de\/wp-content\/uploads\/2019\/02\/IMG_0152-150x150.jpg 150w, http:\/\/tovte.de\/wp-content\/uploads\/2019\/02\/IMG_0152-300x300.jpg 300w, http:\/\/tovte.de\/wp-content\/uploads\/2019\/02\/IMG_0152-535x535.jpg 535w\" sizes=\"(max-width: 640px) 100vw, 640px\" \/><\/h5>\n<hr \/>\n<h5>KOnzert im Caf\u00e8 Fridolin<\/h5>\n<p>Wir spielen am 07.12.2018 im wundersch\u00f6nen Caf\u00e9 Fridolin an der Venloer-Stra\u00dfe in K\u00f6ln Ehrenfeld! Kommt vorbei!<\/p>\n<p><img decoding=\"async\" loading=\"lazy\" class=\"wp-image-423 alignleft\" src=\"http:\/\/tovte.de\/wp-content\/uploads\/2018\/11\/20181125_180244-700x1014.jpg\" alt=\"\" width=\"266\" height=\"386\" srcset=\"http:\/\/tovte.de\/wp-content\/uploads\/2018\/11\/20181125_180244-700x1014.jpg 700w, http:\/\/tovte.de\/wp-content\/uploads\/2018\/11\/20181125_180244-207x300.jpg 207w, http:\/\/tovte.de\/wp-content\/uploads\/2018\/11\/20181125_180244-768x1113.jpg 768w, http:\/\/tovte.de\/wp-content\/uploads\/2018\/11\/20181125_180244.jpg 1104w\" sizes=\"(max-width: 266px) 100vw, 266px\" \/><\/p>\n<hr \/>\n<h5>Tovte\u00a0IN D\u00dcSSELDORF AM 12.09.2018<\/h5>\n<p>Am Mittwoch\u00a0um 18:00 Uhr er\u00f6ffnen wir musikalisch eine spannende Ausstellung des Konfuzius-Institut zum Thema <a href=\"https:\/\/www.konfuzius-duesseldorf.de\/veranstaltungen\">&#8222;J\u00fcdische Fl\u00fcchtlinge in Shanghai&#8220;<\/a>\u00a0in der <a href=\"https:\/\/www.duesseldorf.de\/vhs.html\">Volkshochschule D\u00fcsseldorf<\/a><\/p>\n<hr \/>\n<h5>Festival Pflasterzauber Hildesheim 07.-09.09.2018<\/h5>\n<p>vom 07. bis zum 08.09.2018 sind wir beim <a href=\"http:\/\/www.pflasterzauber.de\">Hildesheimer Pflasterzauber<\/a> zu Gast. An zwei Tagen werden wir auf den Stra\u00dfen f\u00fcr gute Stimmung sorgen.\u00a0Wir freuen uns schon riesig!<\/p>\n<hr \/>\n<h5>Konzert in D\u00fcsseldorf am 06.07.2018<\/h5>\n<p>Am Freitag spielen wir im wunderbaren Caf\u00e9 &#8222;Wie im Himmel&#8220; in\u00a0 D\u00fcsseldorf!<\/p>\n<hr \/>\n<h5>Epk video<\/h5>\n<p>Unser <a href=\"http:\/\/tovte.de\/en\/media\/videos\/\">Video EPK <\/a>ist fertig!<\/p>\n<hr \/>\n<h5>Neue Musik<\/h5>\n<p>Hier k\u00f6nnt <a href=\"http:\/\/tovte.de\/en\/media\/musik\/\">ihr einen ersten Eindruck\u00a0<\/a>unserer CD\u00a0bekommen<\/p>\n<hr \/>\n<h5>Neue FOTOS<\/h5>\n<p>Unser Fotoshootings mit\u00a0<a href=\"http:\/\/rebeccaterbraak.de\">Rebecca ter Braak<\/a>\u00a0hat total viel Spa\u00df gemacht und vor allem: Die <a href=\"http:\/\/tovte.de\/en\/media\/galerie\/\">Ergebnisse <\/a>sehen umwerfend aus &#8211; \u00fcberzeugt euch selbst!<\/p>\n<hr \/>\n<h5>Video-Dreh und EPK<\/h5>\n<p>Anfang Februar haben wir das Gl\u00fcck mit der fantastischen <a href=\"http:\/\/rebeccaterbraak.de\">Rebecca ter Braak<\/a> Videos, Aufnahmen und Fotos machen zu d\u00fcrfen! Wir freuen uns darauf! Vielleicht sehen wir uns ja spontan beim Videodreh \ud83d\ude42<\/p>\n<hr \/>\n<h5><strong>Hauskonzert<\/strong><\/h5>\n<p>Am 20.01.18 spielen wir ein Hauskonzert in D\u00fcsseldorf!<\/p>\n<hr \/>\n<h5>CD Produktion<\/h5>\n<p>Nach einer tollen Aufnahmesession in Aachen, arbeiten wir gerade flei\u00dfig an unserer ersten CD Produktion! Das fertige Album erscheint im Fr\u00fchjahr 2018 mit Eigenkompositionen und Klezmer Klassikern in typischen Tovte Arrangements \ud83d\ude09<\/p>\n<hr \/>\n<h5>Konzert Haus Graven<\/h5>\n<p>Liebe Leute &#8211; wir spielen am Freitag 16.09. in Langenfeld &#8211; Vorbeikommen lohnt sich &#8211;\u00a0das wird dufte!<\/p>\n<p><img decoding=\"async\" loading=\"lazy\" class=\"alignleft size-full wp-image-140\" src=\"http:\/\/tovte.de\/wp-content\/uploads\/2016\/09\/FlyerTovte.png\" alt=\"flyertovte\" width=\"3800\" height=\"4029\" srcset=\"http:\/\/tovte.de\/wp-content\/uploads\/2016\/09\/FlyerTovte.png 3800w, http:\/\/tovte.de\/wp-content\/uploads\/2016\/09\/FlyerTovte-283x300.png 283w, http:\/\/tovte.de\/wp-content\/uploads\/2016\/09\/FlyerTovte-768x814.png 768w, http:\/\/tovte.de\/wp-content\/uploads\/2016\/09\/FlyerTovte-966x1024.png 966w, http:\/\/tovte.de\/wp-content\/uploads\/2016\/09\/FlyerTovte-1024x1086.png 1024w, http:\/\/tovte.de\/wp-content\/uploads\/2016\/09\/FlyerTovte-1216x1289.png 1216w, http:\/\/tovte.de\/wp-content\/uploads\/2016\/09\/FlyerTovte-236x250.png 236w\" sizes=\"(max-width: 3800px) 100vw, 3800px\" \/><\/p>\n<hr \/>\n<h5>Wir spielen Wieder<\/h5>\n<hr \/>\n<p>Nach langer Konzert-Pause geht es endlich wieder los mit Live-Konzerten \ud83d\ude42 Wir freuen uns auf Auftritte in <a href=\"http:\/\/tovte.de\/en\/termine\/\">K\u00f6ln, W\u00fcrzburg, Chemnitz, im Sauerland und in Emsdetten<\/a>! Au\u00dferdem gibt es bald ein Online Konzert f\u00fcr die Caritas Solingen, also haltet die Ohren steif und gespitzt!<\/p>\n<hr \/>\n<h5>Video Release<\/h5>\n<p>Das Video unseres neuen St\u00fccks <a href=\"https:\/\/www.youtube.com\/watch?v=-vI9sU6Ksts\"><em>Regen<\/em> ist online<\/a>! Quarant\u00e4ne-bedingt von jedem unserer Bandmitglieder von zuhause aus gedreht, r\u00fccken wir uns (zumindest digital) ganz nah und stehen gemeinsam die aktuelle Schlechtwetterphase durch \ud83d\ude42<\/p>\n<hr \/>\n<h5>Lagerfeuer Deluxe<\/h5>\n<p>Wir freuen uns auf eine Akustik Session am <strong>Freitag<\/strong> <strong>22.11.2019,\u00a0<\/strong> zusammen mit zwei weiteren tollen Musikern <strong><em>Jan R\u00f6ttger <\/em><\/strong>und<strong><em> Sophie Sebald<\/em> <\/strong>im <strong>Jaki (am Stadtgarten)<\/strong>, los geht&#8217;s um 19:30 Uhr, <a href=\"https:\/\/t.rausgegangen.de\/tickets\/lagerfeuer-deluxe-mit-jan-rottger-stereo-naked-melissa-audre?fbclid=IwAR3UxCShOWLmX3pk1JdSEyYivtRWupUD1-7yPrGgQq7X_iYXrMxVOPhYxmw\">Tickets 12\u20ac regul\u00e4r unter rausgegangen.de<\/a>,\u00a0weitere Infos unter <a href=\"https:\/\/www.facebook.com\/events\/505635250214179\/\">Lagerfeuer Deluxe<\/a><\/p>\n<hr \/>\n<h5>Musik in den H\u00e4usern der Stadt<\/h5>\n<p>Am <strong>14.11.2019<\/strong> spielen wir in der<strong> K\u00f6lner Syagogengemeinschaft<\/strong> im Rahmen des Festivals <strong>&#8222;Musik in den H\u00e4usern der Stadt&#8220;.<\/strong> Wir freuen uns schon sehr! Das Konzert startet um 19:00 Uhr, Tickets 22\/ 15\u20ac,\u00a0 unter <a href=\"https:\/\/www.kunstsalon.de\/veranstaltung\/musik-in-den-haeusern-der-stadt-2019-koeln-konzert-10\/\">www.Kunstsalon.de<\/a><\/p>\n<hr \/>\n<h5>Online Release Krawalle &amp; Lieder<\/h5>\n<p>Ab dem <strong>04.11.2019<\/strong> ist unser Album auch bei <strong><a href=\"https:\/\/open.spotify.com\/artist\/3AdmLqn1PAW7617ZLG5hWY?si=Pi1XpxkITx6lXxseACWNZQ\">Spotify<\/a>, <a href=\"https:\/\/www.amazon.de\/Krawalle-Lieder-Tovte\/dp\/B07Z4RQ8G2\/ref=sr_1_1?__mk_de_DE=%C3%85M%C3%85%C5%BD%C3%95%C3%91&amp;keywords=krawalle+und+lieder&amp;qid=1573460720&amp;s=music&amp;sr=8-1\">Amazon music<\/a>, <a href=\"https:\/\/music.apple.com\/de\/artist\/tovte\/1483607705?l=en\">Apple music<\/a><\/strong> und weiteren Musikportalen erh\u00e4ltlich!<\/p>\n<hr \/>\n<h5>Deutschlandfunk<\/h5>\n<p>Wir wurden vom <strong>Deutschlandfunk<\/strong> eingeladen, einige unserer St\u00fccke live im <strong>Funkhaus<\/strong> des DLF f\u00fcr die Radiosendung <em>Sonntagsspaziergang<\/em>\u00a0zum besten zu geben &#8211; Ihr k\u00f6nnt am <strong>22.09.2019<\/strong> entweder live bei diesem kleinen Konzert dabei sein oder im DLF um <strong>11:30<\/strong> Uhr das Radio anschalten \ud83d\ude42<\/p>\n<p class=\"jetpack-slideshow-noscript robots-nocontent\">This slideshow requires JavaScript.<\/p><div id=\"gallery-694-10-slideshow\" class=\"slideshow-window jetpack-slideshow slideshow-black\" data-trans=\"fade\" data-autostart=\"1\" data-gallery=\"[{&quot;src&quot;:&quot;http:\\\/\\\/tovte.de\\\/wp-content\\\/uploads\\\/2019\\\/10\\\/c6781948-17db-4413-9244-d4499e5bcd5f-700x525.jpg&quot;,&quot;id&quot;:&quot;608&quot;,&quot;title&quot;:&quot;c6781948-17db-4413-9244-d4499e5bcd5f&quot;,&quot;alt&quot;:&quot;&quot;,&quot;caption&quot;:&quot;&quot;,&quot;itemprop&quot;:&quot;image&quot;},{&quot;src&quot;:&quot;http:\\\/\\\/tovte.de\\\/wp-content\\\/uploads\\\/2019\\\/10\\\/d537404f-d6e3-4e23-bd44-821a766d27fe-700x525.jpg&quot;,&quot;id&quot;:&quot;610&quot;,&quot;title&quot;:&quot;d537404f-d6e3-4e23-bd44-821a766d27fe&quot;,&quot;alt&quot;:&quot;&quot;,&quot;caption&quot;:&quot;&quot;,&quot;itemprop&quot;:&quot;image&quot;},{&quot;src&quot;:&quot;http:\\\/\\\/tovte.de\\\/wp-content\\\/uploads\\\/2019\\\/10\\\/092a1d8a-810f-4fa7-96fe-07869aadefe0-700x525.jpg&quot;,&quot;id&quot;:&quot;609&quot;,&quot;title&quot;:&quot;092a1d8a-810f-4fa7-96fe-07869aadefe0&quot;,&quot;alt&quot;:&quot;&quot;,&quot;caption&quot;:&quot;&quot;,&quot;itemprop&quot;:&quot;image&quot;},{&quot;src&quot;:&quot;http:\\\/\\\/tovte.de\\\/wp-content\\\/uploads\\\/2019\\\/10\\\/71ebb485-742e-45d7-8a83-67fec224b500-700x525.jpg&quot;,&quot;id&quot;:&quot;615&quot;,&quot;title&quot;:&quot;71ebb485-742e-45d7-8a83-67fec224b500&quot;,&quot;alt&quot;:&quot;&quot;,&quot;caption&quot;:&quot;&quot;,&quot;itemprop&quot;:&quot;image&quot;}]\" itemscope itemtype=\"https:\/\/schema.org\/ImageGallery\"><\/div>\n<hr \/>\n<p><strong>CREOLE NRW SONDERPREIS AN TOVTE<\/strong><\/p>\n<p>Wowi! Wir sind Preistr\u00e4ger im\u00a0<strong>Creole NRW\u00a0 Wettbewerb<\/strong> 2019!<\/p>\n<p><strong><img decoding=\"async\" loading=\"lazy\" class=\"wp-image-626 aligncenter\" src=\"http:\/\/tovte.de\/wp-content\/uploads\/2019\/10\/Creole-2019-1.jpg\" alt=\"\" width=\"457\" height=\"457\" srcset=\"http:\/\/tovte.de\/wp-content\/uploads\/2019\/10\/Creole-2019-1.jpg 826w, http:\/\/tovte.de\/wp-content\/uploads\/2019\/10\/Creole-2019-1-150x150.jpg 150w, http:\/\/tovte.de\/wp-content\/uploads\/2019\/10\/Creole-2019-1-300x300.jpg 300w, http:\/\/tovte.de\/wp-content\/uploads\/2019\/10\/Creole-2019-1-768x768.jpg 768w, http:\/\/tovte.de\/wp-content\/uploads\/2019\/10\/Creole-2019-1-700x700.jpg 700w, http:\/\/tovte.de\/wp-content\/uploads\/2019\/10\/Creole-2019-1-535x535.jpg 535w\" sizes=\"(max-width: 457px) 100vw, 457px\" \/><\/strong><\/p>\n<p>Am 14.09.19 durften wir beim Finale im <em>domicil\u00a0<\/em>Dortmund\u00a0gegen zehn top Bands aus der Weltmusikszene in NRW antreten und wurden am Ende mit dem <strong>DEW21 Sonderpreis<\/strong> ausgezeichnet!<\/p>\n<hr \/>\n<h5>Video Release &#8211; Youtube Chanel<\/h5>\n<p>Wir sind ab sofort auch auf <a href=\"https:\/\/www.youtube.com\/channel\/UCkb-9RsTd9THVoQsr9anWvw\">YouTube<\/a>! Hier unser neues Video <a href=\"https:\/\/www.youtube.com\/watch?v=bUJUpO2KRE4\">&#8222;Caf\u00e9 Franck (Cappuccino Blues)&#8220;\u00a0<\/a><\/p>\n<hr \/>\n<h5>Neue Fotos<\/h5>\n<p>Was macht man, wenn man Zuwachs bekommt? Fotos nat\u00fcrlich! Wir freuen uns sehr \u00fcber exquisite neue <a href=\"http:\/\/tovte.de\/en\/media\/galerie\/\">Band Fotos<\/a> von der wunderbaren Fotografin <a href=\"https:\/\/fotografievivienschulte.blogspot.com\/\">Vivien Schulte<\/a><\/p>\n<hr \/>\n<h5>Musikvideo Dreh<\/h5>\n<p>&#8222;Und Action!&#8220; &#8211; Am Sonntag 10.02.2019 hatten wir die Ehre mit Christian Mono von <a href=\"https:\/\/www.vorzeigekind.de\/\">Vorzeigekind Videoproduktionen<\/a>\u00a0ein Musikvideo von unserem Song &#8222;Caf\u00e9 Frank (Cappuccino Blues)&#8220; zu drehen. \u00a0Wir durften die erste Version bereits sehen und sind absolut begeistert von Christians Arbeit! Aufgenommen wurde in einer alten Fabrik in Arnsberg hier ein paar Eindr\u00fccke:<\/p>\n<p class=\"jetpack-slideshow-noscript robots-nocontent\">This slideshow requires JavaScript.<\/p><div id=\"gallery-694-12-slideshow\" class=\"slideshow-window jetpack-slideshow slideshow-black\" data-trans=\"fade\" data-autostart=\"1\" data-gallery=\"[{&quot;src&quot;:&quot;http:\\\/\\\/tovte.de\\\/wp-content\\\/uploads\\\/2019\\\/02\\\/IMG_0140-700x525.jpg&quot;,&quot;id&quot;:&quot;479&quot;,&quot;title&quot;:&quot;&quot;,&quot;alt&quot;:&quot;&quot;,&quot;caption&quot;:&quot;&quot;,&quot;itemprop&quot;:&quot;image&quot;},{&quot;src&quot;:&quot;http:\\\/\\\/tovte.de\\\/wp-content\\\/uploads\\\/2019\\\/02\\\/IMG_0138-700x525.jpg&quot;,&quot;id&quot;:&quot;478&quot;,&quot;title&quot;:&quot;&quot;,&quot;alt&quot;:&quot;&quot;,&quot;caption&quot;:&quot;&quot;,&quot;itemprop&quot;:&quot;image&quot;},{&quot;src&quot;:&quot;http:\\\/\\\/tovte.de\\\/wp-content\\\/uploads\\\/2019\\\/02\\\/8db9c79b-1c9e-4ada-8ad2-519b4915e7cb-700x700.jpg&quot;,&quot;id&quot;:&quot;477&quot;,&quot;title&quot;:&quot;&quot;,&quot;alt&quot;:&quot;&quot;,&quot;caption&quot;:&quot;&quot;,&quot;itemprop&quot;:&quot;image&quot;}]\" itemscope itemtype=\"https:\/\/schema.org\/ImageGallery\"><\/div>\n<hr \/>\n<h5>Unsere CD ist da!<\/h5>\n<p><img decoding=\"async\" loading=\"lazy\" class=\"size-large wp-image-446 alignright\" src=\"http:\/\/tovte.de\/wp-content\/uploads\/2018\/12\/F35D208F-C5ED-466D-B460-1EF96A392C2F-700x700.jpeg\" alt=\"\" width=\"700\" height=\"700\" \/>Liebe Klezmer-Freunde!<\/p>\n<p>Nachdem wir die erste Auflage unserer Debut &#8211; CD \u201eKrawalle und Lieder\u201c fast g\u00e4nzlich auf dem Pflasterzauber-Festival in Hildesheim ausverkauft haben, ist jetzt die zweite Auflage frisch gepresst bei uns eingetroffen und wartet auf alle, die eine Tovte-CD haben wollen &#8211; oder noch auf der Suche nach einem Weihnachtsgeschenk sind! \ud83d\ude42 F\u00fcr 15\u20ac ist sie euer eigen!\u00a0Alle Bestellungen, die bis zum 20.12., 10 Uhr bei uns eingehen, werden vor dem 24.12. per Post bei euch sein!<\/p>\n<hr \/>\n<h5>Konzert am 15.12., ab 19h bei der \u201e\u00dcbernacht\u201c im KunstWerk Arnsberg<\/h5>\n<h5><img decoding=\"async\" loading=\"lazy\" class=\"size-full wp-image-476 alignleft\" src=\"http:\/\/tovte.de\/wp-content\/uploads\/2019\/02\/IMG_0152.jpg\" alt=\"\" width=\"640\" height=\"640\" srcset=\"http:\/\/tovte.de\/wp-content\/uploads\/2019\/02\/IMG_0152.jpg 640w, http:\/\/tovte.de\/wp-content\/uploads\/2019\/02\/IMG_0152-150x150.jpg 150w, http:\/\/tovte.de\/wp-content\/uploads\/2019\/02\/IMG_0152-300x300.jpg 300w, http:\/\/tovte.de\/wp-content\/uploads\/2019\/02\/IMG_0152-535x535.jpg 535w\" sizes=\"(max-width: 640px) 100vw, 640px\" \/><\/h5>\n<hr \/>\n<h5>KOnzert im Caf\u00e8 Fridolin<\/h5>\n<p>Wir spielen am 07.12.2018 im wundersch\u00f6nen Caf\u00e9 Fridolin an der Venloer-Stra\u00dfe in K\u00f6ln Ehrenfeld! Kommt vorbei!<\/p>\n<p><img decoding=\"async\" loading=\"lazy\" class=\"wp-image-423 alignleft\" src=\"http:\/\/tovte.de\/wp-content\/uploads\/2018\/11\/20181125_180244-700x1014.jpg\" alt=\"\" width=\"266\" height=\"386\" srcset=\"http:\/\/tovte.de\/wp-content\/uploads\/2018\/11\/20181125_180244-700x1014.jpg 700w, http:\/\/tovte.de\/wp-content\/uploads\/2018\/11\/20181125_180244-207x300.jpg 207w, http:\/\/tovte.de\/wp-content\/uploads\/2018\/11\/20181125_180244-768x1113.jpg 768w, http:\/\/tovte.de\/wp-content\/uploads\/2018\/11\/20181125_180244.jpg 1104w\" sizes=\"(max-width: 266px) 100vw, 266px\" \/><\/p>\n<hr \/>\n<h5>Tovte\u00a0IN D\u00dcSSELDORF AM 12.09.2018<\/h5>\n<p>Am Mittwoch\u00a0um 18:00 Uhr er\u00f6ffnen wir musikalisch eine spannende Ausstellung des Konfuzius-Institut zum Thema <a href=\"https:\/\/www.konfuzius-duesseldorf.de\/veranstaltungen\">&#8222;J\u00fcdische Fl\u00fcchtlinge in Shanghai&#8220;<\/a>\u00a0in der <a href=\"https:\/\/www.duesseldorf.de\/vhs.html\">Volkshochschule D\u00fcsseldorf<\/a><\/p>\n<hr \/>\n<h5>Festival Pflasterzauber Hildesheim 07.-09.09.2018<\/h5>\n<p>vom 07. bis zum 08.09.2018 sind wir beim <a href=\"http:\/\/www.pflasterzauber.de\">Hildesheimer Pflasterzauber<\/a> zu Gast. An zwei Tagen werden wir auf den Stra\u00dfen f\u00fcr gute Stimmung sorgen.\u00a0Wir freuen uns schon riesig!<\/p>\n<hr \/>\n<h5>Konzert in D\u00fcsseldorf am 06.07.2018<\/h5>\n<p>Am Freitag spielen wir im wunderbaren Caf\u00e9 &#8222;Wie im Himmel&#8220; in\u00a0 D\u00fcsseldorf!<\/p>\n<hr \/>\n<h5>Epk video<\/h5>\n<p>Unser <a href=\"http:\/\/tovte.de\/en\/media\/videos\/\">Video EPK <\/a>ist fertig!<\/p>\n<hr \/>\n<h5>Neue Musik<\/h5>\n<p>Hier k\u00f6nnt <a href=\"http:\/\/tovte.de\/en\/media\/musik\/\">ihr einen ersten Eindruck\u00a0<\/a>unserer CD\u00a0bekommen<\/p>\n<hr \/>\n<h5>Neue FOTOS<\/h5>\n<p>Unser Fotoshootings mit\u00a0<a href=\"http:\/\/rebeccaterbraak.de\">Rebecca ter Braak<\/a>\u00a0hat total viel Spa\u00df gemacht und vor allem: Die <a href=\"http:\/\/tovte.de\/en\/media\/galerie\/\">Ergebnisse <\/a>sehen umwerfend aus &#8211; \u00fcberzeugt euch selbst!<\/p>\n<hr \/>\n<h5>Video-Dreh und EPK<\/h5>\n<p>Anfang Februar haben wir das Gl\u00fcck mit der fantastischen <a href=\"http:\/\/rebeccaterbraak.de\">Rebecca ter Braak<\/a> Videos, Aufnahmen und Fotos machen zu d\u00fcrfen! Wir freuen uns darauf! Vielleicht sehen wir uns ja spontan beim Videodreh \ud83d\ude42<\/p>\n<hr \/>\n<h5><strong>Hauskonzert<\/strong><\/h5>\n<p>Am 20.01.18 spielen wir ein Hauskonzert in D\u00fcsseldorf!<\/p>\n<hr \/>\n<h5>CD Produktion<\/h5>\n<p>Nach einer tollen Aufnahmesession in Aachen, arbeiten wir gerade flei\u00dfig an unserer ersten CD Produktion! Das fertige Album erscheint im Fr\u00fchjahr 2018 mit Eigenkompositionen und Klezmer Klassikern in typischen Tovte Arrangements \ud83d\ude09<\/p>\n<hr \/>\n<h5>Konzert Haus Graven<\/h5>\n<p>Liebe Leute &#8211; wir spielen am Freitag 16.09. in Langenfeld &#8211; Vorbeikommen lohnt sich &#8211;\u00a0das wird dufte!<\/p>\n<p><img decoding=\"async\" loading=\"lazy\" class=\"alignleft size-full wp-image-140\" src=\"http:\/\/tovte.de\/wp-content\/uploads\/2016\/09\/FlyerTovte.png\" alt=\"flyertovte\" width=\"3800\" height=\"4029\" srcset=\"http:\/\/tovte.de\/wp-content\/uploads\/2016\/09\/FlyerTovte.png 3800w, http:\/\/tovte.de\/wp-content\/uploads\/2016\/09\/FlyerTovte-283x300.png 283w, http:\/\/tovte.de\/wp-content\/uploads\/2016\/09\/FlyerTovte-768x814.png 768w, http:\/\/tovte.de\/wp-content\/uploads\/2016\/09\/FlyerTovte-966x1024.png 966w, http:\/\/tovte.de\/wp-content\/uploads\/2016\/09\/FlyerTovte-1024x1086.png 1024w, http:\/\/tovte.de\/wp-content\/uploads\/2016\/09\/FlyerTovte-1216x1289.png 1216w, http:\/\/tovte.de\/wp-content\/uploads\/2016\/09\/FlyerTovte-236x250.png 236w\" sizes=\"(max-width: 3800px) 100vw, 3800px\" \/><\/p>\n<hr \/>\n<h5>Wir spielen Wieder<\/h5>\n<p>Nach langer Konzert-Pause geht es endlich wieder los mit Live-Konzerten \ud83d\ude42 Wir freuen uns auf Auftritte in <a href=\"http:\/\/tovte.de\/en\/termine\/\">K\u00f6ln, W\u00fcrzburg, Chemnitz, im Sauerland und in Emsdetten<\/a>! Au\u00dferdem gibt es bald ein Online Konzert f\u00fcr die Caritas Solingen, also haltet die Ohren steif und gespitzt!<\/p>\n<h5>Wir spielen Wieder<\/h5>\n<hr \/>\n<p>Nach langer Konzert-Pause geht es endlich wieder los mit Live-Konzerten \ud83d\ude42 Wir freuen uns auf Auftritte in <a href=\"http:\/\/tovte.de\/en\/termine\/\">K\u00f6ln, W\u00fcrzburg, Chemnitz, im Sauerland und in Emsdetten<\/a>! Au\u00dferdem gibt es bald ein Online Konzert f\u00fcr die Caritas Solingen, also haltet die Ohren steif und gespitzt!<\/p>\n<hr \/>\n<h5>Video Release<\/h5>\n<p>Das Video unseres neuen St\u00fccks <a href=\"https:\/\/www.youtube.com\/watch?v=-vI9sU6Ksts\"><em>Regen<\/em> ist online<\/a>! Quarant\u00e4ne-bedingt von jedem unserer Bandmitglieder von zuhause aus gedreht, r\u00fccken wir uns (zumindest digital) ganz nah und stehen gemeinsam die aktuelle Schlechtwetterphase durch \ud83d\ude42<\/p>\n<hr \/>\n<h5>Lagerfeuer Deluxe<\/h5>\n<p>Wir freuen uns auf eine Akustik Session am <strong>Freitag<\/strong> <strong>22.11.2019,\u00a0<\/strong> zusammen mit zwei weiteren tollen Musikern <strong><em>Jan R\u00f6ttger <\/em><\/strong>und<strong><em> Sophie Sebald<\/em> <\/strong>im <strong>Jaki (am Stadtgarten)<\/strong>, los geht&#8217;s um 19:30 Uhr, <a href=\"https:\/\/t.rausgegangen.de\/tickets\/lagerfeuer-deluxe-mit-jan-rottger-stereo-naked-melissa-audre?fbclid=IwAR3UxCShOWLmX3pk1JdSEyYivtRWupUD1-7yPrGgQq7X_iYXrMxVOPhYxmw\">Tickets 12\u20ac regul\u00e4r unter rausgegangen.de<\/a>,\u00a0weitere Infos unter <a href=\"https:\/\/www.facebook.com\/events\/505635250214179\/\">Lagerfeuer Deluxe<\/a><\/p>\n<hr \/>\n<h5>Musik in den H\u00e4usern der Stadt<\/h5>\n<p>Am <strong>14.11.2019<\/strong> spielen wir in der<strong> K\u00f6lner Syagogengemeinschaft<\/strong> im Rahmen des Festivals <strong>&#8222;Musik in den H\u00e4usern der Stadt&#8220;.<\/strong> Wir freuen uns schon sehr! Das Konzert startet um 19:00 Uhr, Tickets 22\/ 15\u20ac,\u00a0 unter <a href=\"https:\/\/www.kunstsalon.de\/veranstaltung\/musik-in-den-haeusern-der-stadt-2019-koeln-konzert-10\/\">www.Kunstsalon.de<\/a><\/p>\n<hr \/>\n<h5>Online Release Krawalle &amp; Lieder<\/h5>\n<p>Ab dem <strong>04.11.2019<\/strong> ist unser Album auch bei <strong><a href=\"https:\/\/open.spotify.com\/artist\/3AdmLqn1PAW7617ZLG5hWY?si=Pi1XpxkITx6lXxseACWNZQ\">Spotify<\/a>, <a href=\"https:\/\/www.amazon.de\/Krawalle-Lieder-Tovte\/dp\/B07Z4RQ8G2\/ref=sr_1_1?__mk_de_DE=%C3%85M%C3%85%C5%BD%C3%95%C3%91&amp;keywords=krawalle+und+lieder&amp;qid=1573460720&amp;s=music&amp;sr=8-1\">Amazon music<\/a>, <a href=\"https:\/\/music.apple.com\/de\/artist\/tovte\/1483607705?l=en\">Apple music<\/a><\/strong> und weiteren Musikportalen erh\u00e4ltlich!<\/p>\n<hr \/>\n<h5>Deutschlandfunk<\/h5>\n<p>Wir wurden vom <strong>Deutschlandfunk<\/strong> eingeladen, einige unserer St\u00fccke live im <strong>Funkhaus<\/strong> des DLF f\u00fcr die Radiosendung <em>Sonntagsspaziergang<\/em>\u00a0zum besten zu geben &#8211; Ihr k\u00f6nnt am <strong>22.09.2019<\/strong> entweder live bei diesem kleinen Konzert dabei sein oder im DLF um <strong>11:30<\/strong> Uhr das Radio anschalten \ud83d\ude42<\/p>\n<p class=\"jetpack-slideshow-noscript robots-nocontent\">This slideshow requires JavaScript.<\/p><div id=\"gallery-694-14-slideshow\" class=\"slideshow-window jetpack-slideshow slideshow-black\" data-trans=\"fade\" data-autostart=\"1\" data-gallery=\"[{&quot;src&quot;:&quot;http:\\\/\\\/tovte.de\\\/wp-content\\\/uploads\\\/2019\\\/10\\\/c6781948-17db-4413-9244-d4499e5bcd5f-700x525.jpg&quot;,&quot;id&quot;:&quot;608&quot;,&quot;title&quot;:&quot;c6781948-17db-4413-9244-d4499e5bcd5f&quot;,&quot;alt&quot;:&quot;&quot;,&quot;caption&quot;:&quot;&quot;,&quot;itemprop&quot;:&quot;image&quot;},{&quot;src&quot;:&quot;http:\\\/\\\/tovte.de\\\/wp-content\\\/uploads\\\/2019\\\/10\\\/d537404f-d6e3-4e23-bd44-821a766d27fe-700x525.jpg&quot;,&quot;id&quot;:&quot;610&quot;,&quot;title&quot;:&quot;d537404f-d6e3-4e23-bd44-821a766d27fe&quot;,&quot;alt&quot;:&quot;&quot;,&quot;caption&quot;:&quot;&quot;,&quot;itemprop&quot;:&quot;image&quot;},{&quot;src&quot;:&quot;http:\\\/\\\/tovte.de\\\/wp-content\\\/uploads\\\/2019\\\/10\\\/092a1d8a-810f-4fa7-96fe-07869aadefe0-700x525.jpg&quot;,&quot;id&quot;:&quot;609&quot;,&quot;title&quot;:&quot;092a1d8a-810f-4fa7-96fe-07869aadefe0&quot;,&quot;alt&quot;:&quot;&quot;,&quot;caption&quot;:&quot;&quot;,&quot;itemprop&quot;:&quot;image&quot;},{&quot;src&quot;:&quot;http:\\\/\\\/tovte.de\\\/wp-content\\\/uploads\\\/2019\\\/10\\\/71ebb485-742e-45d7-8a83-67fec224b500-700x525.jpg&quot;,&quot;id&quot;:&quot;615&quot;,&quot;title&quot;:&quot;71ebb485-742e-45d7-8a83-67fec224b500&quot;,&quot;alt&quot;:&quot;&quot;,&quot;caption&quot;:&quot;&quot;,&quot;itemprop&quot;:&quot;image&quot;}]\" itemscope itemtype=\"https:\/\/schema.org\/ImageGallery\"><\/div>\n<hr \/>\n<p><strong>CREOLE NRW SONDERPREIS AN TOVTE<\/strong><\/p>\n<p>Wowi! Wir sind Preistr\u00e4ger im\u00a0<strong>Creole NRW\u00a0 Wettbewerb<\/strong> 2019!<\/p>\n<p><strong><img decoding=\"async\" loading=\"lazy\" class=\"wp-image-626 aligncenter\" src=\"http:\/\/tovte.de\/wp-content\/uploads\/2019\/10\/Creole-2019-1.jpg\" alt=\"\" width=\"457\" height=\"457\" srcset=\"http:\/\/tovte.de\/wp-content\/uploads\/2019\/10\/Creole-2019-1.jpg 826w, http:\/\/tovte.de\/wp-content\/uploads\/2019\/10\/Creole-2019-1-150x150.jpg 150w, http:\/\/tovte.de\/wp-content\/uploads\/2019\/10\/Creole-2019-1-300x300.jpg 300w, http:\/\/tovte.de\/wp-content\/uploads\/2019\/10\/Creole-2019-1-768x768.jpg 768w, http:\/\/tovte.de\/wp-content\/uploads\/2019\/10\/Creole-2019-1-700x700.jpg 700w, http:\/\/tovte.de\/wp-content\/uploads\/2019\/10\/Creole-2019-1-535x535.jpg 535w\" sizes=\"(max-width: 457px) 100vw, 457px\" \/><\/strong><\/p>\n<p>Am 14.09.19 durften wir beim Finale im <em>domicil\u00a0<\/em>Dortmund\u00a0gegen zehn top Bands aus der Weltmusikszene in NRW antreten und wurden am Ende mit dem <strong>DEW21 Sonderpreis<\/strong> ausgezeichnet!<\/p>\n<hr \/>\n<h5>Video Release &#8211; Youtube Chanel<\/h5>\n<p>Wir sind ab sofort auch auf <a href=\"https:\/\/www.youtube.com\/channel\/UCkb-9RsTd9THVoQsr9anWvw\">YouTube<\/a>! Hier unser neues Video <a href=\"https:\/\/www.youtube.com\/watch?v=bUJUpO2KRE4\">&#8222;Caf\u00e9 Franck (Cappuccino Blues)&#8220;\u00a0<\/a><\/p>\n<hr \/>\n<h5>Neue Fotos<\/h5>\n<p>Was macht man, wenn man Zuwachs bekommt? Fotos nat\u00fcrlich! Wir freuen uns sehr \u00fcber exquisite neue <a href=\"http:\/\/tovte.de\/en\/media\/galerie\/\">Band Fotos<\/a> von der wunderbaren Fotografin <a href=\"https:\/\/fotografievivienschulte.blogspot.com\/\">Vivien Schulte<\/a><\/p>\n<hr \/>\n<h5>Musikvideo Dreh<\/h5>\n<p>&#8222;Und Action!&#8220; &#8211; Am Sonntag 10.02.2019 hatten wir die Ehre mit Christian Mono von <a href=\"https:\/\/www.vorzeigekind.de\/\">Vorzeigekind Videoproduktionen<\/a>\u00a0ein Musikvideo von unserem Song &#8222;Caf\u00e9 Frank (Cappuccino Blues)&#8220; zu drehen. \u00a0Wir durften die erste Version bereits sehen und sind absolut begeistert von Christians Arbeit! Aufgenommen wurde in einer alten Fabrik in Arnsberg hier ein paar Eindr\u00fccke:<\/p>\n<p class=\"jetpack-slideshow-noscript robots-nocontent\">This slideshow requires JavaScript.<\/p><div id=\"gallery-694-16-slideshow\" class=\"slideshow-window jetpack-slideshow slideshow-black\" data-trans=\"fade\" data-autostart=\"1\" data-gallery=\"[{&quot;src&quot;:&quot;http:\\\/\\\/tovte.de\\\/wp-content\\\/uploads\\\/2019\\\/02\\\/IMG_0140-700x525.jpg&quot;,&quot;id&quot;:&quot;479&quot;,&quot;title&quot;:&quot;&quot;,&quot;alt&quot;:&quot;&quot;,&quot;caption&quot;:&quot;&quot;,&quot;itemprop&quot;:&quot;image&quot;},{&quot;src&quot;:&quot;http:\\\/\\\/tovte.de\\\/wp-content\\\/uploads\\\/2019\\\/02\\\/IMG_0138-700x525.jpg&quot;,&quot;id&quot;:&quot;478&quot;,&quot;title&quot;:&quot;&quot;,&quot;alt&quot;:&quot;&quot;,&quot;caption&quot;:&quot;&quot;,&quot;itemprop&quot;:&quot;image&quot;},{&quot;src&quot;:&quot;http:\\\/\\\/tovte.de\\\/wp-content\\\/uploads\\\/2019\\\/02\\\/8db9c79b-1c9e-4ada-8ad2-519b4915e7cb-700x700.jpg&quot;,&quot;id&quot;:&quot;477&quot;,&quot;title&quot;:&quot;&quot;,&quot;alt&quot;:&quot;&quot;,&quot;caption&quot;:&quot;&quot;,&quot;itemprop&quot;:&quot;image&quot;}]\" itemscope itemtype=\"https:\/\/schema.org\/ImageGallery\"><\/div>\n<hr \/>\n<h5>Unsere CD ist da!<\/h5>\n<p><img decoding=\"async\" loading=\"lazy\" class=\"size-large wp-image-446 alignright\" src=\"http:\/\/tovte.de\/wp-content\/uploads\/2018\/12\/F35D208F-C5ED-466D-B460-1EF96A392C2F-700x700.jpeg\" alt=\"\" width=\"700\" height=\"700\" \/>Liebe Klezmer-Freunde!<\/p>\n<p>Nachdem wir die erste Auflage unserer Debut &#8211; CD \u201eKrawalle und Lieder\u201c fast g\u00e4nzlich auf dem Pflasterzauber-Festival in Hildesheim ausverkauft haben, ist jetzt die zweite Auflage frisch gepresst bei uns eingetroffen und wartet auf alle, die eine Tovte-CD haben wollen &#8211; oder noch auf der Suche nach einem Weihnachtsgeschenk sind! \ud83d\ude42 F\u00fcr 15\u20ac ist sie euer eigen!\u00a0Alle Bestellungen, die bis zum 20.12., 10 Uhr bei uns eingehen, werden vor dem 24.12. per Post bei euch sein!<\/p>\n<hr \/>\n<h5>Konzert am 15.12., ab 19h bei der \u201e\u00dcbernacht\u201c im KunstWerk Arnsberg<\/h5>\n<h5><img decoding=\"async\" loading=\"lazy\" class=\"size-full wp-image-476 alignleft\" src=\"http:\/\/tovte.de\/wp-content\/uploads\/2019\/02\/IMG_0152.jpg\" alt=\"\" width=\"640\" height=\"640\" srcset=\"http:\/\/tovte.de\/wp-content\/uploads\/2019\/02\/IMG_0152.jpg 640w, http:\/\/tovte.de\/wp-content\/uploads\/2019\/02\/IMG_0152-150x150.jpg 150w, http:\/\/tovte.de\/wp-content\/uploads\/2019\/02\/IMG_0152-300x300.jpg 300w, http:\/\/tovte.de\/wp-content\/uploads\/2019\/02\/IMG_0152-535x535.jpg 535w\" sizes=\"(max-width: 640px) 100vw, 640px\" \/><\/h5>\n<hr \/>\n<h5>KOnzert im Caf\u00e8 Fridolin<\/h5>\n<p>Wir spielen am 07.12.2018 im wundersch\u00f6nen Caf\u00e9 Fridolin an der Venloer-Stra\u00dfe in K\u00f6ln Ehrenfeld! Kommt vorbei!<\/p>\n<p><img decoding=\"async\" loading=\"lazy\" class=\"wp-image-423 alignleft\" src=\"http:\/\/tovte.de\/wp-content\/uploads\/2018\/11\/20181125_180244-700x1014.jpg\" alt=\"\" width=\"266\" height=\"386\" srcset=\"http:\/\/tovte.de\/wp-content\/uploads\/2018\/11\/20181125_180244-700x1014.jpg 700w, http:\/\/tovte.de\/wp-content\/uploads\/2018\/11\/20181125_180244-207x300.jpg 207w, http:\/\/tovte.de\/wp-content\/uploads\/2018\/11\/20181125_180244-768x1113.jpg 768w, http:\/\/tovte.de\/wp-content\/uploads\/2018\/11\/20181125_180244.jpg 1104w\" sizes=\"(max-width: 266px) 100vw, 266px\" \/><\/p>\n<hr \/>\n<h5>Tovte\u00a0IN D\u00dcSSELDORF AM 12.09.2018<\/h5>\n<p>Am Mittwoch\u00a0um 18:00 Uhr er\u00f6ffnen wir musikalisch eine spannende Ausstellung des Konfuzius-Institut zum Thema <a href=\"https:\/\/www.konfuzius-duesseldorf.de\/veranstaltungen\">&#8222;J\u00fcdische Fl\u00fcchtlinge in Shanghai&#8220;<\/a>\u00a0in der <a href=\"https:\/\/www.duesseldorf.de\/vhs.html\">Volkshochschule D\u00fcsseldorf<\/a><\/p>\n<hr \/>\n<h5>Festival Pflasterzauber Hildesheim 07.-09.09.2018<\/h5>\n<p>vom 07. bis zum 08.09.2018 sind wir beim <a href=\"http:\/\/www.pflasterzauber.de\">Hildesheimer Pflasterzauber<\/a> zu Gast. An zwei Tagen werden wir auf den Stra\u00dfen f\u00fcr gute Stimmung sorgen.\u00a0Wir freuen uns schon riesig!<\/p>\n<hr \/>\n<h5>Konzert in D\u00fcsseldorf am 06.07.2018<\/h5>\n<p>Am Freitag spielen wir im wunderbaren Caf\u00e9 &#8222;Wie im Himmel&#8220; in\u00a0 D\u00fcsseldorf!<\/p>\n<hr \/>\n<h5>Epk video<\/h5>\n<p>Unser <a href=\"http:\/\/tovte.de\/en\/media\/videos\/\">Video EPK <\/a>ist fertig!<\/p>\n<hr \/>\n<h5>Neue Musik<\/h5>\n<p>Hier k\u00f6nnt <a href=\"http:\/\/tovte.de\/en\/media\/musik\/\">ihr einen ersten Eindruck\u00a0<\/a>unserer CD\u00a0bekommen<\/p>\n<hr \/>\n<h5>Neue FOTOS<\/h5>\n<p>Unser Fotoshootings mit\u00a0<a href=\"http:\/\/rebeccaterbraak.de\">Rebecca ter Braak<\/a>\u00a0hat total viel Spa\u00df gemacht und vor allem: Die <a href=\"http:\/\/tovte.de\/en\/media\/galerie\/\">Ergebnisse <\/a>sehen umwerfend aus &#8211; \u00fcberzeugt euch selbst!<\/p>\n<hr \/>\n<h5>Video-Dreh und EPK<\/h5>\n<p>Anfang Februar haben wir das Gl\u00fcck mit der fantastischen <a href=\"http:\/\/rebeccaterbraak.de\">Rebecca ter Braak<\/a> Videos, Aufnahmen und Fotos machen zu d\u00fcrfen! Wir freuen uns darauf! Vielleicht sehen wir uns ja spontan beim Videodreh \ud83d\ude42<\/p>\n<hr \/>\n<h5><strong>Hauskonzert<\/strong><\/h5>\n<p>Am 20.01.18 spielen wir ein Hauskonzert in D\u00fcsseldorf!<\/p>\n<hr \/>\n<h5>CD Produktion<\/h5>\n<p>Nach einer tollen Aufnahmesession in Aachen, arbeiten wir gerade flei\u00dfig an unserer ersten CD Produktion! Das fertige Album erscheint im Fr\u00fchjahr 2018 mit Eigenkompositionen und Klezmer Klassikern in typischen Tovte Arrangements \ud83d\ude09<\/p>\n<hr \/>\n<h5>Konzert Haus Graven<\/h5>\n<p>Liebe Leute &#8211; wir spielen am Freitag 16.09. in Langenfeld &#8211; Vorbeikommen lohnt sich &#8211;\u00a0das wird dufte!<\/p>\n<p><img decoding=\"async\" loading=\"lazy\" class=\"alignleft size-full wp-image-140\" src=\"http:\/\/tovte.de\/wp-content\/uploads\/2016\/09\/FlyerTovte.png\" alt=\"flyertovte\" width=\"3800\" height=\"4029\" srcset=\"http:\/\/tovte.de\/wp-content\/uploads\/2016\/09\/FlyerTovte.png 3800w, http:\/\/tovte.de\/wp-content\/uploads\/2016\/09\/FlyerTovte-283x300.png 283w, http:\/\/tovte.de\/wp-content\/uploads\/2016\/09\/FlyerTovte-768x814.png 768w, http:\/\/tovte.de\/wp-content\/uploads\/2016\/09\/FlyerTovte-966x1024.png 966w, http:\/\/tovte.de\/wp-content\/uploads\/2016\/09\/FlyerTovte-1024x1086.png 1024w, http:\/\/tovte.de\/wp-content\/uploads\/2016\/09\/FlyerTovte-1216x1289.png 1216w, http:\/\/tovte.de\/wp-content\/uploads\/2016\/09\/FlyerTovte-236x250.png 236w\" sizes=\"(max-width: 3800px) 100vw, 3800px\" \/><\/p>\n<hr \/>\n<h5>Wir spielen Wieder<\/h5>\n<p>Nach langer Konzert-Pause geht es endlich wieder los mit Live-Konzerten \ud83d\ude42 Wir freuen uns auf Auftritte in <a href=\"http:\/\/tovte.de\/en\/termine\/\">K\u00f6ln, W\u00fcrzburg, Chemnitz, im Sauerland und in Emsdetten<\/a>! Au\u00dferdem gibt es bald ein Online Konzert f\u00fcr die Caritas Solingen, also haltet die Ohren steif und gespitzt!<\/p>\n<h5>Wir spielen Wieder<\/h5>\n<hr \/>\n<p>Nach langer Konzert-Pause geht es endlich wieder los mit Live-Konzerten \ud83d\ude42 Wir freuen uns auf Auftritte in <a href=\"http:\/\/tovte.de\/en\/termine\/\">K\u00f6ln, W\u00fcrzburg, Chemnitz, im Sauerland und in Emsdetten<\/a>! Au\u00dferdem gibt es bald ein Online Konzert f\u00fcr die Caritas Solingen, also haltet die Ohren steif und gespitzt!<\/p>\n<hr \/>\n<h5>Video Release<\/h5>\n<p>Das Video unseres neuen St\u00fccks <a href=\"https:\/\/www.youtube.com\/watch?v=-vI9sU6Ksts\"><em>Regen<\/em> ist online<\/a>! Quarant\u00e4ne-bedingt von jedem unserer Bandmitglieder von zuhause aus gedreht, r\u00fccken wir uns (zumindest digital) ganz nah und stehen gemeinsam die aktuelle Schlechtwetterphase durch \ud83d\ude42<\/p>\n<hr \/>\n<h5>Lagerfeuer Deluxe<\/h5>\n<p>Wir freuen uns auf eine Akustik Session am <strong>Freitag<\/strong> <strong>22.11.2019,\u00a0<\/strong> zusammen mit zwei weiteren tollen Musikern <strong><em>Jan R\u00f6ttger <\/em><\/strong>und<strong><em> Sophie Sebald<\/em> <\/strong>im <strong>Jaki (am Stadtgarten)<\/strong>, los geht&#8217;s um 19:30 Uhr, <a href=\"https:\/\/t.rausgegangen.de\/tickets\/lagerfeuer-deluxe-mit-jan-rottger-stereo-naked-melissa-audre?fbclid=IwAR3UxCShOWLmX3pk1JdSEyYivtRWupUD1-7yPrGgQq7X_iYXrMxVOPhYxmw\">Tickets 12\u20ac regul\u00e4r unter rausgegangen.de<\/a>,\u00a0weitere Infos unter <a href=\"https:\/\/www.facebook.com\/events\/505635250214179\/\">Lagerfeuer Deluxe<\/a><\/p>\n<hr \/>\n<h5>Musik in den H\u00e4usern der Stadt<\/h5>\n<p>Am <strong>14.11.2019<\/strong> spielen wir in der<strong> K\u00f6lner Syagogengemeinschaft<\/strong> im Rahmen des Festivals <strong>&#8222;Musik in den H\u00e4usern der Stadt&#8220;.<\/strong> Wir freuen uns schon sehr! Das Konzert startet um 19:00 Uhr, Tickets 22\/ 15\u20ac,\u00a0 unter <a href=\"https:\/\/www.kunstsalon.de\/veranstaltung\/musik-in-den-haeusern-der-stadt-2019-koeln-konzert-10\/\">www.Kunstsalon.de<\/a><\/p>\n<hr \/>\n<h5>Online Release Krawalle &amp; Lieder<\/h5>\n<p>Ab dem <strong>04.11.2019<\/strong> ist unser Album auch bei <strong><a href=\"https:\/\/open.spotify.com\/artist\/3AdmLqn1PAW7617ZLG5hWY?si=Pi1XpxkITx6lXxseACWNZQ\">Spotify<\/a>, <a href=\"https:\/\/www.amazon.de\/Krawalle-Lieder-Tovte\/dp\/B07Z4RQ8G2\/ref=sr_1_1?__mk_de_DE=%C3%85M%C3%85%C5%BD%C3%95%C3%91&amp;keywords=krawalle+und+lieder&amp;qid=1573460720&amp;s=music&amp;sr=8-1\">Amazon music<\/a>, <a href=\"https:\/\/music.apple.com\/de\/artist\/tovte\/1483607705?l=en\">Apple music<\/a><\/strong> und weiteren Musikportalen erh\u00e4ltlich!<\/p>\n<hr \/>\n<h5>Deutschlandfunk<\/h5>\n<p>Wir wurden vom <strong>Deutschlandfunk<\/strong> eingeladen, einige unserer St\u00fccke live im <strong>Funkhaus<\/strong> des DLF f\u00fcr die Radiosendung <em>Sonntagsspaziergang<\/em>\u00a0zum besten zu geben &#8211; Ihr k\u00f6nnt am <strong>22.09.2019<\/strong> entweder live bei diesem kleinen Konzert dabei sein oder im DLF um <strong>11:30<\/strong> Uhr das Radio anschalten \ud83d\ude42<\/p>\n<p class=\"jetpack-slideshow-noscript robots-nocontent\">This slideshow requires JavaScript.<\/p><div id=\"gallery-694-18-slideshow\" class=\"slideshow-window jetpack-slideshow slideshow-black\" data-trans=\"fade\" data-autostart=\"1\" data-gallery=\"[{&quot;src&quot;:&quot;http:\\\/\\\/tovte.de\\\/wp-content\\\/uploads\\\/2019\\\/10\\\/c6781948-17db-4413-9244-d4499e5bcd5f-700x525.jpg&quot;,&quot;id&quot;:&quot;608&quot;,&quot;title&quot;:&quot;c6781948-17db-4413-9244-d4499e5bcd5f&quot;,&quot;alt&quot;:&quot;&quot;,&quot;caption&quot;:&quot;&quot;,&quot;itemprop&quot;:&quot;image&quot;},{&quot;src&quot;:&quot;http:\\\/\\\/tovte.de\\\/wp-content\\\/uploads\\\/2019\\\/10\\\/d537404f-d6e3-4e23-bd44-821a766d27fe-700x525.jpg&quot;,&quot;id&quot;:&quot;610&quot;,&quot;title&quot;:&quot;d537404f-d6e3-4e23-bd44-821a766d27fe&quot;,&quot;alt&quot;:&quot;&quot;,&quot;caption&quot;:&quot;&quot;,&quot;itemprop&quot;:&quot;image&quot;},{&quot;src&quot;:&quot;http:\\\/\\\/tovte.de\\\/wp-content\\\/uploads\\\/2019\\\/10\\\/092a1d8a-810f-4fa7-96fe-07869aadefe0-700x525.jpg&quot;,&quot;id&quot;:&quot;609&quot;,&quot;title&quot;:&quot;092a1d8a-810f-4fa7-96fe-07869aadefe0&quot;,&quot;alt&quot;:&quot;&quot;,&quot;caption&quot;:&quot;&quot;,&quot;itemprop&quot;:&quot;image&quot;},{&quot;src&quot;:&quot;http:\\\/\\\/tovte.de\\\/wp-content\\\/uploads\\\/2019\\\/10\\\/71ebb485-742e-45d7-8a83-67fec224b500-700x525.jpg&quot;,&quot;id&quot;:&quot;615&quot;,&quot;title&quot;:&quot;71ebb485-742e-45d7-8a83-67fec224b500&quot;,&quot;alt&quot;:&quot;&quot;,&quot;caption&quot;:&quot;&quot;,&quot;itemprop&quot;:&quot;image&quot;}]\" itemscope itemtype=\"https:\/\/schema.org\/ImageGallery\"><\/div>\n<hr \/>\n<p><strong>CREOLE NRW SONDERPREIS AN TOVTE<\/strong><\/p>\n<p>Wowi! Wir sind Preistr\u00e4ger im\u00a0<strong>Creole NRW\u00a0 Wettbewerb<\/strong> 2019!<\/p>\n<p><strong><img decoding=\"async\" loading=\"lazy\" class=\"wp-image-626 aligncenter\" src=\"http:\/\/tovte.de\/wp-content\/uploads\/2019\/10\/Creole-2019-1.jpg\" alt=\"\" width=\"457\" height=\"457\" srcset=\"http:\/\/tovte.de\/wp-content\/uploads\/2019\/10\/Creole-2019-1.jpg 826w, http:\/\/tovte.de\/wp-content\/uploads\/2019\/10\/Creole-2019-1-150x150.jpg 150w, http:\/\/tovte.de\/wp-content\/uploads\/2019\/10\/Creole-2019-1-300x300.jpg 300w, http:\/\/tovte.de\/wp-content\/uploads\/2019\/10\/Creole-2019-1-768x768.jpg 768w, http:\/\/tovte.de\/wp-content\/uploads\/2019\/10\/Creole-2019-1-700x700.jpg 700w, http:\/\/tovte.de\/wp-content\/uploads\/2019\/10\/Creole-2019-1-535x535.jpg 535w\" sizes=\"(max-width: 457px) 100vw, 457px\" \/><\/strong><\/p>\n<p>Am 14.09.19 durften wir beim Finale im <em>domicil\u00a0<\/em>Dortmund\u00a0gegen zehn top Bands aus der Weltmusikszene in NRW antreten und wurden am Ende mit dem <strong>DEW21 Sonderpreis<\/strong> ausgezeichnet!<\/p>\n<hr \/>\n<h5>Video Release &#8211; Youtube Chanel<\/h5>\n<p>Wir sind ab sofort auch auf <a href=\"https:\/\/www.youtube.com\/channel\/UCkb-9RsTd9THVoQsr9anWvw\">YouTube<\/a>! Hier unser neues Video <a href=\"https:\/\/www.youtube.com\/watch?v=bUJUpO2KRE4\">&#8222;Caf\u00e9 Franck (Cappuccino Blues)&#8220;\u00a0<\/a><\/p>\n<hr \/>\n<h5>Neue Fotos<\/h5>\n<p>Was macht man, wenn man Zuwachs bekommt? Fotos nat\u00fcrlich! Wir freuen uns sehr \u00fcber exquisite neue <a href=\"http:\/\/tovte.de\/en\/media\/galerie\/\">Band Fotos<\/a> von der wunderbaren Fotografin <a href=\"https:\/\/fotografievivienschulte.blogspot.com\/\">Vivien Schulte<\/a><\/p>\n<hr \/>\n<h5>Musikvideo Dreh<\/h5>\n<p>&#8222;Und Action!&#8220; &#8211; Am Sonntag 10.02.2019 hatten wir die Ehre mit Christian Mono von <a href=\"https:\/\/www.vorzeigekind.de\/\">Vorzeigekind Videoproduktionen<\/a>\u00a0ein Musikvideo von unserem Song &#8222;Caf\u00e9 Frank (Cappuccino Blues)&#8220; zu drehen. \u00a0Wir durften die erste Version bereits sehen und sind absolut begeistert von Christians Arbeit! Aufgenommen wurde in einer alten Fabrik in Arnsberg hier ein paar Eindr\u00fccke:<\/p>\n<p class=\"jetpack-slideshow-noscript robots-nocontent\">This slideshow requires JavaScript.<\/p><div id=\"gallery-694-20-slideshow\" class=\"slideshow-window jetpack-slideshow slideshow-black\" data-trans=\"fade\" data-autostart=\"1\" data-gallery=\"[{&quot;src&quot;:&quot;http:\\\/\\\/tovte.de\\\/wp-content\\\/uploads\\\/2019\\\/02\\\/IMG_0140-700x525.jpg&quot;,&quot;id&quot;:&quot;479&quot;,&quot;title&quot;:&quot;&quot;,&quot;alt&quot;:&quot;&quot;,&quot;caption&quot;:&quot;&quot;,&quot;itemprop&quot;:&quot;image&quot;},{&quot;src&quot;:&quot;http:\\\/\\\/tovte.de\\\/wp-content\\\/uploads\\\/2019\\\/02\\\/IMG_0138-700x525.jpg&quot;,&quot;id&quot;:&quot;478&quot;,&quot;title&quot;:&quot;&quot;,&quot;alt&quot;:&quot;&quot;,&quot;caption&quot;:&quot;&quot;,&quot;itemprop&quot;:&quot;image&quot;},{&quot;src&quot;:&quot;http:\\\/\\\/tovte.de\\\/wp-content\\\/uploads\\\/2019\\\/02\\\/8db9c79b-1c9e-4ada-8ad2-519b4915e7cb-700x700.jpg&quot;,&quot;id&quot;:&quot;477&quot;,&quot;title&quot;:&quot;&quot;,&quot;alt&quot;:&quot;&quot;,&quot;caption&quot;:&quot;&quot;,&quot;itemprop&quot;:&quot;image&quot;}]\" itemscope itemtype=\"https:\/\/schema.org\/ImageGallery\"><\/div>\n<hr \/>\n<h5>Unsere CD ist da!<\/h5>\n<p><img decoding=\"async\" loading=\"lazy\" class=\"size-large wp-image-446 alignright\" src=\"http:\/\/tovte.de\/wp-content\/uploads\/2018\/12\/F35D208F-C5ED-466D-B460-1EF96A392C2F-700x700.jpeg\" alt=\"\" width=\"700\" height=\"700\" \/>Liebe Klezmer-Freunde!<\/p>\n<p>Nachdem wir die erste Auflage unserer Debut &#8211; CD \u201eKrawalle und Lieder\u201c fast g\u00e4nzlich auf dem Pflasterzauber-Festival in Hildesheim ausverkauft haben, ist jetzt die zweite Auflage frisch gepresst bei uns eingetroffen und wartet auf alle, die eine Tovte-CD haben wollen &#8211; oder noch auf der Suche nach einem Weihnachtsgeschenk sind! \ud83d\ude42 F\u00fcr 15\u20ac ist sie euer eigen!\u00a0Alle Bestellungen, die bis zum 20.12., 10 Uhr bei uns eingehen, werden vor dem 24.12. per Post bei euch sein!<\/p>\n<hr \/>\n<h5>Konzert am 15.12., ab 19h bei der \u201e\u00dcbernacht\u201c im KunstWerk Arnsberg<\/h5>\n<h5><img decoding=\"async\" loading=\"lazy\" class=\"size-full wp-image-476 alignleft\" src=\"http:\/\/tovte.de\/wp-content\/uploads\/2019\/02\/IMG_0152.jpg\" alt=\"\" width=\"640\" height=\"640\" srcset=\"http:\/\/tovte.de\/wp-content\/uploads\/2019\/02\/IMG_0152.jpg 640w, http:\/\/tovte.de\/wp-content\/uploads\/2019\/02\/IMG_0152-150x150.jpg 150w, http:\/\/tovte.de\/wp-content\/uploads\/2019\/02\/IMG_0152-300x300.jpg 300w, http:\/\/tovte.de\/wp-content\/uploads\/2019\/02\/IMG_0152-535x535.jpg 535w\" sizes=\"(max-width: 640px) 100vw, 640px\" \/><\/h5>\n<hr \/>\n<h5>KOnzert im Caf\u00e8 Fridolin<\/h5>\n<p>Wir spielen am 07.12.2018 im wundersch\u00f6nen Caf\u00e9 Fridolin an der Venloer-Stra\u00dfe in K\u00f6ln Ehrenfeld! Kommt vorbei!<\/p>\n<p><img decoding=\"async\" loading=\"lazy\" class=\"wp-image-423 alignleft\" src=\"http:\/\/tovte.de\/wp-content\/uploads\/2018\/11\/20181125_180244-700x1014.jpg\" alt=\"\" width=\"266\" height=\"386\" srcset=\"http:\/\/tovte.de\/wp-content\/uploads\/2018\/11\/20181125_180244-700x1014.jpg 700w, http:\/\/tovte.de\/wp-content\/uploads\/2018\/11\/20181125_180244-207x300.jpg 207w, http:\/\/tovte.de\/wp-content\/uploads\/2018\/11\/20181125_180244-768x1113.jpg 768w, http:\/\/tovte.de\/wp-content\/uploads\/2018\/11\/20181125_180244.jpg 1104w\" sizes=\"(max-width: 266px) 100vw, 266px\" \/><\/p>\n<hr \/>\n<h5>Tovte\u00a0IN D\u00dcSSELDORF AM 12.09.2018<\/h5>\n<p>Am Mittwoch\u00a0um 18:00 Uhr er\u00f6ffnen wir musikalisch eine spannende Ausstellung des Konfuzius-Institut zum Thema <a href=\"https:\/\/www.konfuzius-duesseldorf.de\/veranstaltungen\">&#8222;J\u00fcdische Fl\u00fcchtlinge in Shanghai&#8220;<\/a>\u00a0in der <a href=\"https:\/\/www.duesseldorf.de\/vhs.html\">Volkshochschule D\u00fcsseldorf<\/a><\/p>\n<hr \/>\n<h5>Festival Pflasterzauber Hildesheim 07.-09.09.2018<\/h5>\n<p>vom 07. bis zum 08.09.2018 sind wir beim <a href=\"http:\/\/www.pflasterzauber.de\">Hildesheimer Pflasterzauber<\/a> zu Gast. An zwei Tagen werden wir auf den Stra\u00dfen f\u00fcr gute Stimmung sorgen.\u00a0Wir freuen uns schon riesig!<\/p>\n<hr \/>\n<h5>Konzert in D\u00fcsseldorf am 06.07.2018<\/h5>\n<p>Am Freitag spielen wir im wunderbaren Caf\u00e9 &#8222;Wie im Himmel&#8220; in\u00a0 D\u00fcsseldorf!<\/p>\n<hr \/>\n<h5>Epk video<\/h5>\n<p>Unser <a href=\"http:\/\/tovte.de\/en\/media\/videos\/\">Video EPK <\/a>ist fertig!<\/p>\n<hr \/>\n<h5>Neue Musik<\/h5>\n<p>Hier k\u00f6nnt <a href=\"http:\/\/tovte.de\/en\/media\/musik\/\">ihr einen ersten Eindruck\u00a0<\/a>unserer CD\u00a0bekommen<\/p>\n<hr \/>\n<h5>Neue FOTOS<\/h5>\n<p>Unser Fotoshootings mit\u00a0<a href=\"http:\/\/rebeccaterbraak.de\">Rebecca ter Braak<\/a>\u00a0hat total viel Spa\u00df gemacht und vor allem: Die <a href=\"http:\/\/tovte.de\/en\/media\/galerie\/\">Ergebnisse <\/a>sehen umwerfend aus &#8211; \u00fcberzeugt euch selbst!<\/p>\n<hr \/>\n<h5>Video-Dreh und EPK<\/h5>\n<p>Anfang Februar haben wir das Gl\u00fcck mit der fantastischen <a href=\"http:\/\/rebeccaterbraak.de\">Rebecca ter Braak<\/a> Videos, Aufnahmen und Fotos machen zu d\u00fcrfen! Wir freuen uns darauf! Vielleicht sehen wir uns ja spontan beim Videodreh \ud83d\ude42<\/p>\n<hr \/>\n<h5><strong>Hauskonzert<\/strong><\/h5>\n<p>Am 20.01.18 spielen wir ein Hauskonzert in D\u00fcsseldorf!<\/p>\n<hr \/>\n<h5>CD Produktion<\/h5>\n<p>Nach einer tollen Aufnahmesession in Aachen, arbeiten wir gerade flei\u00dfig an unserer ersten CD Produktion! Das fertige Album erscheint im Fr\u00fchjahr 2018 mit Eigenkompositionen und Klezmer Klassikern in typischen Tovte Arrangements \ud83d\ude09<\/p>\n<hr \/>\n<h5>Konzert Haus Graven<\/h5>\n<p>Liebe Leute &#8211; wir spielen am Freitag 16.09. in Langenfeld &#8211; Vorbeikommen lohnt sich &#8211;\u00a0das wird dufte!<\/p>\n<p><img decoding=\"async\" loading=\"lazy\" class=\"alignleft size-full wp-image-140\" src=\"http:\/\/tovte.de\/wp-content\/uploads\/2016\/09\/FlyerTovte.png\" alt=\"flyertovte\" width=\"3800\" height=\"4029\" srcset=\"http:\/\/tovte.de\/wp-content\/uploads\/2016\/09\/FlyerTovte.png 3800w, http:\/\/tovte.de\/wp-content\/uploads\/2016\/09\/FlyerTovte-283x300.png 283w, http:\/\/tovte.de\/wp-content\/uploads\/2016\/09\/FlyerTovte-768x814.png 768w, http:\/\/tovte.de\/wp-content\/uploads\/2016\/09\/FlyerTovte-966x1024.png 966w, http:\/\/tovte.de\/wp-content\/uploads\/2016\/09\/FlyerTovte-1024x1086.png 1024w, http:\/\/tovte.de\/wp-content\/uploads\/2016\/09\/FlyerTovte-1216x1289.png 1216w, http:\/\/tovte.de\/wp-content\/uploads\/2016\/09\/FlyerTovte-236x250.png 236w\" sizes=\"(max-width: 3800px) 100vw, 3800px\" \/><\/p>\n<hr \/>\n<h5>Wir spielen Wieder<\/h5>\n<hr \/>\n<p>Nach langer Konzert-Pause geht es endlich wieder los mit Live-Konzerten \ud83d\ude42 Wir freuen uns auf Auftritte in <a href=\"http:\/\/tovte.de\/en\/termine\/\">K\u00f6ln, W\u00fcrzburg, Chemnitz, im Sauerland und in Emsdetten<\/a>! Au\u00dferdem gibt es bald ein Online Konzert f\u00fcr die Caritas Solingen, also haltet die Ohren steif und gespitzt!<\/p>\n<hr \/>\n<h5>Video Release<\/h5>\n<p>Das Video unseres neuen St\u00fccks <a href=\"https:\/\/www.youtube.com\/watch?v=-vI9sU6Ksts\"><em>Regen<\/em> ist online<\/a>! Quarant\u00e4ne-bedingt von jedem unserer Bandmitglieder von zuhause aus gedreht, r\u00fccken wir uns (zumindest digital) ganz nah und stehen gemeinsam die aktuelle Schlechtwetterphase durch \ud83d\ude42<\/p>\n<hr \/>\n<h5>Lagerfeuer Deluxe<\/h5>\n<p>Wir freuen uns auf eine Akustik Session am <strong>Freitag<\/strong> <strong>22.11.2019,\u00a0<\/strong> zusammen mit zwei weiteren tollen Musikern <strong><em>Jan R\u00f6ttger <\/em><\/strong>und<strong><em> Sophie Sebald<\/em> <\/strong>im <strong>Jaki (am Stadtgarten)<\/strong>, los geht&#8217;s um 19:30 Uhr, <a href=\"https:\/\/t.rausgegangen.de\/tickets\/lagerfeuer-deluxe-mit-jan-rottger-stereo-naked-melissa-audre?fbclid=IwAR3UxCShOWLmX3pk1JdSEyYivtRWupUD1-7yPrGgQq7X_iYXrMxVOPhYxmw\">Tickets 12\u20ac regul\u00e4r unter rausgegangen.de<\/a>,\u00a0weitere Infos unter <a href=\"https:\/\/www.facebook.com\/events\/505635250214179\/\">Lagerfeuer Deluxe<\/a><\/p>\n<hr \/>\n<h5>Musik in den H\u00e4usern der Stadt<\/h5>\n<p>Am <strong>14.11.2019<\/strong> spielen wir in der<strong> K\u00f6lner Syagogengemeinschaft<\/strong> im Rahmen des Festivals <strong>&#8222;Musik in den H\u00e4usern der Stadt&#8220;.<\/strong> Wir freuen uns schon sehr! Das Konzert startet um 19:00 Uhr, Tickets 22\/ 15\u20ac,\u00a0 unter <a href=\"https:\/\/www.kunstsalon.de\/veranstaltung\/musik-in-den-haeusern-der-stadt-2019-koeln-konzert-10\/\">www.Kunstsalon.de<\/a><\/p>\n<hr \/>\n<h5>Online Release Krawalle &amp; Lieder<\/h5>\n<p>Ab dem <strong>04.11.2019<\/strong> ist unser Album auch bei <strong><a href=\"https:\/\/open.spotify.com\/artist\/3AdmLqn1PAW7617ZLG5hWY?si=Pi1XpxkITx6lXxseACWNZQ\">Spotify<\/a>, <a href=\"https:\/\/www.amazon.de\/Krawalle-Lieder-Tovte\/dp\/B07Z4RQ8G2\/ref=sr_1_1?__mk_de_DE=%C3%85M%C3%85%C5%BD%C3%95%C3%91&amp;keywords=krawalle+und+lieder&amp;qid=1573460720&amp;s=music&amp;sr=8-1\">Amazon music<\/a>, <a href=\"https:\/\/music.apple.com\/de\/artist\/tovte\/1483607705?l=en\">Apple music<\/a><\/strong> und weiteren Musikportalen erh\u00e4ltlich!<\/p>\n<hr \/>\n<h5>Deutschlandfunk<\/h5>\n<p>Wir wurden vom <strong>Deutschlandfunk<\/strong> eingeladen, einige unserer St\u00fccke live im <strong>Funkhaus<\/strong> des DLF f\u00fcr die Radiosendung <em>Sonntagsspaziergang<\/em>\u00a0zum besten zu geben &#8211; Ihr k\u00f6nnt am <strong>22.09.2019<\/strong> entweder live bei diesem kleinen Konzert dabei sein oder im DLF um <strong>11:30<\/strong> Uhr das Radio anschalten \ud83d\ude42<\/p>\n<p class=\"jetpack-slideshow-noscript robots-nocontent\">This slideshow requires JavaScript.<\/p><div id=\"gallery-694-22-slideshow\" class=\"slideshow-window jetpack-slideshow slideshow-black\" data-trans=\"fade\" data-autostart=\"1\" data-gallery=\"[{&quot;src&quot;:&quot;http:\\\/\\\/tovte.de\\\/wp-content\\\/uploads\\\/2019\\\/10\\\/c6781948-17db-4413-9244-d4499e5bcd5f-700x525.jpg&quot;,&quot;id&quot;:&quot;608&quot;,&quot;title&quot;:&quot;c6781948-17db-4413-9244-d4499e5bcd5f&quot;,&quot;alt&quot;:&quot;&quot;,&quot;caption&quot;:&quot;&quot;,&quot;itemprop&quot;:&quot;image&quot;},{&quot;src&quot;:&quot;http:\\\/\\\/tovte.de\\\/wp-content\\\/uploads\\\/2019\\\/10\\\/d537404f-d6e3-4e23-bd44-821a766d27fe-700x525.jpg&quot;,&quot;id&quot;:&quot;610&quot;,&quot;title&quot;:&quot;d537404f-d6e3-4e23-bd44-821a766d27fe&quot;,&quot;alt&quot;:&quot;&quot;,&quot;caption&quot;:&quot;&quot;,&quot;itemprop&quot;:&quot;image&quot;},{&quot;src&quot;:&quot;http:\\\/\\\/tovte.de\\\/wp-content\\\/uploads\\\/2019\\\/10\\\/092a1d8a-810f-4fa7-96fe-07869aadefe0-700x525.jpg&quot;,&quot;id&quot;:&quot;609&quot;,&quot;title&quot;:&quot;092a1d8a-810f-4fa7-96fe-07869aadefe0&quot;,&quot;alt&quot;:&quot;&quot;,&quot;caption&quot;:&quot;&quot;,&quot;itemprop&quot;:&quot;image&quot;},{&quot;src&quot;:&quot;http:\\\/\\\/tovte.de\\\/wp-content\\\/uploads\\\/2019\\\/10\\\/71ebb485-742e-45d7-8a83-67fec224b500-700x525.jpg&quot;,&quot;id&quot;:&quot;615&quot;,&quot;title&quot;:&quot;71ebb485-742e-45d7-8a83-67fec224b500&quot;,&quot;alt&quot;:&quot;&quot;,&quot;caption&quot;:&quot;&quot;,&quot;itemprop&quot;:&quot;image&quot;}]\" itemscope itemtype=\"https:\/\/schema.org\/ImageGallery\"><\/div>\n<hr \/>\n<p><strong>CREOLE NRW SONDERPREIS AN TOVTE<\/strong><\/p>\n<p>Wowi! Wir sind Preistr\u00e4ger im\u00a0<strong>Creole NRW\u00a0 Wettbewerb<\/strong> 2019!<\/p>\n<p><strong><img decoding=\"async\" loading=\"lazy\" class=\"wp-image-626 aligncenter\" src=\"http:\/\/tovte.de\/wp-content\/uploads\/2019\/10\/Creole-2019-1.jpg\" alt=\"\" width=\"457\" height=\"457\" srcset=\"http:\/\/tovte.de\/wp-content\/uploads\/2019\/10\/Creole-2019-1.jpg 826w, http:\/\/tovte.de\/wp-content\/uploads\/2019\/10\/Creole-2019-1-150x150.jpg 150w, http:\/\/tovte.de\/wp-content\/uploads\/2019\/10\/Creole-2019-1-300x300.jpg 300w, http:\/\/tovte.de\/wp-content\/uploads\/2019\/10\/Creole-2019-1-768x768.jpg 768w, http:\/\/tovte.de\/wp-content\/uploads\/2019\/10\/Creole-2019-1-700x700.jpg 700w, http:\/\/tovte.de\/wp-content\/uploads\/2019\/10\/Creole-2019-1-535x535.jpg 535w\" sizes=\"(max-width: 457px) 100vw, 457px\" \/><\/strong><\/p>\n<p>Am 14.09.19 durften wir beim Finale im <em>domicil\u00a0<\/em>Dortmund\u00a0gegen zehn top Bands aus der Weltmusikszene in NRW antreten und wurden am Ende mit dem <strong>DEW21 Sonderpreis<\/strong> ausgezeichnet!<\/p>\n<hr \/>\n<h5>Video Release &#8211; Youtube Chanel<\/h5>\n<p>Wir sind ab sofort auch auf <a href=\"https:\/\/www.youtube.com\/channel\/UCkb-9RsTd9THVoQsr9anWvw\">YouTube<\/a>! Hier unser neues Video <a href=\"https:\/\/www.youtube.com\/watch?v=bUJUpO2KRE4\">&#8222;Caf\u00e9 Franck (Cappuccino Blues)&#8220;\u00a0<\/a><\/p>\n<hr \/>\n<h5>Neue Fotos<\/h5>\n<p>Was macht man, wenn man Zuwachs bekommt? Fotos nat\u00fcrlich! Wir freuen uns sehr \u00fcber exquisite neue <a href=\"http:\/\/tovte.de\/en\/media\/galerie\/\">Band Fotos<\/a> von der wunderbaren Fotografin <a href=\"https:\/\/fotografievivienschulte.blogspot.com\/\">Vivien Schulte<\/a><\/p>\n<hr \/>\n<h5>Musikvideo Dreh<\/h5>\n<p>&#8222;Und Action!&#8220; &#8211; Am Sonntag 10.02.2019 hatten wir die Ehre mit Christian Mono von <a href=\"https:\/\/www.vorzeigekind.de\/\">Vorzeigekind Videoproduktionen<\/a>\u00a0ein Musikvideo von unserem Song &#8222;Caf\u00e9 Frank (Cappuccino Blues)&#8220; zu drehen. \u00a0Wir durften die erste Version bereits sehen und sind absolut begeistert von Christians Arbeit! Aufgenommen wurde in einer alten Fabrik in Arnsberg hier ein paar Eindr\u00fccke:<\/p>\n<p class=\"jetpack-slideshow-noscript robots-nocontent\">This slideshow requires JavaScript.<\/p><div id=\"gallery-694-24-slideshow\" class=\"slideshow-window jetpack-slideshow slideshow-black\" data-trans=\"fade\" data-autostart=\"1\" data-gallery=\"[{&quot;src&quot;:&quot;http:\\\/\\\/tovte.de\\\/wp-content\\\/uploads\\\/2019\\\/02\\\/IMG_0140-700x525.jpg&quot;,&quot;id&quot;:&quot;479&quot;,&quot;title&quot;:&quot;&quot;,&quot;alt&quot;:&quot;&quot;,&quot;caption&quot;:&quot;&quot;,&quot;itemprop&quot;:&quot;image&quot;},{&quot;src&quot;:&quot;http:\\\/\\\/tovte.de\\\/wp-content\\\/uploads\\\/2019\\\/02\\\/IMG_0138-700x525.jpg&quot;,&quot;id&quot;:&quot;478&quot;,&quot;title&quot;:&quot;&quot;,&quot;alt&quot;:&quot;&quot;,&quot;caption&quot;:&quot;&quot;,&quot;itemprop&quot;:&quot;image&quot;},{&quot;src&quot;:&quot;http:\\\/\\\/tovte.de\\\/wp-content\\\/uploads\\\/2019\\\/02\\\/8db9c79b-1c9e-4ada-8ad2-519b4915e7cb-700x700.jpg&quot;,&quot;id&quot;:&quot;477&quot;,&quot;title&quot;:&quot;&quot;,&quot;alt&quot;:&quot;&quot;,&quot;caption&quot;:&quot;&quot;,&quot;itemprop&quot;:&quot;image&quot;}]\" itemscope itemtype=\"https:\/\/schema.org\/ImageGallery\"><\/div>\n<hr \/>\n<h5>Unsere CD ist da!<\/h5>\n<p><img decoding=\"async\" loading=\"lazy\" class=\"size-large wp-image-446 alignright\" src=\"http:\/\/tovte.de\/wp-content\/uploads\/2018\/12\/F35D208F-C5ED-466D-B460-1EF96A392C2F-700x700.jpeg\" alt=\"\" width=\"700\" height=\"700\" \/>Liebe Klezmer-Freunde!<\/p>\n<p>Nachdem wir die erste Auflage unserer Debut &#8211; CD \u201eKrawalle und Lieder\u201c fast g\u00e4nzlich auf dem Pflasterzauber-Festival in Hildesheim ausverkauft haben, ist jetzt die zweite Auflage frisch gepresst bei uns eingetroffen und wartet auf alle, die eine Tovte-CD haben wollen &#8211; oder noch auf der Suche nach einem Weihnachtsgeschenk sind! \ud83d\ude42 F\u00fcr 15\u20ac ist sie euer eigen!\u00a0Alle Bestellungen, die bis zum 20.12., 10 Uhr bei uns eingehen, werden vor dem 24.12. per Post bei euch sein!<\/p>\n<hr \/>\n<h5>Konzert am 15.12., ab 19h bei der \u201e\u00dcbernacht\u201c im KunstWerk Arnsberg<\/h5>\n<h5><img decoding=\"async\" loading=\"lazy\" class=\"size-full wp-image-476 alignleft\" src=\"http:\/\/tovte.de\/wp-content\/uploads\/2019\/02\/IMG_0152.jpg\" alt=\"\" width=\"640\" height=\"640\" srcset=\"http:\/\/tovte.de\/wp-content\/uploads\/2019\/02\/IMG_0152.jpg 640w, http:\/\/tovte.de\/wp-content\/uploads\/2019\/02\/IMG_0152-150x150.jpg 150w, http:\/\/tovte.de\/wp-content\/uploads\/2019\/02\/IMG_0152-300x300.jpg 300w, http:\/\/tovte.de\/wp-content\/uploads\/2019\/02\/IMG_0152-535x535.jpg 535w\" sizes=\"(max-width: 640px) 100vw, 640px\" \/><\/h5>\n<hr \/>\n<h5>KOnzert im Caf\u00e8 Fridolin<\/h5>\n<p>Wir spielen am 07.12.2018 im wundersch\u00f6nen Caf\u00e9 Fridolin an der Venloer-Stra\u00dfe in K\u00f6ln Ehrenfeld! Kommt vorbei!<\/p>\n<p><img decoding=\"async\" loading=\"lazy\" class=\"wp-image-423 alignleft\" src=\"http:\/\/tovte.de\/wp-content\/uploads\/2018\/11\/20181125_180244-700x1014.jpg\" alt=\"\" width=\"266\" height=\"386\" srcset=\"http:\/\/tovte.de\/wp-content\/uploads\/2018\/11\/20181125_180244-700x1014.jpg 700w, http:\/\/tovte.de\/wp-content\/uploads\/2018\/11\/20181125_180244-207x300.jpg 207w, http:\/\/tovte.de\/wp-content\/uploads\/2018\/11\/20181125_180244-768x1113.jpg 768w, http:\/\/tovte.de\/wp-content\/uploads\/2018\/11\/20181125_180244.jpg 1104w\" sizes=\"(max-width: 266px) 100vw, 266px\" \/><\/p>\n<hr \/>\n<h5>Tovte\u00a0IN D\u00dcSSELDORF AM 12.09.2018<\/h5>\n<p>Am Mittwoch\u00a0um 18:00 Uhr er\u00f6ffnen wir musikalisch eine spannende Ausstellung des Konfuzius-Institut zum Thema <a href=\"https:\/\/www.konfuzius-duesseldorf.de\/veranstaltungen\">&#8222;J\u00fcdische Fl\u00fcchtlinge in Shanghai&#8220;<\/a>\u00a0in der <a href=\"https:\/\/www.duesseldorf.de\/vhs.html\">Volkshochschule D\u00fcsseldorf<\/a><\/p>\n<hr \/>\n<h5>Festival Pflasterzauber Hildesheim 07.-09.09.2018<\/h5>\n<p>vom 07. bis zum 08.09.2018 sind wir beim <a href=\"http:\/\/www.pflasterzauber.de\">Hildesheimer Pflasterzauber<\/a> zu Gast. An zwei Tagen werden wir auf den Stra\u00dfen f\u00fcr gute Stimmung sorgen.\u00a0Wir freuen uns schon riesig!<\/p>\n<hr \/>\n<h5>Konzert in D\u00fcsseldorf am 06.07.2018<\/h5>\n<p>Am Freitag spielen wir im wunderbaren Caf\u00e9 &#8222;Wie im Himmel&#8220; in\u00a0 D\u00fcsseldorf!<\/p>\n<hr \/>\n<h5>Epk video<\/h5>\n<p>Unser <a href=\"http:\/\/tovte.de\/en\/media\/videos\/\">Video EPK <\/a>ist fertig!<\/p>\n<hr \/>\n<h5>Neue Musik<\/h5>\n<p>Hier k\u00f6nnt <a href=\"http:\/\/tovte.de\/en\/media\/musik\/\">ihr einen ersten Eindruck\u00a0<\/a>unserer CD\u00a0bekommen<\/p>\n<hr \/>\n<h5>Neue FOTOS<\/h5>\n<p>Unser Fotoshootings mit\u00a0<a href=\"http:\/\/rebeccaterbraak.de\">Rebecca ter Braak<\/a>\u00a0hat total viel Spa\u00df gemacht und vor allem: Die <a href=\"http:\/\/tovte.de\/en\/media\/galerie\/\">Ergebnisse <\/a>sehen umwerfend aus &#8211; \u00fcberzeugt euch selbst!<\/p>\n<hr \/>\n<h5>Video-Dreh und EPK<\/h5>\n<p>Anfang Februar haben wir das Gl\u00fcck mit der fantastischen <a href=\"http:\/\/rebeccaterbraak.de\">Rebecca ter Braak<\/a> Videos, Aufnahmen und Fotos machen zu d\u00fcrfen! Wir freuen uns darauf! Vielleicht sehen wir uns ja spontan beim Videodreh \ud83d\ude42<\/p>\n<hr \/>\n<h5><strong>Hauskonzert<\/strong><\/h5>\n<p>Am 20.01.18 spielen wir ein Hauskonzert in D\u00fcsseldorf!<\/p>\n<hr \/>\n<h5>CD Produktion<\/h5>\n<p>Nach einer tollen Aufnahmesession in Aachen, arbeiten wir gerade flei\u00dfig an unserer ersten CD Produktion! Das fertige Album erscheint im Fr\u00fchjahr 2018 mit Eigenkompositionen und Klezmer Klassikern in typischen Tovte Arrangements \ud83d\ude09<\/p>\n<hr \/>\n<h5>Konzert Haus Graven<\/h5>\n<p>Liebe Leute &#8211; wir spielen am Freitag 16.09. in Langenfeld &#8211; Vorbeikommen lohnt sich &#8211;\u00a0das wird dufte!<\/p>\n<p><img decoding=\"async\" loading=\"lazy\" class=\"alignleft size-full wp-image-140\" src=\"http:\/\/tovte.de\/wp-content\/uploads\/2016\/09\/FlyerTovte.png\" alt=\"flyertovte\" width=\"3800\" height=\"4029\" srcset=\"http:\/\/tovte.de\/wp-content\/uploads\/2016\/09\/FlyerTovte.png 3800w, http:\/\/tovte.de\/wp-content\/uploads\/2016\/09\/FlyerTovte-283x300.png 283w, http:\/\/tovte.de\/wp-content\/uploads\/2016\/09\/FlyerTovte-768x814.png 768w, http:\/\/tovte.de\/wp-content\/uploads\/2016\/09\/FlyerTovte-966x1024.png 966w, http:\/\/tovte.de\/wp-content\/uploads\/2016\/09\/FlyerTovte-1024x1086.png 1024w, http:\/\/tovte.de\/wp-content\/uploads\/2016\/09\/FlyerTovte-1216x1289.png 1216w, http:\/\/tovte.de\/wp-content\/uploads\/2016\/09\/FlyerTovte-236x250.png 236w\" sizes=\"(max-width: 3800px) 100vw, 3800px\" \/><\/p>\n<hr \/>","protected":false},"excerpt":{"rendered":"<p>+++ NEWS: Unser neues Album CUMULUS erscheint am 19.06.2026 +++ Mit dem Album \u201cCumulus\u201d erhebt sich Tovte in neue musikalische Sph\u00e4ren. Eine aufquellende Wolke ballt Elemente aus Minimal und Jazz, aber auch \u2013 wie \u00fcblich bei Tovte \u2013 aus Klezmer- und Balkan-Anleihen. Viele der St\u00fccke sind durch gemeinsame Sessions entstanden und zeugen von einer neuen [&hellip;]<\/p>","protected":false},"author":1,"featured_media":0,"parent":0,"menu_order":0,"comment_status":"closed","ping_status":"closed","template":"","meta":{"spay_email":""},"jetpack_sharing_enabled":true,"jetpack_shortlink":"https:\/\/wp.me\/Patb5P-bc","_links":{"self":[{"href":"http:\/\/tovte.de\/en\/wp-json\/wp\/v2\/pages\/694"}],"collection":[{"href":"http:\/\/tovte.de\/en\/wp-json\/wp\/v2\/pages"}],"about":[{"href":"http:\/\/tovte.de\/en\/wp-json\/wp\/v2\/types\/page"}],"author":[{"embeddable":true,"href":"http:\/\/tovte.de\/en\/wp-json\/wp\/v2\/users\/1"}],"replies":[{"embeddable":true,"href":"http:\/\/tovte.de\/en\/wp-json\/wp\/v2\/comments?post=694"}],"version-history":[{"count":10,"href":"http:\/\/tovte.de\/en\/wp-json\/wp\/v2\/pages\/694\/revisions"}],"predecessor-version":[{"id":1572,"href":"http:\/\/tovte.de\/en\/wp-json\/wp\/v2\/pages\/694\/revisions\/1572"}],"wp:attachment":[{"href":"http:\/\/tovte.de\/en\/wp-json\/wp\/v2\/media?parent=694"}],"curies":[{"name":"wp","href":"https:\/\/api.w.org\/{rel}","templated":true}]}}