{"id":681,"date":"2020-08-13T21:57:16","date_gmt":"2020-08-13T19:57:16","guid":{"rendered":"http:\/\/tovte.de\/?page_id=681"},"modified":"2022-10-20T18:49:30","modified_gmt":"2022-10-20T16:49:30","slug":"archiv","status":"publish","type":"page","link":"http:\/\/tovte.de\/en\/termine\/archiv\/","title":{"rendered":"Terminarchiv"},"content":{"rendered":"<strong>Termine 2022<\/strong>\n\n\n<ul>\n \t<li><strong>02.04.2022 <\/strong>Konzert, Niederm\u00fchle, <strong>B\u00fcren<\/strong>, 20:00 Uhr, Tickets unter <a href=\"http:\/\/www.niedermuehle-bueren.de\">www.niedermuehle-bueren.de<\/a><\/li>\n \t<li><strong>14.04.2022<\/strong> Konzert <a href=\"https:\/\/www.brotfabrik-theater.de\/thema\/veranstaltungen\/\">Brotfabrik<\/a>, <strong>Bonn<\/strong>-Beuel, 20:00 Uhr, Tickets unter <a href=\"https:\/\/www.bonnticket.de\/\">www.bonnticket.de<\/a>, 20\u20ac\/ 15\u20ac\/ 10\u20ac<\/li>\n \t<li><strong>20.08.22 <\/strong>Literaturkonzert der Veranstaltungsreihe <a href=\"https:\/\/cantando-parlando.de\/\" data-type=\"URL\" data-id=\"https:\/\/cantando-parlando.de\/\"><em>Cantando Parlando<\/em>,<\/a> mit Schauspielerin Thea Hummel, <strong>Sankt Augustin<\/strong>, Karten unter <a href=\"https:\/\/www.sankt-augustin.de\/veranstaltungen\/open-air-literaturkonzert-klezmer-mit-tovte-und-thea-hummel\/\">www.skt-augustin.de<\/a>, 25\u20ac<\/li>\n \t<li><strong>09.09.22<\/strong> <a href=\"https:\/\/muziekbiennale.eu\/programm\/klezmer-und-die-grandes-dames-der-juedischen-literatur\/\">Muziek Biennale Niederrhein<\/a>, &#8222;Klezmer und die Grandes Dames der j\u00fcdischen Literatur&#8220;, Literaturkonzert mit Schauspielerin Thea Hummel, <a href=\"https:\/\/muziekbiennale.eu\/ort\/erprathshof\/\">Erpratshof in <strong>Kempen<\/strong><\/a>, 18:00 Beginn, 24\u20ac\/ 17\u20ac inkl. Imbiss<\/li>\n \t<li><strong>01.10.22 <\/strong>Tovte <strong>Jubil\u00e4umskonzert<\/strong> &#8222;ten (y)ears on stage&#8220;, 10 Jahre Tovte, <a href=\"https:\/\/uraniatheater.de\/spielplan\/\">Urania Theater<\/a> <strong>K\u00f6ln<\/strong> Ehrenfeld. 20:00 Uhr, Eintritt 10\u20ac regul\u00e4r \/ 5\u20ac f\u00fcr Studierende<\/li>\n<\/ul>\n \n<ul>\n \t<li><strong>02.10.22<\/strong> Anton Heinen Volkshochschule <strong>Heinsberg<\/strong>, im Rahmen der interkulturellen Wochen, 19:00 Beginn. Eintritt frei<\/li>\n<\/ul>\n\n\n<strong>Termine 2021<\/strong>\n<ul>\n \t<li>26.09.2021 Konzert zu Er\u00f6ffnung des Festivals Interkulturelle Woche 2021, <a href=\"https:\/\/nrweltoffen-solingen.de\/Veranstaltung\/konzertabend-mit-der-klezmer-band-tovte\/?instance_id=363\">Caritas Solingen<\/a>, Eintritt frei unter <a href=\"https:\/\/www.solingen-live.de\/?383354\">Voranmeldung<\/a> , 18:00 Uhr<\/li>\n \t<li>26.06.2021 Konzert, <a href=\"https:\/\/kulturvilla.com\/programm\/\">Kulturvilla Mettmann<\/a>, Tickets 30,- \u20ac (inkl. Picknick), 19:30 Uhr<\/li>\n \t<li>01.08.2021 Open Air Konzert, <em>Jazz und Weltmusik im Hofgarten<\/em>, <a href=\"https:\/\/www.jazz-schmiede.de\/\">Jazzschmiede D\u00fcsseldorf<\/a>, Gustav Gr\u00fcndgen Platz, D\u00fcsseldorf 15:00 Uhr, Eintritt frei &#8211; <em>Ausverkauft\n\n<\/em><\/li>\n \t<li><em>07.08.2021 <a href=\"https:\/\/www.buskers-braunschweig.de\/\">Buskers Braunschweig<\/a>, Festival, Braunschweig\n<\/em><em>\n<\/em><\/li>\n \t<li>15.08.2021 Open Air Konzert, <em><a href=\"https:\/\/www.forumkulturdialog.koeln\/shalommusikkoeln\">Schalom-Musik.koeln<\/a> &#8211; ein Tag mit\nj\u00fcdischer Musik<\/em>, Consilium, Rathausplatz 1 K\u00f6ln, 17:00, 18:00, 19:00 Uhr, Eintritt frei<\/li>\n \t<li>20.08.2021 Konzert <a href=\"https:\/\/www.burglede.de\/\">Burg Lede,<\/a> Bonn Beuel, Karten im VVK unter <a href=\"https:\/\/system03.derticketservice.de\/event\/126095\/expand-categories\/1\/cid\/2\/useLogin\/1\/mobile\/0\/aid\/bot\/lid\/de\/referer_info\/DBT?parentUrl=https%3A%2F%2Fwww.bonnticket.de%2Fklezmer%2Bauf%2Bburg%2Blede%2B-%2Btovte-ticket-3501%2F%3Fevid%3D2468747%26pageId%3D3501\">bonnticket.de<\/a><\/li>\n \t<li>21.08.2021 <a href=\"https:\/\/www.arnsberg.de\/aktuell\/veranstaltungskalender.php?event_id=133123&amp;categorys[]=1911&amp;categorys[]=1912&amp;categorys[]=1913&amp;categorys[]=1916&amp;categorys[]=1917&amp;categorys[]=1918&amp;categorys[]=1919&amp;categorys[]=1920&amp;categorys[]=1981&amp;categorys[]=1982&amp;categorys[]=2152&amp;categorys[]=2446&amp;categorys[]=2447&amp;active_timestamp=1629496800&amp;date_from=01.08.2021&amp;date_to=01.09.2021&amp;get=event&amp;layerid=calendar\">Konzert im Rahmen von <em>Teatron Netto<\/em><\/a><em>,<\/em> Museumshof des Sauerland-Museums Arnsberg (bei schlechtem Wetter in der Kulturschmiede) 18:00 Uhr, Karten im VVK<\/li>\n \t<li>22.08.2021 <a href=\"https:\/\/www.kimus-bennigsen.com\/Programm-2021\/\">Konzert im Rahmen des<em> Kultursommers der Region Hannover<\/em><\/a>\u00a0Bennigsen, St. Martin Bennigsen, 19 Uhr\nEintritt: 15,- \u20ac \/ erm. 12,- \u20ac (Kartenhotline: 05045-581 9099)<\/li>\n \t<li>24.-29.08.2021 <a href=\"https:\/\/www.ferrarabuskers.com\/\">Ferrara Buskers Festival,<\/a> Festival, Ferrara\/ (IT)<\/li>\n \t<li>22.09.2021 Caritas Bonn, Jahresversammlung (private Veranstaltung)<\/li>\n \t<li>26.09.2021 Caritas Solingen, im Kunstmuseum Baden, im Rahmen der\u00a0 &#8222;Interkulturellen Woche&#8220;<\/li>\n<\/ul>\n<strong>Termine 2020<\/strong>\n<ul>\n \t<li>30.08.2020 Matinee im Gr\u00fcnen, Sundern, 11:30 Uhr<\/li>\n \t<li>22.08.2020 Emsdetten, Hof Deitmar &#8211; Open Air Konzert<\/li>\n \t<li>23.08.2020 W\u00fcrzburg\/ Veitsh\u00f6chheim<\/li>\n \t<li>23.08.2020 W\u00fcrzburg, &#8222;<a href=\"https:\/\/www.waldschaenke-dornheim.de\/\">Waldsch\u00e4nke Dornheim&#8220;<\/a><\/li>\n \t<li>06.09.2020 Bonn\/ Sankt Augustin,<a href=\"https:\/\/cantando-parlando.de\/literaturkonzert-am-29-3-2020-um-18-uhr\/\">&#8222;Cantando Parlando-\u00a0 Literaturkonzerte um Sonntags um 6&#8220;<\/a>, 18:00 Uhr, &#8211; Eintritt 20\u20ac\/15\u20ac Sch\u00fcler*innen, Student*innen, Schwerbehinderte. <em>Vorverkauf: B\u00fccherstube Sankt Augustin, Mayersche Buchhandlung Sankt Augustin und Troisdorf und Steyler Buchhandlung &#8212; entf\u00e4llt\n\n<\/em><\/li>\n \t<li>22.05.2020 K\u00f6ln, <a href=\"https:\/\/www.regioactive.de\/konzert\/schall-klang-tovte-koeln-cafe-franck-2020-05-22-zcV6xbyHX6\">&#8222;Schall &amp; Klang&#8220;,<\/a> <a href=\"https:\/\/www.cafe-franck.de\/\">Caf\u00e9 Frank<\/a>, 20:00 Uhr &#8211; Eintritt frei -Spenden erbeten &#8211;<\/li>\n \t<li>12.08.2020 Chemnitz, <a href=\"https:\/\/www.parksommer.de\/\">Parksommer Festival<\/a>, Stadthallenpark, 20:00 Uhr<\/li>\n<\/ul>\n<strong>Termine 2019<\/strong>\n<ul>\n \t<li>30.11.2019 K\u00f6ln, <a href=\"http:\/\/www.kulturbunker-muelheim.de\/startseite\/\">Kulturbunker<\/a> M\u00fclheim, 20:00 Uhr, Eintritt frei, (Spenden erw\u00fcnscht)<\/li>\n<\/ul>\n<ul>\n \t<li>22.11.2019 K\u00f6ln, Stadtgarten\/ Jaki, <a href=\"https:\/\/www.facebook.com\/events\/505635250214179\/\">Lagerfeuer Deluxe<\/a> 19:30 Uhr, Eintritt frei<\/li>\n<\/ul>\n<ul>\n \t<li>14.11.2019 K\u00f6ln, <a href=\"https:\/\/www.kunstsalon.de\/festivals\/musik-in-den-haeusern-der-stadt\/\">Musik in den H\u00e4usern der Stadt &#8211; Festival,\u00a0<\/a>Synagogengemeinde K\u00f6ln, 20:00 Uhr, Eintritt 15\/22\u20ac AUSVERKAUFT<\/li>\n<\/ul>\n<ul>\n \t<li>05.10.2019 Bonn,\u00a0 im\u00a0<a id=\"u_fetchstream_2_e\" class=\"_5xhk\" href=\"https:\/\/www.facebook.com\/Waschsalon-Innovationpoint-134360783298416\/?eid=ARBZZ84SWsBEvvSHWqtu1bMb7JsbZKcfUGOtR6XyVEuLx_JusFccTSctXtsfzmcFxANgd04cQ6qVrQ8X\" data-hovercard=\"\/ajax\/hovercard\/page.php?id=134360783298416&amp;extragetparams=%7B%22eid%22%3A%22ARBZZ84SWsBEvvSHWqtu1bMb7JsbZKcfUGOtR6XyVEuLx_JusFccTSctXtsfzmcFxANgd04cQ6qVrQ8X%22%7D\" data-hovercard-prefer-more-content-show=\"1\">Waschsalon &#8218;Innovationpoint&#8216;<\/a>, in der Konzertreihe <a href=\"https:\/\/www.facebook.com\/moment.live.art.now\/?eid=ARCMRKI7Q3C2I8qgDBEjA0-wQnmqQhOrAwUVyzB7cwweaGvR4JRfheiAn9Wx_2KP-ZKEU-DrAEmrj1SX\">&#8222;\u00a1moment &#8211; Caf\u00e9konzert&#8220;<\/a>\u00a020:00 Uhr &#8211; Eintritt frei (Spenden erw\u00fcnscht)<\/li>\n<\/ul>\n<ul>\n \t<li>22.09.2019 K\u00f6ln, <a href=\"https:\/\/www.deutschlandradio.de\/funkhaus-koeln.2089.de.html\">Funkhaus Deutschlandfunk<\/a> 11:00 Uhr, Sonntagsspaziergang&#8220;, Livesendung im DLF Radio<\/li>\n<\/ul>\n<ul>\n \t<li>20.09.2019 K\u00f6ln, <a href=\"https:\/\/www.schauspiel.koeln\/spielplan\/\">Schauspiel K\u00f6ln<\/a> &#8211; Depot 1,\u00a0 Spielzeiter\u00f6ffnung, 22:30 Uhr<\/li>\n<\/ul>\n<ul>\n \t<li>14.09.2019 Dortmund, <a href=\"https:\/\/www.domicil-dortmund.de\/\">domicil <\/a>Creole Weltmusik Wettbewerb NRW Finale, 19:00 Uhr<\/li>\n<\/ul>\n<ul>\n \t<li>09.09.2019 W\u00fcrzburg, <a href=\"http:\/\/www.stramu-wuerzburg.de\/de\/stramu.287.0.0.0.0.html\">STRAMU W\u00fcrzburg Festival f\u00fcr Stra\u00dfenkunst<\/a><\/li>\n<\/ul>\n<ul>\n \t<li>08.09.2019 W\u00fcrzburg, <a href=\"http:\/\/www.stramu-wuerzburg.de\/de\/stramu.287.0.0.0.0.html\">STRAMU W\u00fcrzburg Festival f\u00fcr Stra\u00dfenkunst<\/a><\/li>\n<\/ul>\n<ul>\n \t<li>07.09.2019 W\u00fcrzburg, <a href=\"http:\/\/www.stramu-wuerzburg.de\/de\/stramu.287.0.0.0.0.html\">STRAMU W\u00fcrzburg Festival f\u00fcr Stra\u00dfenkunst<\/a><\/li>\n<\/ul>\n<ul>\n \t<li>22.06.2019 Dortmund, <a href=\"https:\/\/www.classixlarge.com\/party-2019\/\">Midsommerparty<\/a>, Einlass: 16:00 Uhr, Auftritt ca. 20:00 Uhr\u00a0 &#8211; Eintritt 15\u20ac<\/li>\n<\/ul>\n<ul>\n \t<li>09.06.2019 Ludwigsburg, <a href=\"https:\/\/strassenmusikfestival.de\">Internationales Stra\u00dfenmusikfestival Ludwigsburg<\/a><\/li>\n<\/ul>\n<ul>\n \t<li>08.06.2019 Ludwigsburg, <a href=\"https:\/\/strassenmusikfestival.de\">Internationales Stra\u00dfenmusikfestival\u00a0Ludwigsburg<\/a><\/li>\n<\/ul>\n<ul>\n \t<li>07.06.2019 Ludwigsburg, <a href=\"https:\/\/strassenmusikfestival.de\">Internationales Stra\u00dfenmusikfestival\u00a0Ludwigsburg<\/a><\/li>\n<\/ul>\n<ul>\n \t<li>14.04.2019 K\u00f6ln, <a href=\"https:\/\/www.goldmundkoeln.de\/\">Caf\u00e9 Goldmund<\/a>, 20:00 Uhr &#8211; Eintritt frei (Spenden erw\u00fcnscht)<\/li>\n<\/ul>\n<ul>\n \t<li><del datetime=\"2019-04-10T18:28:34+00:00\">12.04.2019 Solingen<\/del>, <a href=\"http:\/\/www.weinladen-solingen.de\/\">Walder Weinladen<\/a>, im Rahmen der Konzertreihe &#8222;Wald-Unplugged&#8220;, 19:00 Uhr &#8211; Eintritt 10\u20ac<\/li>\n<\/ul>\n<ul>\n \t<li>20.02.2019 K\u00f6ln, Scheues Reh &#8211; Firmenfeier &#8211; Private Veranstaltung<\/li>\n<\/ul>\n<strong>Termine 2018<\/strong>\n<ul>\n \t<li style=\"text-align: left;\">15.12.2018 Arnsberg, Konzert im <a href=\"https:\/\/www.kunst-werk-arnsberg.de\/\">&#8222;Kunst-Werk&#8220;<\/a>, im Rahmen der &#8222;\u00dcbernacht&#8220;, ab 19:00 Uhr &#8211; Eintritt 20\u20ac<\/li>\n<\/ul>\n<ul>\n \t<li style=\"text-align: left;\">07.12.2018 K\u00f6ln, <a href=\"http:\/\/cafefridolin.de\/\">Caf\u00e9 Fridolin<\/a>, 20:00 Uhr &#8211; Eintritt frei<\/li>\n<\/ul>\n<ul>\n \t<li style=\"text-align: left;\">10.11.2018 Bonn, <a href=\"https:\/\/www.theater-marabu.de\/\">Theater Marabu <\/a>Jubil\u00e4umsfeier &#8211; Private Veranstaltung<\/li>\n<\/ul>\n<ul>\n \t<li style=\"text-align: left;\">21.10.2018\u00a0Langenfeld, Konzert in der &#8222;Wasserburg Haus Graven&#8220;\u00a0&#8211; Karten unter\u00a0<a href=\"http:\/\/www.hausgraven.de\">www.hausgraven.de<\/a><strong>\u00a0<\/strong><\/li>\n<\/ul>\n<ul>\n \t<li style=\"text-align: left;\">29.09.2018 Bochum, Begegnungsfest des Arbeitszentrum, Eisdiele &#8222;<a href=\"https:\/\/www.i-am-love.de\">I Am Love<\/a>&#8222;<\/li>\n<\/ul>\n<ul>\n \t<li style=\"text-align: left;\">12.09.2018 D\u00fcsseldorf, Vernissage der\u00a0Ausstellung &#8222;J\u00fcdische Fl\u00fcchtlinge in Shanghai&#8220; des Konfuzius-Instituts der Heinrich-Heine Universit\u00e4t in Kooperation mit der j\u00fcdischen Gemeinde D\u00fcsseldorf. In der Volkshochschule D\u00fcsseldorf, 18:00 Uhr, Eintritt frei<\/li>\n<\/ul>\n<ul>\n \t<li style=\"text-align: left;\">09.09.2018 Hildesheim,\u00a0<a href=\"http:\/\/www.pflasterzauber.de\">Hildesheimer Pflasterzauber<\/a> &#8211; Festival<\/li>\n<\/ul>\n<ul>\n \t<li>08.09.2018 Hildesheim,\u00a0<a href=\"http:\/\/www.pflasterzauber.de\">Hildesheimer Pflasterzauber<\/a> &#8211; Festival<\/li>\n<\/ul>\n<ul>\n \t<li>07.09.2018 Hildesheim,\u00a0<a href=\"http:\/\/www.pflasterzauber.de\">Hildesheimer Pflasterzauber<\/a> &#8211; Festival<\/li>\n<\/ul>\n<ul>\n \t<li style=\"text-align: left;\">31.08.2018 Essen, &#8222;<a href=\"https:\/\/de-de.facebook.com\/gluecklichunverpackt\/\">gl\u00fccklich unverpackt<\/a>&#8220; Laden, Kleidertauschparty, 17:00 <span class=\"_2iem\">Rosastr.38, Essen<\/span><\/li>\n<\/ul>\n<ul>\n \t<li style=\"text-align: left;\">06.07.2018 D\u00fcsseldorf, Caf\u00e9 &#8222;<a href=\"http:\/\/wie-im-himmel.cafe\">Wie im Himmel<\/a>&#8222;<\/li>\n<\/ul>\n<ul>\n \t<li style=\"text-align: left;\">12.04.2018\u00a0 Wiehl\u00a0 Feierlichkeit zur St\u00e4dtepartnerschaft Wiehl<\/li>\n<\/ul>\n<ul>\n \t<li style=\"text-align: left;\">20.01.2018\u00a0D\u00fcsseldorf, Hauskonzert\u00a0 (private Veranstaltung)<\/li>\n<\/ul>\n<ul>\n \t<li style=\"text-align: left;\">04.10.2016 K\u00f6ln, Hochschule f\u00fcr Musik und Tanz K\u00f6ln, Willkommensfeier\u00a0 19:30 (Private Veranstaltung der Hochschule)<\/li>\n<\/ul>\n<ul style=\"text-align: left;\">\n \t<li>16. 09.2016, Langenfeld, 19:30 &#8211; &#8222;Wasserburg Haus Graven&#8220; &#8211; Karten unter\u00a0<strong><a href=\"http:\/\/www.hausgraven.de\">www.hausgraven.de<\/a>\u00a0<\/strong>(10 Euro VVK, 12 Abendkasse)<\/li>\n<\/ul>\n<ul style=\"text-align: left;\">\n \t<li>13.07.2016 Wiehl,20:00, Feierlichkeit zur St\u00e4dtepartnerschaft Wiehl &#8211; Yoqneam (Israel)<\/li>\n<\/ul>\n<ul>\n \t<li style=\"text-align: left;\"><strong>10 .07.2016<\/strong> Langenscheid, Gartenfest\u00a011:00, <a href=\"http:\/\/matineeimgruenen.de\/\"><em>Matinee im Gr\u00fcnen <\/em><\/a><\/li>\n<\/ul>","protected":false},"excerpt":{"rendered":"<p>Termine 2022 02.04.2022 Konzert, Niederm\u00fchle, B\u00fcren, 20:00 Uhr, Tickets unter www.niedermuehle-bueren.de 14.04.2022 Konzert Brotfabrik, Bonn-Beuel, 20:00 Uhr, Tickets unter www.bonnticket.de, 20\u20ac\/ 15\u20ac\/ 10\u20ac 20.08.22 Literaturkonzert der Veranstaltungsreihe Cantando Parlando, mit Schauspielerin Thea Hummel, Sankt Augustin, Karten unter www.skt-augustin.de, 25\u20ac 09.09.22 Muziek Biennale Niederrhein, &#8222;Klezmer und die Grandes Dames der j\u00fcdischen Literatur&#8220;, Literaturkonzert mit Schauspielerin Thea [&hellip;]<\/p>","protected":false},"author":1,"featured_media":0,"parent":30,"menu_order":0,"comment_status":"closed","ping_status":"closed","template":"","meta":{"spay_email":""},"jetpack_sharing_enabled":true,"jetpack_shortlink":"https:\/\/wp.me\/Patb5P-aZ","_links":{"self":[{"href":"http:\/\/tovte.de\/en\/wp-json\/wp\/v2\/pages\/681"}],"collection":[{"href":"http:\/\/tovte.de\/en\/wp-json\/wp\/v2\/pages"}],"about":[{"href":"http:\/\/tovte.de\/en\/wp-json\/wp\/v2\/types\/page"}],"author":[{"embeddable":true,"href":"http:\/\/tovte.de\/en\/wp-json\/wp\/v2\/users\/1"}],"replies":[{"embeddable":true,"href":"http:\/\/tovte.de\/en\/wp-json\/wp\/v2\/comments?post=681"}],"version-history":[{"count":10,"href":"http:\/\/tovte.de\/en\/wp-json\/wp\/v2\/pages\/681\/revisions"}],"predecessor-version":[{"id":1290,"href":"http:\/\/tovte.de\/en\/wp-json\/wp\/v2\/pages\/681\/revisions\/1290"}],"up":[{"embeddable":true,"href":"http:\/\/tovte.de\/en\/wp-json\/wp\/v2\/pages\/30"}],"wp:attachment":[{"href":"http:\/\/tovte.de\/en\/wp-json\/wp\/v2\/media?parent=681"}],"curies":[{"name":"wp","href":"https:\/\/api.w.org\/{rel}","templated":true}]}}