{"id":30,"date":"2016-09-09T16:27:41","date_gmt":"2016-09-09T14:27:41","guid":{"rendered":"http:\/\/tovte.de\/?page_id=30"},"modified":"2026-04-09T21:29:25","modified_gmt":"2026-04-09T19:29:25","slug":"termine","status":"publish","type":"page","link":"http:\/\/tovte.de\/en\/termine\/","title":{"rendered":"Schedule"},"content":{"rendered":"<h4 class=\"wp-block-heading\">Tovte Auftritte 2027<\/h4>\n\n\n\n<ul>\n<li><strong>05.09.2027 <\/strong>Wasserburg Haus Graven, Konzert, 18:00 Uhr<\/li>\n<\/ul>\n\n\n\n<h4 class=\"wp-block-heading\">Tovte Auftritte 2026<\/h4>\n\n\n\n<ul>\n<li><strong>10.06.2026 <\/strong><a href=\"https:\/\/www.brotfabrik-theater.de\/album-release-konzert-cumulus\/\"><strong>Brotfabrik<\/strong> <strong>Bonn<\/strong><\/a>, Releasekonzert CUMULUS,  18:00 Uhr, Eintritt Unterst\u00fctzer* 22\u20ac \/ regul\u00e4r 18\u20ac \/ erm\u00e4\u00dfigt 10\u20ac<\/li>\n<\/ul>\n\n\n\n<h4 class=\"wp-block-heading\" id=\"block-6526902b-4ffc-46c2-9e75-5913ec27d9e0\">Tovte concerts 2025<\/h4>\n\n\n\n<ul>\n<li>Mittwoch 29.10.25 Konzert, <a href=\"https:\/\/kukloch-in-witten.de\/veranstaltungskalender\/tovte\/\">Kukloch, Witten-Stockum, <\/a>19:00 Uhr, Eintritt frei<\/li>\n<\/ul>\n\n\n\n<ul>\n<li>Sonntag, 21.09.25 Konzert, Villa Merl\u00e4nder, Krefeld, <a href=\"https:\/\/villamerlaender.de\/grosses-fest-100-jahre-vila-merlaender\/\" target=\"_blank\" rel=\"noreferrer noopener\">Jubil\u00e4umsfest<\/a> NS-Dokumentationszentrum, ab 14:00 Uhr, Eintritt frei<\/li>\n<\/ul>\n\n\n\n<ul>\n<li>Samstag 20.09.25 Konzert, <a href=\"https:\/\/www.alteoper.de\/de\/festivals-und-highlights\/fratopia\/167\">Alte Oper Frankfurt, Fratopia Festival<\/a>, 15:00 -17:30 Uhr, Eintritt frei<\/li>\n<\/ul>\n\n\n\n<ul>\n<li>Sonntag 14.09.25 Konzert, <a href=\"https:\/\/www.rolff-stiftung.de\/veranstaltungen\/sylvie-schenk-maman-textkonzert-mit-heribert-leuchter-1.html\">Burg Gladbach, Vettwei\u00df<\/a><\/li>\n<\/ul>\n\n\n\n<ul>\n<li>Sonntag 31.08.25 Outdoor Konzert, <a href=\"https:\/\/www.rittergut-orr.de\/kulturkalender\/termin\/tovte-bukovina-schmetterlinge-im-haar\/\">Rittergut Haus Orr<\/a>, Pulheim<\/li>\n<\/ul>\n\n\n\n<ul>\n<li>Sonntag 10.08.25,&nbsp;<strong>Schloss Dyck,<\/strong>&nbsp;13:00 Uhr&nbsp;Schlossb\u00fchne<\/li>\n<\/ul>\n\n\n\n<ul>\n<li>Samstag 09.08.25&nbsp;<strong><a href=\"https:\/\/www.greenparrotfestival.de\/\">Green Parrot Festival K\u00f6ln<\/a>,<\/strong>&nbsp;18:15<\/li>\n<\/ul>\n\n\n\n<ul>\n<li>Freitag 08.08.25&nbsp;<strong><a href=\"https:\/\/www.stiftung-schloss-dyck.de\/veranstaltungen\/picknick-im-park-rendezvous-im-garten.html\">Schlo\u00df Dyck<\/a>,<\/strong>&nbsp;13:00 Uhr&nbsp;Schlossb\u00fchne<\/li>\n<\/ul>\n\n\n\n<ul>\n<li>Freitag 11.07.25 Konzert, Brotfabrik Bonn-Beuel, Im Rahmen von <a href=\"https:\/\/brotfabrik-bonn.de\/#programm\">&#8222;Hofkultur&#8220;, <\/a>18:00 Uhr, Eintritt frei<\/li>\n<\/ul>\n\n\n\n<ul>\n<li><strong>17.05.25,<\/strong> Doppelkonzertmit dem <a href=\"https:\/\/www.opiamusic.com\/\">Ensemble Opia<\/a> \u201evon Renaissance &amp; Balkan\u201c Theater Marabu in der Brotfabrik Bonn,&nbsp;Einlass&nbsp;18:30, Beginn 19:00. AK 20\u20ac, erm. 12\u20ac, Kinder bis 10 Jahre frei,&nbsp;<em>Ticket-Reservierung unter:&nbsp;mail@opiamusic.com<\/em><\/li>\n<\/ul>\n\n\n\n<ul>\n<li><strong>03.04.25<\/strong> Konzert in Kehl, im Rahmen der Reihe <a href=\"https:\/\/www.kehl.de\/kultur\/kulturbuero\/kulturreihen\/passerelles\">&#8222;Passarelles<\/a>&#8222;<\/li>\n<\/ul>\n\n\n\n<ul>\n<li><strong>09.02.25<\/strong> Konzert, Theater Solingen 17:00 Uhr<\/li>\n<\/ul>\n\n\n\n<ul>\n<li><strong>17.01.25 <\/strong>Doppelkonzert mit <a href=\"https:\/\/pablofroind.de\/\">Pablo Froind<\/a> in der Lutherkirche S\u00fcdstadt, K\u00f6ln. <a href=\"https:\/\/lutherkirche.ticket.io\/tbqz68w6\/\">Tickets<\/a> ab 13\u20ac, 20:30 Uhr<\/li>\n<\/ul>\n\n\n\n<h4 class=\"wp-block-heading\" id=\"block-4767bbd4-d1b2-4842-9288-4ad9a430787b\">Tovte concerts 2024<\/h4>\n\n\n\n<ul>\n<li><strong>22.11.24 CD Release Konzert im Caf\u00e9 Goldmund<\/strong>, K\u00f6ln Ehrenfeld. Einlass: 18:00 f\u00fcr speisende G\u00e4ste, 20 Uhr f\u00fcr Konzertg\u00e4ste, Beginn 20:30 Uhr. Eintritt Frei &#8211; Spenden erbeten, <a href=\"https:\/\/www.goldmundkoeln.de\/\">Reservierung<\/a> im Caf\u00e9 Goldmund empfohlen!<\/li>\n<\/ul>\n\n\n\n<ul>\n<li><strong>17.11.24<\/strong> Matinee Konzert im Rahmen des Festivals<a href=\"https:\/\/www.kunstsalon.de\/festival-koeln\/musik-in-den-haeusern-der-stadt\/\"> &#8222;Musik in den H\u00e4usern der Stadt&#8220;<\/a>, Evamari und Andreas R\u00f6hling-Stiftung K\u00f6ln, 11:00 <strong>(Ausverkauft!)<\/strong><\/li>\n<\/ul>\n\n\n\n<ul>\n<li><strong>13.10.24<\/strong> Konzert in der <a href=\"https:\/\/www.haus-graven.de\/ausstellungen\/konzerte\/\">Wasserburg Haus Graven<\/a>, Einla\u00df 18:30, Beginn 19:00 Uhr, <a href=\"https:\/\/ztix.de\/hp\/events\/23720\/info\">Tickets VVK 20,00 \u20ac + Geb. \/ AK&nbsp; 22,00&nbsp; \u20ac&nbsp;<\/a><\/li>\n<\/ul>\n\n\n\n<ul>\n<li><strong>12.10.24<\/strong> Konzert &#8222;Klezmer and Beyond&#8220;  im Rahmen der <a href=\"https:\/\/www.wesseling.de\/rathaus-politik\/presse\/210_2024.php\">j\u00fcdischen Kulturwochen <strong>Wesseling<\/strong><\/a>, Rheinforum, Wesseling, 20:00 Uhr, Eintritt 12\u20ac<\/li>\n<\/ul>\n\n\n\n<ul>\n<li><strong>28.09.24 <\/strong><a href=\"https:\/\/www.lmr-nrw.de\/projekte\/wettbewerbe\/creole-globale-musik-aus-nrw\/\">Finale CREOLE NRW Wettbewerb f\u00fcr globale Musik,<\/a> <a href=\"https:\/\/www.domicil-dortmund.de\/\">Dortmund Domicil,<\/a> Einlass 18:30, Beginn 19:00, Eintritt frei!<\/li>\n<\/ul>\n\n\n\n<ul>\n<li><strong>17.08.25<\/strong> Konzert Arnsberg, Ruhrterassen <\/li>\n<\/ul>\n\n\n\n<ul>\n<li><strong>16.08.25<\/strong> Auftritt beim &#8222;Flussgefl\u00fcster&#8220; Arnsberg, Eintritt frei<\/li>\n<\/ul>\n\n\n\n<ul>\n<li><strong>04.08.24 <\/strong><a href=\"https:\/\/www.stiftung-schloss-dyck.de\/veranstaltungen\/picknick-im-park-rendezvous-im-garten.html\">&#8222;Schloss-Sommer&#8220; Schloss Dyck, 41363 <strong>J\u00fcchen<\/strong> (bei Neuss)<\/a><\/li>\n<\/ul>\n\n\n\n<ul>\n<li><strong>03.08.24 <\/strong><a href=\"https:\/\/www.stiftung-schloss-dyck.de\/veranstaltungen\/picknick-im-park-rendezvous-im-garten.html\">&#8222;Schloss-Sommer&#8220; Schloss Dyck, 41363 <strong>J\u00fcchen<\/strong> (bei Neuss)<\/a><\/li>\n<\/ul>\n\n\n\n<ul>\n<li><strong>02.08.24 <\/strong><a href=\"https:\/\/www.stiftung-schloss-dyck.de\/veranstaltungen\/picknick-im-park-rendezvous-im-garten.html\">&#8222;Schloss-Sommer&#8220; Schloss Dyck, 41363 <strong>J\u00fcchen<\/strong> (bei Neuss)<\/a><\/li>\n<\/ul>\n\n\n\n<ul>\n<li><strong>23.06.2024 <\/strong><a href=\"https:\/\/brotfabrik-bonn.de\/\">Brotfabrik <strong>Bonn<\/strong><\/a>, Doppelkonzert mit der Band <a href=\"https:\/\/www.youtube.com\/watch?v=Bnb_tthv2wQ\">&#8222;Cinque Uomini sulla Cassa del morto&#8220;<\/a> (It), 18:00 Eintritt Unterst\u00fctzer* 25\u20ac \/ regul\u00e4r 15\u20ac \/ erm\u00e4\u00dfigt 10\u20ac<\/li>\n<\/ul>\n\n\n\n<ul>\n<li><strong>21.06.2024 <\/strong><a href=\"https:\/\/2020.motoki-kollektiv.de\/events\/\">Motoki Ehrenfeld<\/a>, Doppelkonzert mit der Band <a href=\"https:\/\/www.youtube.com\/watch?v=Bnb_tthv2wQ\">&#8222;Cinque Uomini sulla Cassa del morto&#8220;<\/a> (It), 19:30 Eintritt 15\u20ac\/ 10\u20ac<\/li>\n<\/ul>\n\n\n\n<ul>\n<li><strong>09.05.24<\/strong> Verleihung <a href=\"https:\/\/www.karlspreis.de\/de\/\">&#8222;Karlspreis&#8220; <strong>Aachen<\/strong> <\/a><\/li>\n<\/ul>\n\n\n\n<ul>\n<li><strong>01.05.2024 WDR 3 Tonart<\/strong> 16:00 &#8211; 17:00 Uhr Live Radio Sendung<\/li>\n<\/ul>\n\n\n\n<ul>\n<li><strong>28.04.24<\/strong> Werner-Richard-Saal, im Rahmen der Reihe <a href=\"https:\/\/www.doerken-stiftung.de\/werner-richard-saal\/meister-aus-aller-welt\/tovte-klezmer-und-weltmusik\">&#8222;Meister aus aller Welt&#8220;,<\/a> 17:00 Uhr, <strong>Herdecke<\/strong><br>Eintritt 10\u20ac, Sch\u00fclerInnen und Studierende frei<\/li>\n<\/ul>\n\n\n\n<ul>\n<li><strong>22.03.24<\/strong> <a href=\"https:\/\/bildung.erzbistum-koeln.de\/bw-koeln\/service\/newsletter\/online-ansicht\/Maerz-2024-00001\">Konzert bei der Ausstellung &#8222;Einzigartig! Wertvoll!&#8220; Skulpturen von G\u00f6tz Sambale<\/a>, 18:00 Uhr, St. Georg Kirche, Kirchplatz 2, 50899 <strong>K\u00f6ln-Wei\u00df<\/strong><\/li>\n<\/ul>\n\n\n\n<ul>\n<li><strong>27.04.24<\/strong> Auftritt beim &#8222;Festa della Liberazione&#8220;, Motoki <strong>K\u00f6ln<\/strong><\/li>\n<\/ul>\n\n\n\n<p><\/p>\n\n\n\n<h4 class=\"wp-block-heading\" id=\"block-4767bbd4-d1b2-4842-9288-4ad9a430787b\"><strong><br>Tovte concerts 2023<\/strong><\/h4>\n\n\n\n<ul>\n<li><strong>13.12.23 <\/strong>Konzert im Rahmen der Reihe &#8222;Klangnomaden&#8220; im <strong>Domforum K\u00f6ln,<\/strong> 19.30 Uhr hier <a rel=\"noreferrer noopener\" href=\"https:\/\/www.domforum.de\/veranstaltungen-\/Tovte-Klezmer-Balkan-und-mehr---19.30-Uhr\/\" target=\"_blank\">kostenloses Einlassticket<\/a> sichern!<\/li>\n<\/ul>\n\n\n\n<ul>\n<li><strong>10.11.23<\/strong> Konzert, Ehemalige Synagoge zu <strong>Gelnhausen<\/strong>,<br>18:00 Uhr, <a rel=\"noreferrer noopener\" href=\"https:\/\/www.gelnhausen.de\/freizeit-kultur\/kultur\/staedtische-veranstaltungen\/kultursaison\/\" data-type=\"URL\" data-id=\"https:\/\/www.gelnhausen.de\/freizeit-kultur\/kultur\/staedtische-veranstaltungen\/kultursaison\/\" target=\"_blank\">Tic<\/a><a rel=\"noreferrer noopener\" href=\"https:\/\/gelnhausen.reservix.de\/p\/reservix\/event\/2119586\" data-type=\"URL\" target=\"_blank\">k<\/a><a rel=\"noreferrer noopener\" href=\"https:\/\/www.gelnhausen.de\/freizeit-kultur\/kultur\/staedtische-veranstaltungen\/kultursaison\/\" data-type=\"URL\" data-id=\"https:\/\/www.gelnhausen.de\/freizeit-kultur\/kultur\/staedtische-veranstaltungen\/kultursaison\/\" target=\"_blank\">ets<\/a> 16\u20ac\/ 19\u20ac<\/li>\n<\/ul>\n\n\n\n<ul>\n<li><strong>09.09.23<\/strong> <strong>Burg Gladbach<\/strong>, Open Air Konzert, &#8222;Tag des offenen Denkmals&#8220; der <a href=\"https:\/\/www.rolff-stiftung.de\/veranstaltungen.html\">Victor Rolf Stiftung<\/a>, 52391 Vettwei\u00df, 18:00 Uhr, Eintritt Frei<\/li>\n<\/ul>\n\n\n\n<ul>\n<li><strong>10.08.23<\/strong> Open Air Konzert, &#8222;Kultur an unbekannten Orten&#8220; Villa Luce, Hauptstr. 114, <strong>Eschborn<\/strong>, <br>18:00 Uhr, <a rel=\"noreferrer noopener\" href=\"https:\/\/www.eschborn.de\/stadt-kultur-und-tourismusinformationen\/veranstaltungskalender\/musik\" data-type=\"URL\" data-id=\"https:\/\/www.eschborn.de\/stadt-kultur-und-tourismusinformationen\/veranstaltungskalender\/musik\" target=\"_blank\">Tickets<\/a> bald erh\u00e4ltlich<\/li>\n<\/ul>\n\n\n\n<ul>\n<li><strong>06.08.23<\/strong><a href=\"https:\/\/zugvoegelfestival.org\/\"> Zugv\u00f6gel Festival<\/a>, 53940 Hellenthal, Eifel<\/li>\n<\/ul>\n\n\n\n<ul>\n<li><strong>05.08.23<\/strong> Fest, &#8222;SchlossSommer&#8220; Schloss Dyck, 41363 <strong>J\u00fcchen<\/strong> (bei Neuss), <a href=\"https:\/\/stiftung-schloss-dyck.shop\/de\/\" target=\"_blank\" rel=\"noreferrer noopener\">Tickets<\/a> 17,50\u20ac\/ 13,50\u20ac (Ticketverkauf beginnt am 18. Juli 23)<\/li>\n<\/ul>\n\n\n\n<ul>\n<li><em>Privat<\/em> <strong>30.06.23<\/strong> Sommerfest Firma Vector Informatik, <strong>Stuttgart<\/strong><\/li>\n<\/ul>\n\n\n\n<ul>\n<li><em>Privat<\/em> <strong>16.06.23<\/strong> Veranstaltung Karl-Rahner-Akademie <strong>K\u00f6ln<\/strong><\/li>\n<\/ul>\n\n\n\n<ul>\n<li><em>Privat<\/em> <strong>20.05.23<\/strong> Jubil\u00e4umsfeier Stadt <strong>Wiehl<\/strong>-Jokneam <\/li>\n<\/ul>\n\n\n\n<ul id=\"block-d9648547-5416-4aa9-b511-61f13d3faed1\">\n<li><strong>25.02.2<\/strong>3 <a rel=\"noreferrer noopener\" href=\"https:\/\/www.jazzclub-huerth.de\/veranstaltungen.html\" target=\"_blank\">Kurt Weil Fest Dessau,<\/a> Marienkirche <strong>Dessau<\/strong>, <br>18:00 Uhr, <a rel=\"noreferrer noopener\" href=\"https:\/\/kurt-weill-fest.de\/programm-2023\/shop\/\" target=\"_blank\">Tickets<\/a> 26\u20ac\/ 32\u20ac <\/li>\n<\/ul>\n\n\n\n<h4 class=\"wp-block-heading\"><strong>Tovte concerts 2022<\/strong><\/h4>\n\n\n\n<ul>\n<li><strong>02.04.2022&nbsp;<\/strong>Konzert, Niederm\u00fchle,&nbsp;<strong>B\u00fcren<\/strong>, <br>20:00 Uhr, Tickets unter&nbsp;<a rel=\"noreferrer noopener\" href=\"http:\/\/www.niedermuehle-bueren.de\" target=\"_blank\">www.niedermuehle-bueren.de<\/a><\/li>\n<\/ul>\n\n\n\n<ul>\n<li><strong>14.04.2022<\/strong>&nbsp;Konzert&nbsp;<a rel=\"noreferrer noopener\" href=\"https:\/\/www.brotfabrik-theater.de\/thema\/veranstaltungen\/\" target=\"_blank\">Brotfabrik<\/a>,&nbsp;<strong>Bonn<\/strong>-Beuel, <br>20:00 Uhr, Tickets unter&nbsp;<a rel=\"noreferrer noopener\" href=\"https:\/\/www.bonnticket.de\/\" target=\"_blank\">www.bonnticket.de<\/a>, 20\u20ac\/ 15\u20ac\/ 10\u20ac<\/li>\n<\/ul>\n\n\n\n<ul>\n<li><strong>20.08.22&nbsp;<\/strong>Literaturkonzert der Veranstaltungsreihe&nbsp;<a href=\"https:\/\/cantando-parlando.de\/\" target=\"_blank\" rel=\"noreferrer noopener\"><em>Cantando Parlando<\/em>,<\/a>&nbsp;mit Schauspielerin Thea Hummel,&nbsp;<strong>Sankt Augustin<\/strong>, Karten unter&nbsp;<a href=\"https:\/\/www.sankt-augustin.de\/veranstaltungen\/open-air-literaturkonzert-klezmer-mit-tovte-und-thea-hummel\/\">www.skt-augustin.de<\/a>, 25\u20ac<\/li>\n<\/ul>\n\n\n\n<ul>\n<li><strong>09.09.22<\/strong>&nbsp;<a href=\"https:\/\/muziekbiennale.eu\/programm\/klezmer-und-die-grandes-dames-der-juedischen-literatur\/\" target=\"_blank\" rel=\"noreferrer noopener\">Muziek Biennale Niederrhein<\/a>, \u201eKlezmer und die Grandes Dames der j\u00fcdischen Literatur\u201c, Literaturkonzert mit Schauspielerin Thea Hummel,&nbsp;<a href=\"https:\/\/muziekbiennale.eu\/ort\/erprathshof\/\">Erpratshof in&nbsp;<strong>Kempen<\/strong><\/a>, 18:00 Beginn, 24\u20ac\/ 17\u20ac inkl. Imbiss<\/li>\n<\/ul>\n\n\n\n<ul>\n<li><strong>01.10.22&nbsp;<\/strong>Tovte&nbsp;<strong>Jubil\u00e4umskonzert<\/strong>&nbsp;\u201eten (y)ears on stage\u201c, 10 Jahre Tovte,&nbsp;<a href=\"https:\/\/uraniatheater.de\/spielplan\/\" target=\"_blank\" rel=\"noreferrer noopener\">Urania Theater<\/a>&nbsp;<strong>K\u00f6ln<\/strong>&nbsp;Ehrenfeld. 20:00 Uhr, Eintritt 10\u20ac regul\u00e4r \/ 5\u20ac f\u00fcr Studierende<\/li>\n<\/ul>\n\n\n\n<ul>\n<li><strong>02.10.22<\/strong>&nbsp;Anton Heinen Volkshochschule&nbsp;<strong>Heinsberg<\/strong>, im Rahmen der interkulturellen Wochen, 19:00 Beginn. Eintritt frei<\/li>\n<\/ul>\n\n\n\n<ul>\n<li><strong>28.10.22<\/strong> <a href=\"https:\/\/www.jazzclub-huerth.de\/veranstaltungen.html\" target=\"_blank\" rel=\"noreferrer noopener\">Jazzclub <strong>H\u00fcrth<\/strong><\/a> im Rahmen der<a href=\"https:\/\/www.huerth.de\/events\/Juedische-Kulturwochen-Rhein-Erft-2022-Klezmer-Konzert-28.10.2022.php?p=1118%2C39571%2C7180%2C%2Ftipps-termine-sport-freizeit-tourismus.php%2C52960\" target=\"_blank\" rel=\"noreferrer noopener\"> J\u00fcdischen Kulturwochen Rhein-Erft 2022<\/a>, 19:00 Einlass, 20:00 Beginn, 10\u20ac nur AK<\/li>\n<\/ul>\n\n\n\n<ul>\n<li><strong>13.11.22<\/strong> <a href=\"https:\/\/www.rittergut-orr.de\/\" target=\"_blank\" rel=\"noreferrer noopener\">Rittergut Orr, <strong>Pulheim<\/strong><\/a>, im Rahmen der Konzertreihe <a href=\"https:\/\/www.rittergut-orr.de\/kulturkalender\/termin\/tovte-klezmer-und-mehr\/\" target=\"_blank\" rel=\"noreferrer noopener\">Herrenhauskonzerte &#8222;Klezmer und mehr&#8220;<\/a>, 17:30 Einlass, 18:00 Beginn, 24\u20ac\/ 12\u20ac<\/li>\n<\/ul>\n\n\n\n<ul>\n<li><strong>24.11.22<\/strong> Konzert, <a href=\"https:\/\/www.theater-gt.de\/veranstaltung\/tovte\" target=\"_blank\" rel=\"noreferrer noopener\">Theater <strong>G\u00fctersloh<\/strong>, Skylobby,<\/a> 20:00 Beginn, 15\u20ac VVK\/ 17\u20ac AK<\/li>\n<\/ul>\n\n\n<p><a href=\"http:\/\/tovte.de\/en\/termine\/archiv\/\">Archiv<span style=\"color: #000000;\"><img decoding=\"async\" loading=\"lazy\" class=\"size-large wp-image-65 aligncenter\" src=\"http:\/\/tovte.de\/wp-content\/uploads\/2016\/09\/cropped-1490769_651595478272001_4769891877464776628_o-1-1024x194.jpg\" alt=\"cropped-1490769_651595478272001_4769891877464776628_o-1.jpg\" width=\"720\" height=\"136\" srcset=\"http:\/\/tovte.de\/wp-content\/uploads\/2016\/09\/cropped-1490769_651595478272001_4769891877464776628_o-1-1024x194.jpg 1024w, http:\/\/tovte.de\/wp-content\/uploads\/2016\/09\/cropped-1490769_651595478272001_4769891877464776628_o-1-300x57.jpg 300w, http:\/\/tovte.de\/wp-content\/uploads\/2016\/09\/cropped-1490769_651595478272001_4769891877464776628_o-1-768x146.jpg 768w, http:\/\/tovte.de\/wp-content\/uploads\/2016\/09\/cropped-1490769_651595478272001_4769891877464776628_o-1.jpg 1260w\" sizes=\"(max-width: 720px) 100vw, 720px\" \/><\/span><\/a><\/p>\n\n\n<p><\/p>","protected":false},"excerpt":{"rendered":"<p>Tovte Auftritte 2027 Tovte Auftritte 2026 Tovte Auftritte 2025 Tovte Auftritte 2024 Tovte Auftritte 2023 Tovte Auftritte 2022 Archiv<\/p>","protected":false},"author":1,"featured_media":0,"parent":0,"menu_order":0,"comment_status":"closed","ping_status":"closed","template":"","meta":{"spay_email":""},"jetpack_sharing_enabled":true,"jetpack_shortlink":"https:\/\/wp.me\/Patb5P-u","_links":{"self":[{"href":"http:\/\/tovte.de\/en\/wp-json\/wp\/v2\/pages\/30"}],"collection":[{"href":"http:\/\/tovte.de\/en\/wp-json\/wp\/v2\/pages"}],"about":[{"href":"http:\/\/tovte.de\/en\/wp-json\/wp\/v2\/types\/page"}],"author":[{"embeddable":true,"href":"http:\/\/tovte.de\/en\/wp-json\/wp\/v2\/users\/1"}],"replies":[{"embeddable":true,"href":"http:\/\/tovte.de\/en\/wp-json\/wp\/v2\/comments?post=30"}],"version-history":[{"count":9,"href":"http:\/\/tovte.de\/en\/wp-json\/wp\/v2\/pages\/30\/revisions"}],"predecessor-version":[{"id":1578,"href":"http:\/\/tovte.de\/en\/wp-json\/wp\/v2\/pages\/30\/revisions\/1578"}],"wp:attachment":[{"href":"http:\/\/tovte.de\/en\/wp-json\/wp\/v2\/media?parent=30"}],"curies":[{"name":"wp","href":"https:\/\/api.w.org\/{rel}","templated":true}]}}